{"id":10434,"date":"2022-02-25T14:14:56","date_gmt":"2022-02-25T17:14:56","guid":{"rendered":"https:\/\/femama.org.br\/site_novo\/?page_id=10434"},"modified":"2025-03-07T14:35:30","modified_gmt":"2025-03-07T17:35:30","slug":"cancer-de-mama","status":"publish","type":"page","link":"https:\/\/femama.org.br\/site\/cancer-de-mama\/","title":{"rendered":"C\u00e2ncer de mama"},"content":{"rendered":"\t\t<div data-elementor-type=\"wp-page\" data-elementor-id=\"10434\" class=\"elementor elementor-10434\" data-elementor-post-type=\"page\">\n\t\t\t\t\t\t<section class=\"elementor-section elementor-top-section elementor-element elementor-element-565754e elementor-section-height-min-height elementor-section-boxed elementor-section-height-default elementor-section-items-middle\" data-id=\"565754e\" data-element_type=\"section\" data-e-type=\"section\" data-settings=\"{&quot;background_background&quot;:&quot;classic&quot;,&quot;jet_parallax_layout_list&quot;:[]}\">\n\t\t\t\t\t\t<div class=\"elementor-container elementor-column-gap-default\">\n\t\t\t\t\t<div class=\"elementor-column elementor-col-100 elementor-top-column elementor-element elementor-element-524583c\" data-id=\"524583c\" data-element_type=\"column\" data-e-type=\"column\">\n\t\t\t<div class=\"elementor-widget-wrap\">\n\t\t\t\t\t\t\t<\/div>\n\t\t<\/div>\n\t\t\t\t\t<\/div>\n\t\t<\/section>\n\t\t<div class=\"elementor-element elementor-element-3808414 e-flex e-con-boxed e-con e-parent\" data-id=\"3808414\" data-element_type=\"container\" data-e-type=\"container\" data-settings=\"{&quot;jet_parallax_layout_list&quot;:[]}\">\n\t\t\t\t\t<div class=\"e-con-inner\">\n\t\t\t\t<div class=\"elementor-element elementor-element-4df3778 elementor-widget elementor-widget-spacer\" data-id=\"4df3778\" data-element_type=\"widget\" data-e-type=\"widget\" data-widget_type=\"spacer.default\">\n\t\t\t\t<div class=\"elementor-widget-container\">\n\t\t\t\t\t\t\t<div class=\"elementor-spacer\">\n\t\t\t<div class=\"elementor-spacer-inner\"><\/div>\n\t\t<\/div>\n\t\t\t\t\t\t<\/div>\n\t\t\t\t<\/div>\n\t\t\t\t<div class=\"elementor-element elementor-element-047ecfa elementor-widget elementor-widget-heading\" data-id=\"047ecfa\" data-element_type=\"widget\" data-e-type=\"widget\" data-widget_type=\"heading.default\">\n\t\t\t\t<div class=\"elementor-widget-container\">\n\t\t\t\t\t<h2 class=\"elementor-heading-title elementor-size-default\">O QUE \u00c9 C\u00c2NCER DE MAMA?<\/h2>\t\t\t\t<\/div>\n\t\t\t\t<\/div>\n\t\t\t\t<div class=\"elementor-element elementor-element-9868607 elementor-widget elementor-widget-text-editor\" data-id=\"9868607\" data-element_type=\"widget\" data-e-type=\"widget\" data-widget_type=\"text-editor.default\">\n\t\t\t\t<div class=\"elementor-widget-container\">\n\t\t\t\t\t\t\t\t\t<p><span style=\"font-weight: 400;\"><strong>Uma em cada oito mulheres ir\u00e1 desenvolver um c\u00e2ncer de mama em algum momento da vida<\/strong> (Sociedade Americana de C\u00e2ncer, 2023). Estimativas do Instituto Nacional do C\u00e2ncer (INCA, 2022) indicam que s\u00e3o diagnosticados cerca de 74 mil novos casos de c\u00e2ncer de mama por ano no Brasil. A doen\u00e7a pode inclusive acometer homens, que representam cerca de 1% dos casos.<\/span><\/p><p><span style=\"font-weight: 400;\">A doen\u00e7a ocorre quando h\u00e1 uma multiplica\u00e7\u00e3o desordenada de c\u00e9lulas anormais da mama, que podem formar um tumor e, em alguns casos, invadir outros \u00f3rg\u00e3os. Existem v\u00e1rios tipos de c\u00e2ncer de mama e, quanto antes for o diagn\u00f3stico, melhores ser\u00e3o os resultados terap\u00eauticos.<strong> Quando a doen\u00e7a \u00e9 tratada adequadamente e em tempo oportuno, as chances de cura podem ser superiores a 95%.<\/strong><\/span><\/p><p><span style=\"font-weight: 400;\">A mamografia de rastreamento, realizada anualmente em mulheres com idade entre 40 e 74 anos, \u00e9 a melhor forma de avaliar a sa\u00fade da mama. A recomenda\u00e7\u00e3o inclui homens trans e qualquer pessoa que possui mamas. <strong>A mamografia \u00e9 um exame de imagem capaz de identificar um n\u00f3dulo suspeito antes mesmo de ele ser palp\u00e1vel, permitindo que ele seja investigado para determinar se \u00e9 um c\u00e2ncer ou n\u00e3o.<\/strong> Homens n\u00e3o possuem indica\u00e7\u00e3o para o rastreamento e devem buscar um m\u00e9dico ao observar alguma altera\u00e7\u00e3o suspeita na mama.\u00a0<\/span><\/p><p><span style=\"font-weight: 400;\">Apesar da import\u00e2ncia da mamografia, a maioria das mulheres n\u00e3o realiza o exame e a maior parte dos c\u00e2nceres de mama \u00e9 descoberta pelas pr\u00f3prias mulheres, pela observa\u00e7\u00e3o de sinais e sintomas, como: n\u00f3dulos nas mamas ou nas axilas, altera\u00e7\u00f5es na pele da mama ou no mamilo e sa\u00edda de l\u00edquido anormal pelos mamilos. Por isso, <strong>al\u00e9m de realizar o exame de rastreamento na faixa et\u00e1ria indicada, mulheres de todas as idades s\u00e3o estimuladas a conhecer suas mamas e buscar avalia\u00e7\u00e3o m\u00e9dica, caso identifiquem alguma anormalidade.\u00a0<\/strong><\/span><\/p><p><span style=\"font-weight: 400;\">Alguns dos principais fatores de risco para o c\u00e2ncer de mama s\u00e3o: idade avan\u00e7ada, obesidade, sedentarismo, tabagismo, consumo de alimentos ultraprocessados, consumo de bebidas alco\u00f3licas, uso de contraceptivos hormonais ou reposi\u00e7\u00e3o hormonal por longos per\u00edodos e hist\u00f3rico familiar de c\u00e2ncer.<strong> Cerca de 17% dos casos de c\u00e2ncer de mama podem ser evitados com a ado\u00e7\u00e3o de h\u00e1bitos de vida saud\u00e1veis,<\/strong> que incluem a pr\u00e1tica regular de atividade f\u00edsica, a manuten\u00e7\u00e3o de um peso corporal adequado, n\u00e3o fumar e evitar o consumo de bebidas alco\u00f3licas.<\/span><\/p>\t\t\t\t\t\t\t\t<\/div>\n\t\t\t\t<\/div>\n\t\t\t\t\t<\/div>\n\t\t\t\t<\/div>\n\t\t<div class=\"elementor-element elementor-element-92e9ad9 e-con-full e-flex e-con e-parent\" data-id=\"92e9ad9\" data-element_type=\"container\" data-e-type=\"container\" data-settings=\"{&quot;jet_parallax_layout_list&quot;:[],&quot;background_background&quot;:&quot;classic&quot;}\">\n\t\t\t\t<div class=\"elementor-element elementor-element-9be1bb8 elementor-widget elementor-widget-image\" data-id=\"9be1bb8\" data-element_type=\"widget\" data-e-type=\"widget\" data-widget_type=\"image.default\">\n\t\t\t\t<div class=\"elementor-widget-container\">\n\t\t\t\t\t\t\t\t\t\t\t\t\t\t\t\t<a href=\"https:\/\/www.youtube.com\/watch?v=tlmmw12iZyY\">\n\t\t\t\t\t\t\t<img fetchpriority=\"high\" decoding=\"async\" width=\"1280\" height=\"355\" src=\"https:\/\/femama.org.br\/site\/wp-content\/uploads\/2025\/02\/WhatsApp-Image-2025-02-28-at-14.03.40.jpeg\" class=\"attachment-full size-full wp-image-28015\" alt=\"\" srcset=\"https:\/\/femama.org.br\/site\/wp-content\/uploads\/2025\/02\/WhatsApp-Image-2025-02-28-at-14.03.40.jpeg 1280w, https:\/\/femama.org.br\/site\/wp-content\/uploads\/2025\/02\/WhatsApp-Image-2025-02-28-at-14.03.40-300x83.jpeg 300w, https:\/\/femama.org.br\/site\/wp-content\/uploads\/2025\/02\/WhatsApp-Image-2025-02-28-at-14.03.40-1024x284.jpeg 1024w, https:\/\/femama.org.br\/site\/wp-content\/uploads\/2025\/02\/WhatsApp-Image-2025-02-28-at-14.03.40-768x213.jpeg 768w\" sizes=\"(max-width: 1280px) 100vw, 1280px\" \/>\t\t\t\t\t\t\t\t<\/a>\n\t\t\t\t\t\t\t\t\t\t\t\t\t\t\t<\/div>\n\t\t\t\t<\/div>\n\t\t\t\t<\/div>\n\t\t<div class=\"elementor-element elementor-element-7c7b9f0 e-flex e-con-boxed e-con e-parent\" data-id=\"7c7b9f0\" data-element_type=\"container\" data-e-type=\"container\" data-settings=\"{&quot;background_background&quot;:&quot;classic&quot;,&quot;jet_parallax_layout_list&quot;:[]}\">\n\t\t\t\t\t<div class=\"e-con-inner\">\n\t\t\t\t<div class=\"elementor-element elementor-element-8230b01 elementor-widget elementor-widget-text-editor\" data-id=\"8230b01\" data-element_type=\"widget\" data-e-type=\"widget\" data-widget_type=\"text-editor.default\">\n\t\t\t\t<div class=\"elementor-widget-container\">\n\t\t\t\t\t\t\t\t\t<p><span style=\"font-weight: 400; color: #ffffff;\">Quando falamos sobre c\u00e2ncer de mama \u00e9 importante ter em mente que o c\u00e2ncer n\u00e3o \u00e9 uma doen\u00e7a individual. A partir das primeiras conversas dif\u00edceis no consult\u00f3rio m\u00e9dico, o impacto familiar e social j\u00e1 pode ser sentido.\u00a0<\/span><span style=\"color: #ffffff; text-align: var(--text-align);\">Pode parecer assustador, mas precisamos falar abertamente sobre isso. Pense em voc\u00ea ou em quem voc\u00ea conhece: todo mundo j\u00e1 recebeu um diagn\u00f3stico dif\u00edcil. Quando isso acontece, quem fica do seu lado?<\/span><\/p><p><span style=\"font-weight: 400; color: #ffffff;\">Apoio m\u00e9dico, terap\u00eautico, aten\u00e7\u00e3o integral e multidisciplinar. Esses s\u00e3o os primeiros passos para uma jornada que preserva a qualidade de vida. Arte e cultura, espa\u00e7os para rir e chorar, o acolhimento tamb\u00e9m precisa desses combust\u00edveis.<\/span><\/p><p><span style=\"font-weight: 400; color: #ffffff;\">Com o objetivo de ampliar a conscientiza\u00e7\u00e3o e levar mais conhecimento sobre o c\u00e2ncer de mama em lugares onde muitas vezes a informa\u00e7\u00e3o de qualidade n\u00e3o chega, a FEMAMA se uniu \u00e0 Raccord Produ\u00e7\u00f5es em apoio ao longa-metragem \u201cC\u00e2ncer com Ascendente em Virgem\u201d. A parceria busca contornar os preconceitos em torno do tema e envolver as pessoas em um importante di\u00e1logo sobre o c\u00e2ncer de mama, rompendo tabus e usando a arte e a cultura como ferramenta de sensibiliza\u00e7\u00e3o.\u00a0<\/span><\/p><p><span style=\"font-weight: 400; color: #ffffff;\">Dirigido por Rosane Svartman, o filme \u00e9 baseado na hist\u00f3ria inspiradora de Cl\u00e9lia Bessa, produtora da Raccord, que durante sua jornada oncol\u00f3gica, em 2008, lan\u00e7ou o emocionante e divertido blog \u201cEstou com C\u00e2ncer, e Da\u00ed?\u201d. Sens\u00edvel e leve, o roteiro estrelado por Suzana Pires, Marieta Severo, Nath\u00e1lia Costa, Fabiana Karla e grande elenco, tem na forma\u00e7\u00e3o de uma rede de apoio um dos pontos centrais da trama, que coloca em evid\u00eancia o protagonismo feminino e a sororidade entre amigas de longa data e novas parcerias.<\/span><\/p>\t\t\t\t\t\t\t\t<\/div>\n\t\t\t\t<\/div>\n\t\t\t\t\t<\/div>\n\t\t\t\t<\/div>\n\t\t\t\t<section class=\"elementor-section elementor-top-section elementor-element elementor-element-bcb0541 elementor-section-full_width elementor-section-stretched elementor-section-height-default elementor-section-height-default\" data-id=\"bcb0541\" data-element_type=\"section\" data-e-type=\"section\" data-settings=\"{&quot;stretch_section&quot;:&quot;section-stretched&quot;,&quot;jet_parallax_layout_list&quot;:[]}\">\n\t\t\t\t\t\t<div class=\"elementor-container elementor-column-gap-default\">\n\t\t\t\t\t<div class=\"elementor-column elementor-col-100 elementor-top-column elementor-element elementor-element-bcd59b3\" data-id=\"bcd59b3\" data-element_type=\"column\" data-e-type=\"column\">\n\t\t\t<div class=\"elementor-widget-wrap elementor-element-populated\">\n\t\t\t\t\t\t<div class=\"elementor-element elementor-element-d93e19f elementor--h-position-center elementor--v-position-middle elementor-arrows-position-inside elementor-pagination-position-inside elementor-widget elementor-widget-slides\" data-id=\"d93e19f\" data-element_type=\"widget\" data-e-type=\"widget\" data-settings=\"{&quot;navigation&quot;:&quot;both&quot;,&quot;autoplay&quot;:&quot;yes&quot;,&quot;pause_on_hover&quot;:&quot;yes&quot;,&quot;pause_on_interaction&quot;:&quot;yes&quot;,&quot;autoplay_speed&quot;:5000,&quot;infinite&quot;:&quot;yes&quot;,&quot;transition&quot;:&quot;slide&quot;,&quot;transition_speed&quot;:500}\" data-widget_type=\"slides.default\">\n\t\t\t\t<div class=\"elementor-widget-container\">\n\t\t\t\t\t\t\t\t\t<div class=\"elementor-swiper\">\n\t\t\t\t\t<div class=\"elementor-slides-wrapper elementor-main-swiper swiper\" role=\"region\" aria-roledescription=\"carousel\" aria-label=\"Slides\" dir=\"ltr\" data-animation=\"fadeInUp\">\n\t\t\t\t<div class=\"swiper-wrapper elementor-slides\">\n\t\t\t\t\t\t\t\t\t\t<div class=\"elementor-repeater-item-25f06b2 swiper-slide\" role=\"group\" aria-roledescription=\"slide\"><div class=\"swiper-slide-bg\" role=\"img\" aria-label=\"bg-cuidadores\"><\/div><a class=\"swiper-slide-inner\" href=\"https:\/\/femama.org.br\/site\/categoria\/blog-da-femama\/familiares-e-cuidadores\/\"><div class=\"swiper-slide-contents\"><\/div><\/a><\/div>\t\t\t\t<\/div>\n\t\t\t\t\t\t\t<\/div>\n\t\t\t\t<\/div>\n\t\t\t\t\t\t\t\t<\/div>\n\t\t\t\t<\/div>\n\t\t\t\t\t<\/div>\n\t\t<\/div>\n\t\t\t\t\t<\/div>\n\t\t<\/section>\n\t\t\t\t<section class=\"elementor-section elementor-top-section elementor-element elementor-element-e87dd68 elementor-section-boxed elementor-section-height-default elementor-section-height-default\" data-id=\"e87dd68\" data-element_type=\"section\" data-e-type=\"section\" data-settings=\"{&quot;jet_parallax_layout_list&quot;:[]}\">\n\t\t\t\t\t\t<div class=\"elementor-container elementor-column-gap-default\">\n\t\t\t\t\t<div class=\"elementor-column elementor-col-100 elementor-top-column elementor-element elementor-element-01cf909\" data-id=\"01cf909\" data-element_type=\"column\" data-e-type=\"column\">\n\t\t\t<div class=\"elementor-widget-wrap elementor-element-populated\">\n\t\t\t\t\t\t<div class=\"elementor-element elementor-element-a07016f elementor-widget elementor-widget-heading\" data-id=\"a07016f\" data-element_type=\"widget\" data-e-type=\"widget\" data-widget_type=\"heading.default\">\n\t\t\t\t<div class=\"elementor-widget-container\">\n\t\t\t\t\t<h2 class=\"elementor-heading-title elementor-size-default\">Not\u00edcias relacionadas<\/h2>\t\t\t\t<\/div>\n\t\t\t\t<\/div>\n\t\t\t\t<div class=\"elementor-element elementor-element-d6c990b elementor-widget elementor-widget-spacer\" data-id=\"d6c990b\" data-element_type=\"widget\" data-e-type=\"widget\" data-widget_type=\"spacer.default\">\n\t\t\t\t<div class=\"elementor-widget-container\">\n\t\t\t\t\t\t\t<div class=\"elementor-spacer\">\n\t\t\t<div class=\"elementor-spacer-inner\"><\/div>\n\t\t<\/div>\n\t\t\t\t\t\t<\/div>\n\t\t\t\t<\/div>\n\t\t\t\t<div class=\"elementor-element elementor-element-584f737 elementor-grid-2 elementor-grid-tablet-2 elementor-grid-mobile-1 elementor-posts--thumbnail-top elementor-widget elementor-widget-posts\" data-id=\"584f737\" data-element_type=\"widget\" data-e-type=\"widget\" data-settings=\"{&quot;classic_columns&quot;:&quot;2&quot;,&quot;classic_columns_tablet&quot;:&quot;2&quot;,&quot;classic_columns_mobile&quot;:&quot;1&quot;,&quot;classic_row_gap&quot;:{&quot;unit&quot;:&quot;px&quot;,&quot;size&quot;:35,&quot;sizes&quot;:[]},&quot;classic_row_gap_tablet&quot;:{&quot;unit&quot;:&quot;px&quot;,&quot;size&quot;:&quot;&quot;,&quot;sizes&quot;:[]},&quot;classic_row_gap_mobile&quot;:{&quot;unit&quot;:&quot;px&quot;,&quot;size&quot;:&quot;&quot;,&quot;sizes&quot;:[]}}\" data-widget_type=\"posts.classic\">\n\t\t\t\t<div class=\"elementor-widget-container\">\n\t\t\t\t\t\t\t<div class=\"elementor-posts-container elementor-posts elementor-posts--skin-classic elementor-grid\" role=\"list\">\n\t\t\t\t<article class=\"elementor-post elementor-grid-item post-28789 post type-post status-publish format-standard has-post-thumbnail hentry category-advocacy category-cancer-de-mama category-direito-dos-pacientes category-noticias-recentes category-sem-categoria\" role=\"listitem\">\n\t\t\t\t<a class=\"elementor-post__thumbnail__link\" href=\"https:\/\/femama.org.br\/site\/sem-categoria\/incorporacao-de-testes-geneticos-para-cancer-de-mama-e-aprovada-no-sus\/\" tabindex=\"-1\" >\n\t\t\t<div class=\"elementor-post__thumbnail\"><img decoding=\"async\" width=\"300\" height=\"150\" src=\"https:\/\/femama.org.br\/site\/wp-content\/uploads\/2026\/04\/Materia-testes-geneticos-300x150.png\" class=\"attachment-medium size-medium wp-image-28790\" alt=\"\" srcset=\"https:\/\/femama.org.br\/site\/wp-content\/uploads\/2026\/04\/Materia-testes-geneticos-300x150.png 300w, https:\/\/femama.org.br\/site\/wp-content\/uploads\/2026\/04\/Materia-testes-geneticos-1024x512.png 1024w, https:\/\/femama.org.br\/site\/wp-content\/uploads\/2026\/04\/Materia-testes-geneticos-768x384.png 768w, https:\/\/femama.org.br\/site\/wp-content\/uploads\/2026\/04\/Materia-testes-geneticos-1536x768.png 1536w, https:\/\/femama.org.br\/site\/wp-content\/uploads\/2026\/04\/Materia-testes-geneticos-2048x1024.png 2048w\" sizes=\"(max-width: 300px) 100vw, 300px\" \/><\/div>\n\t\t<\/a>\n\t\t\t\t<div class=\"elementor-post__text\">\n\t\t\t\t<h3 class=\"elementor-post__title\">\n\t\t\t<a href=\"https:\/\/femama.org.br\/site\/sem-categoria\/incorporacao-de-testes-geneticos-para-cancer-de-mama-e-aprovada-no-sus\/\" >\n\t\t\t\tINCORPORA\u00c7\u00c3O DE TESTES GEN\u00c9TICOS PARA C\u00c2NCER DE MAMA \u00c9 APROVADA NO SUS\t\t\t<\/a>\n\t\t<\/h3>\n\t\t\t\t<div class=\"elementor-post__meta-data\">\n\t\t\t\t\t<span class=\"elementor-post-date\">\n\t\t\t22 de abril de 2026\t\t<\/span>\n\t\t\t\t<\/div>\n\t\t\t\t<\/div>\n\t\t\t\t<\/article>\n\t\t\t\t<article class=\"elementor-post elementor-grid-item post-28769 post type-post status-publish format-standard has-post-thumbnail hentry category-advocacy category-cancer-de-mama category-direito-dos-pacientes category-noticias-recentes\" role=\"listitem\">\n\t\t\t\t<a class=\"elementor-post__thumbnail__link\" href=\"https:\/\/femama.org.br\/site\/noticias-recentes\/femama-participa-de-debates-sobre-saude-das-mulheres-no-sus\/\" tabindex=\"-1\" >\n\t\t\t<div class=\"elementor-post__thumbnail\"><img decoding=\"async\" width=\"300\" height=\"150\" src=\"https:\/\/femama.org.br\/site\/wp-content\/uploads\/2026\/04\/Materia-Forum-300x150.png\" class=\"attachment-medium size-medium wp-image-28772\" alt=\"\" srcset=\"https:\/\/femama.org.br\/site\/wp-content\/uploads\/2026\/04\/Materia-Forum-300x150.png 300w, https:\/\/femama.org.br\/site\/wp-content\/uploads\/2026\/04\/Materia-Forum-1024x512.png 1024w, https:\/\/femama.org.br\/site\/wp-content\/uploads\/2026\/04\/Materia-Forum-768x384.png 768w, https:\/\/femama.org.br\/site\/wp-content\/uploads\/2026\/04\/Materia-Forum-1536x768.png 1536w, https:\/\/femama.org.br\/site\/wp-content\/uploads\/2026\/04\/Materia-Forum-2048x1024.png 2048w\" sizes=\"(max-width: 300px) 100vw, 300px\" \/><\/div>\n\t\t<\/a>\n\t\t\t\t<div class=\"elementor-post__text\">\n\t\t\t\t<h3 class=\"elementor-post__title\">\n\t\t\t<a href=\"https:\/\/femama.org.br\/site\/noticias-recentes\/femama-participa-de-debates-sobre-saude-das-mulheres-no-sus\/\" >\n\t\t\t\tFEMAMA participa do F\u00f3rum de Mulheres na Sa\u00fade\t\t\t<\/a>\n\t\t<\/h3>\n\t\t\t\t<div class=\"elementor-post__meta-data\">\n\t\t\t\t\t<span class=\"elementor-post-date\">\n\t\t\t10 de abril de 2026\t\t<\/span>\n\t\t\t\t<\/div>\n\t\t\t\t<\/div>\n\t\t\t\t<\/article>\n\t\t\t\t<article class=\"elementor-post elementor-grid-item post-28759 post type-post status-publish format-standard has-post-thumbnail hentry category-advocacy category-cancer-de-mama category-direito-dos-pacientes category-noticias-recentes\" role=\"listitem\">\n\t\t\t\t<a class=\"elementor-post__thumbnail__link\" href=\"https:\/\/femama.org.br\/site\/noticias-recentes\/imunoterapia-agora-e-incluida-em-protocolos-de-cancer-atraves-de-nova-lei\/\" tabindex=\"-1\" >\n\t\t\t<div class=\"elementor-post__thumbnail\"><img loading=\"lazy\" decoding=\"async\" width=\"300\" height=\"150\" src=\"https:\/\/femama.org.br\/site\/wp-content\/uploads\/2026\/04\/Materia-Imunoterapia-300x150.png\" class=\"attachment-medium size-medium wp-image-28760\" alt=\"\" srcset=\"https:\/\/femama.org.br\/site\/wp-content\/uploads\/2026\/04\/Materia-Imunoterapia-300x150.png 300w, https:\/\/femama.org.br\/site\/wp-content\/uploads\/2026\/04\/Materia-Imunoterapia-1024x512.png 1024w, https:\/\/femama.org.br\/site\/wp-content\/uploads\/2026\/04\/Materia-Imunoterapia-768x384.png 768w, https:\/\/femama.org.br\/site\/wp-content\/uploads\/2026\/04\/Materia-Imunoterapia-1536x768.png 1536w, https:\/\/femama.org.br\/site\/wp-content\/uploads\/2026\/04\/Materia-Imunoterapia-2048x1024.png 2048w\" sizes=\"(max-width: 300px) 100vw, 300px\" \/><\/div>\n\t\t<\/a>\n\t\t\t\t<div class=\"elementor-post__text\">\n\t\t\t\t<h3 class=\"elementor-post__title\">\n\t\t\t<a href=\"https:\/\/femama.org.br\/site\/noticias-recentes\/imunoterapia-agora-e-incluida-em-protocolos-de-cancer-atraves-de-nova-lei\/\" >\n\t\t\t\tIMUNOTERAPIA AGORA \u00c9 INCLU\u00cdDA EM PROTOCOLOS DE C\u00c2NCER ATRAV\u00c9S DE NOVA LEI\t\t\t<\/a>\n\t\t<\/h3>\n\t\t\t\t<div class=\"elementor-post__meta-data\">\n\t\t\t\t\t<span class=\"elementor-post-date\">\n\t\t\t10 de abril de 2026\t\t<\/span>\n\t\t\t\t<\/div>\n\t\t\t\t<\/div>\n\t\t\t\t<\/article>\n\t\t\t\t<article class=\"elementor-post elementor-grid-item post-28240 post type-post status-publish format-standard has-post-thumbnail hentry category-advocacy category-cancer-de-mama category-direito-dos-pacientes category-noticias-recentes\" role=\"listitem\">\n\t\t\t\t<a class=\"elementor-post__thumbnail__link\" href=\"https:\/\/femama.org.br\/site\/noticias-recentes\/femama-traz-esclarecimentos-sobre-as-decisoes-do-consinca-em-relacao-a-recomendacao-da-mamografia-no-brasil\/\" tabindex=\"-1\" >\n\t\t\t<div class=\"elementor-post__thumbnail\"><img loading=\"lazy\" decoding=\"async\" width=\"300\" height=\"150\" src=\"https:\/\/femama.org.br\/site\/wp-content\/uploads\/2025\/09\/femama-consinca-300x150.jpeg\" class=\"attachment-medium size-medium wp-image-28241\" alt=\"\" srcset=\"https:\/\/femama.org.br\/site\/wp-content\/uploads\/2025\/09\/femama-consinca-300x150.jpeg 300w, https:\/\/femama.org.br\/site\/wp-content\/uploads\/2025\/09\/femama-consinca-1024x512.jpeg 1024w, https:\/\/femama.org.br\/site\/wp-content\/uploads\/2025\/09\/femama-consinca-768x384.jpeg 768w, https:\/\/femama.org.br\/site\/wp-content\/uploads\/2025\/09\/femama-consinca-1536x768.jpeg 1536w, https:\/\/femama.org.br\/site\/wp-content\/uploads\/2025\/09\/femama-consinca.jpeg 1600w\" sizes=\"(max-width: 300px) 100vw, 300px\" \/><\/div>\n\t\t<\/a>\n\t\t\t\t<div class=\"elementor-post__text\">\n\t\t\t\t<h3 class=\"elementor-post__title\">\n\t\t\t<a href=\"https:\/\/femama.org.br\/site\/noticias-recentes\/femama-traz-esclarecimentos-sobre-as-decisoes-do-consinca-em-relacao-a-recomendacao-da-mamografia-no-brasil\/\" >\n\t\t\t\tFEMAMA traz esclarecimentos sobre as decis\u00f5es do CONSINCA em rela\u00e7\u00e3o \u00e0 recomenda\u00e7\u00e3o da mamografia no Brasil\t\t\t<\/a>\n\t\t<\/h3>\n\t\t\t\t<div class=\"elementor-post__meta-data\">\n\t\t\t\t\t<span class=\"elementor-post-date\">\n\t\t\t25 de setembro de 2025\t\t<\/span>\n\t\t\t\t<\/div>\n\t\t\t\t<\/div>\n\t\t\t\t<\/article>\n\t\t\t\t<\/div>\n\t\t\n\t\t\t\t\t\t<\/div>\n\t\t\t\t<\/div>\n\t\t\t\t<div class=\"elementor-element elementor-element-1de77fe elementor-align-center elementor-widget elementor-widget-button\" data-id=\"1de77fe\" data-element_type=\"widget\" data-e-type=\"widget\" data-widget_type=\"button.default\">\n\t\t\t\t<div class=\"elementor-widget-container\">\n\t\t\t\t\t\t\t\t\t<div class=\"elementor-button-wrapper\">\n\t\t\t\t\t<a class=\"elementor-button elementor-button-link elementor-size-md\" href=\"https:\/\/femama.org.br\/site\/categoria\/noticias-recentes\/cancer-de-mama\/\">\n\t\t\t\t\t\t<span class=\"elementor-button-content-wrapper\">\n\t\t\t\t\t\t\t\t\t<span class=\"elementor-button-text\">Ver mais<\/span>\n\t\t\t\t\t<\/span>\n\t\t\t\t\t<\/a>\n\t\t\t\t<\/div>\n\t\t\t\t\t\t\t\t<\/div>\n\t\t\t\t<\/div>\n\t\t\t\t\t<\/div>\n\t\t<\/div>\n\t\t\t\t\t<\/div>\n\t\t<\/section>\n\t\t\t\t<\/div>\n\t\t","protected":false},"excerpt":{"rendered":"<p>O QUE \u00c9 C\u00c2NCER DE MAMA? Uma em cada oito mulheres ir\u00e1 desenvolver um c\u00e2ncer de mama em algum momento da vida (Sociedade Americana de<\/p>\n","protected":false},"author":1,"featured_media":0,"parent":0,"menu_order":0,"comment_status":"closed","ping_status":"closed","template":"","meta":{"_acf_changed":false,"footnotes":""},"class_list":["post-10434","page","type-page","status-publish","hentry"],"acf":[],"yoast_head":"<!-- This site is optimized with the Yoast SEO plugin v27.5 - https:\/\/yoast.com\/product\/yoast-seo-wordpress\/ -->\n<title>C\u00e2ncer de mama | FEMAMA<\/title>\n<meta name=\"robots\" content=\"index, follow, max-snippet:-1, max-image-preview:large, max-video-preview:-1\" \/>\n<link rel=\"canonical\" href=\"https:\/\/femama.org.br\/site\/cancer-de-mama\/\" \/>\n<meta property=\"og:locale\" content=\"pt_BR\" \/>\n<meta property=\"og:type\" content=\"article\" \/>\n<meta property=\"og:title\" content=\"C\u00e2ncer de mama | FEMAMA\" \/>\n<meta property=\"og:description\" content=\"O QUE \u00c9 C\u00c2NCER DE MAMA? Uma em cada oito mulheres ir\u00e1 desenvolver um c\u00e2ncer de mama em algum momento da vida (Sociedade Americana de\" \/>\n<meta property=\"og:url\" content=\"https:\/\/femama.org.br\/site\/cancer-de-mama\/\" \/>\n<meta property=\"og:site_name\" content=\"FEMAMA\" \/>\n<meta property=\"article:publisher\" content=\"https:\/\/www.facebook.com\/femamabrasil\" \/>\n<meta property=\"article:modified_time\" content=\"2025-03-07T17:35:30+00:00\" \/>\n<meta property=\"og:image\" content=\"https:\/\/femama.org.br\/site\/wp-content\/uploads\/2025\/02\/WhatsApp-Image-2025-02-28-at-14.03.40.jpeg\" \/>\n\t<meta property=\"og:image:width\" content=\"1280\" \/>\n\t<meta property=\"og:image:height\" content=\"355\" \/>\n\t<meta property=\"og:image:type\" content=\"image\/jpeg\" \/>\n<meta name=\"twitter:card\" content=\"summary_large_image\" \/>\n<meta name=\"twitter:site\" content=\"@femama_\" \/>\n<meta name=\"twitter:label1\" content=\"Est. tempo de leitura\" \/>\n\t<meta name=\"twitter:data1\" content=\"5 minutos\" \/>\n<script type=\"application\/ld+json\" class=\"yoast-schema-graph\">{\"@context\":\"https:\\\/\\\/schema.org\",\"@graph\":[{\"@type\":\"WebPage\",\"@id\":\"https:\\\/\\\/femama.org.br\\\/site\\\/cancer-de-mama\\\/\",\"url\":\"https:\\\/\\\/femama.org.br\\\/site\\\/cancer-de-mama\\\/\",\"name\":\"C\u00e2ncer de mama | FEMAMA\",\"isPartOf\":{\"@id\":\"https:\\\/\\\/femama.org.br\\\/site\\\/#website\"},\"primaryImageOfPage\":{\"@id\":\"https:\\\/\\\/femama.org.br\\\/site\\\/cancer-de-mama\\\/#primaryimage\"},\"image\":{\"@id\":\"https:\\\/\\\/femama.org.br\\\/site\\\/cancer-de-mama\\\/#primaryimage\"},\"thumbnailUrl\":\"https:\\\/\\\/femama.org.br\\\/site\\\/wp-content\\\/uploads\\\/2025\\\/02\\\/WhatsApp-Image-2025-02-28-at-14.03.40.jpeg\",\"datePublished\":\"2022-02-25T17:14:56+00:00\",\"dateModified\":\"2025-03-07T17:35:30+00:00\",\"breadcrumb\":{\"@id\":\"https:\\\/\\\/femama.org.br\\\/site\\\/cancer-de-mama\\\/#breadcrumb\"},\"inLanguage\":\"pt-BR\",\"potentialAction\":[{\"@type\":\"ReadAction\",\"target\":[\"https:\\\/\\\/femama.org.br\\\/site\\\/cancer-de-mama\\\/\"]}]},{\"@type\":\"ImageObject\",\"inLanguage\":\"pt-BR\",\"@id\":\"https:\\\/\\\/femama.org.br\\\/site\\\/cancer-de-mama\\\/#primaryimage\",\"url\":\"https:\\\/\\\/femama.org.br\\\/site\\\/wp-content\\\/uploads\\\/2025\\\/02\\\/WhatsApp-Image-2025-02-28-at-14.03.40.jpeg\",\"contentUrl\":\"https:\\\/\\\/femama.org.br\\\/site\\\/wp-content\\\/uploads\\\/2025\\\/02\\\/WhatsApp-Image-2025-02-28-at-14.03.40.jpeg\",\"width\":1280,\"height\":355},{\"@type\":\"BreadcrumbList\",\"@id\":\"https:\\\/\\\/femama.org.br\\\/site\\\/cancer-de-mama\\\/#breadcrumb\",\"itemListElement\":[{\"@type\":\"ListItem\",\"position\":1,\"name\":\"In\u00edcio\",\"item\":\"https:\\\/\\\/femama.org.br\\\/site\\\/\"},{\"@type\":\"ListItem\",\"position\":2,\"name\":\"C\u00e2ncer de mama\"}]},{\"@type\":\"WebSite\",\"@id\":\"https:\\\/\\\/femama.org.br\\\/site\\\/#website\",\"url\":\"https:\\\/\\\/femama.org.br\\\/site\\\/\",\"name\":\"FEMAMA\",\"description\":\"Federa\u00e7\u00e3o Brasileira de Institui\u00e7\u00f5es Filantr\u00f3picas de Apoio \u00e0 Sa\u00fade da Mama | C\u00e2ncer de mama\",\"publisher\":{\"@id\":\"https:\\\/\\\/femama.org.br\\\/site\\\/#organization\"},\"potentialAction\":[{\"@type\":\"SearchAction\",\"target\":{\"@type\":\"EntryPoint\",\"urlTemplate\":\"https:\\\/\\\/femama.org.br\\\/site\\\/?s={search_term_string}\"},\"query-input\":{\"@type\":\"PropertyValueSpecification\",\"valueRequired\":true,\"valueName\":\"search_term_string\"}}],\"inLanguage\":\"pt-BR\"},{\"@type\":\"Organization\",\"@id\":\"https:\\\/\\\/femama.org.br\\\/site\\\/#organization\",\"name\":\"Femama | Federa\u00e7\u00e3o Brasileira de Institui\u00e7\u00f5es Filantr\u00f3picas de Apoio \u00e0 Sa\u00fade da Mama | C\u00e2ncer de mama\",\"url\":\"https:\\\/\\\/femama.org.br\\\/site\\\/\",\"logo\":{\"@type\":\"ImageObject\",\"inLanguage\":\"pt-BR\",\"@id\":\"https:\\\/\\\/femama.org.br\\\/site\\\/#\\\/schema\\\/logo\\\/image\\\/\",\"url\":\"https:\\\/\\\/femama.org.br\\\/site\\\/wp-content\\\/uploads\\\/2021\\\/12\\\/logotipo-femama-horizontal.png\",\"contentUrl\":\"https:\\\/\\\/femama.org.br\\\/site\\\/wp-content\\\/uploads\\\/2021\\\/12\\\/logotipo-femama-horizontal.png\",\"width\":300,\"height\":92,\"caption\":\"Femama | Federa\u00e7\u00e3o Brasileira de Institui\u00e7\u00f5es Filantr\u00f3picas de Apoio \u00e0 Sa\u00fade da Mama | C\u00e2ncer de mama\"},\"image\":{\"@id\":\"https:\\\/\\\/femama.org.br\\\/site\\\/#\\\/schema\\\/logo\\\/image\\\/\"},\"sameAs\":[\"https:\\\/\\\/www.facebook.com\\\/femamabrasil\",\"https:\\\/\\\/x.com\\\/femama_\",\"https:\\\/\\\/www.instagram.com\\\/femama.brasil\\\/\",\"https:\\\/\\\/www.youtube.com\\\/user\\\/femamaorg\"]}]}<\/script>\n<!-- \/ Yoast SEO plugin. -->","yoast_head_json":{"title":"C\u00e2ncer de mama | FEMAMA","robots":{"index":"index","follow":"follow","max-snippet":"max-snippet:-1","max-image-preview":"max-image-preview:large","max-video-preview":"max-video-preview:-1"},"canonical":"https:\/\/femama.org.br\/site\/cancer-de-mama\/","og_locale":"pt_BR","og_type":"article","og_title":"C\u00e2ncer de mama | FEMAMA","og_description":"O QUE \u00c9 C\u00c2NCER DE MAMA? Uma em cada oito mulheres ir\u00e1 desenvolver um c\u00e2ncer de mama em algum momento da vida (Sociedade Americana de","og_url":"https:\/\/femama.org.br\/site\/cancer-de-mama\/","og_site_name":"FEMAMA","article_publisher":"https:\/\/www.facebook.com\/femamabrasil","article_modified_time":"2025-03-07T17:35:30+00:00","og_image":[{"width":1280,"height":355,"url":"https:\/\/femama.org.br\/site\/wp-content\/uploads\/2025\/02\/WhatsApp-Image-2025-02-28-at-14.03.40.jpeg","type":"image\/jpeg"}],"twitter_card":"summary_large_image","twitter_site":"@femama_","twitter_misc":{"Est. tempo de leitura":"5 minutos"},"schema":{"@context":"https:\/\/schema.org","@graph":[{"@type":"WebPage","@id":"https:\/\/femama.org.br\/site\/cancer-de-mama\/","url":"https:\/\/femama.org.br\/site\/cancer-de-mama\/","name":"C\u00e2ncer de mama | FEMAMA","isPartOf":{"@id":"https:\/\/femama.org.br\/site\/#website"},"primaryImageOfPage":{"@id":"https:\/\/femama.org.br\/site\/cancer-de-mama\/#primaryimage"},"image":{"@id":"https:\/\/femama.org.br\/site\/cancer-de-mama\/#primaryimage"},"thumbnailUrl":"https:\/\/femama.org.br\/site\/wp-content\/uploads\/2025\/02\/WhatsApp-Image-2025-02-28-at-14.03.40.jpeg","datePublished":"2022-02-25T17:14:56+00:00","dateModified":"2025-03-07T17:35:30+00:00","breadcrumb":{"@id":"https:\/\/femama.org.br\/site\/cancer-de-mama\/#breadcrumb"},"inLanguage":"pt-BR","potentialAction":[{"@type":"ReadAction","target":["https:\/\/femama.org.br\/site\/cancer-de-mama\/"]}]},{"@type":"ImageObject","inLanguage":"pt-BR","@id":"https:\/\/femama.org.br\/site\/cancer-de-mama\/#primaryimage","url":"https:\/\/femama.org.br\/site\/wp-content\/uploads\/2025\/02\/WhatsApp-Image-2025-02-28-at-14.03.40.jpeg","contentUrl":"https:\/\/femama.org.br\/site\/wp-content\/uploads\/2025\/02\/WhatsApp-Image-2025-02-28-at-14.03.40.jpeg","width":1280,"height":355},{"@type":"BreadcrumbList","@id":"https:\/\/femama.org.br\/site\/cancer-de-mama\/#breadcrumb","itemListElement":[{"@type":"ListItem","position":1,"name":"In\u00edcio","item":"https:\/\/femama.org.br\/site\/"},{"@type":"ListItem","position":2,"name":"C\u00e2ncer de mama"}]},{"@type":"WebSite","@id":"https:\/\/femama.org.br\/site\/#website","url":"https:\/\/femama.org.br\/site\/","name":"FEMAMA","description":"Federa\u00e7\u00e3o Brasileira de Institui\u00e7\u00f5es Filantr\u00f3picas de Apoio \u00e0 Sa\u00fade da Mama | C\u00e2ncer de mama","publisher":{"@id":"https:\/\/femama.org.br\/site\/#organization"},"potentialAction":[{"@type":"SearchAction","target":{"@type":"EntryPoint","urlTemplate":"https:\/\/femama.org.br\/site\/?s={search_term_string}"},"query-input":{"@type":"PropertyValueSpecification","valueRequired":true,"valueName":"search_term_string"}}],"inLanguage":"pt-BR"},{"@type":"Organization","@id":"https:\/\/femama.org.br\/site\/#organization","name":"Femama | Federa\u00e7\u00e3o Brasileira de Institui\u00e7\u00f5es Filantr\u00f3picas de Apoio \u00e0 Sa\u00fade da Mama | C\u00e2ncer de mama","url":"https:\/\/femama.org.br\/site\/","logo":{"@type":"ImageObject","inLanguage":"pt-BR","@id":"https:\/\/femama.org.br\/site\/#\/schema\/logo\/image\/","url":"https:\/\/femama.org.br\/site\/wp-content\/uploads\/2021\/12\/logotipo-femama-horizontal.png","contentUrl":"https:\/\/femama.org.br\/site\/wp-content\/uploads\/2021\/12\/logotipo-femama-horizontal.png","width":300,"height":92,"caption":"Femama | Federa\u00e7\u00e3o Brasileira de Institui\u00e7\u00f5es Filantr\u00f3picas de Apoio \u00e0 Sa\u00fade da Mama | C\u00e2ncer de mama"},"image":{"@id":"https:\/\/femama.org.br\/site\/#\/schema\/logo\/image\/"},"sameAs":["https:\/\/www.facebook.com\/femamabrasil","https:\/\/x.com\/femama_","https:\/\/www.instagram.com\/femama.brasil\/","https:\/\/www.youtube.com\/user\/femamaorg"]}]}},"_links":{"self":[{"href":"https:\/\/femama.org.br\/site\/wp-json\/wp\/v2\/pages\/10434","targetHints":{"allow":["GET"]}}],"collection":[{"href":"https:\/\/femama.org.br\/site\/wp-json\/wp\/v2\/pages"}],"about":[{"href":"https:\/\/femama.org.br\/site\/wp-json\/wp\/v2\/types\/page"}],"author":[{"embeddable":true,"href":"https:\/\/femama.org.br\/site\/wp-json\/wp\/v2\/users\/1"}],"replies":[{"embeddable":true,"href":"https:\/\/femama.org.br\/site\/wp-json\/wp\/v2\/comments?post=10434"}],"version-history":[{"count":32,"href":"https:\/\/femama.org.br\/site\/wp-json\/wp\/v2\/pages\/10434\/revisions"}],"predecessor-version":[{"id":28059,"href":"https:\/\/femama.org.br\/site\/wp-json\/wp\/v2\/pages\/10434\/revisions\/28059"}],"wp:attachment":[{"href":"https:\/\/femama.org.br\/site\/wp-json\/wp\/v2\/media?parent=10434"}],"curies":[{"name":"wp","href":"https:\/\/api.w.org\/{rel}","templated":true}]}}