{"id":25996,"date":"2024-09-13T15:58:03","date_gmt":"2024-09-13T18:58:03","guid":{"rendered":"https:\/\/femama.org.br\/site\/?page_id=25996"},"modified":"2025-09-30T21:16:31","modified_gmt":"2025-10-01T00:16:31","slug":"outubro-rosa-2024","status":"publish","type":"page","link":"https:\/\/femama.org.br\/site\/outubro-rosa-2024\/","title":{"rendered":"Outubro Rosa 2024"},"content":{"rendered":"<p class=\"attachment\"><a href='https:\/\/femama.org.br\/site\/wp-content\/uploads\/2025\/10\/FEMAMA-01.10-Circuito-Eventos_feed-8.jpeg'><img fetchpriority=\"high\" decoding=\"async\" width=\"240\" height=\"300\" src=\"https:\/\/femama.org.br\/site\/wp-content\/uploads\/2025\/10\/FEMAMA-01.10-Circuito-Eventos_feed-8-240x300.jpeg\" class=\"attachment-medium size-medium\" alt=\"\" srcset=\"https:\/\/femama.org.br\/site\/wp-content\/uploads\/2025\/10\/FEMAMA-01.10-Circuito-Eventos_feed-8-240x300.jpeg 240w, https:\/\/femama.org.br\/site\/wp-content\/uploads\/2025\/10\/FEMAMA-01.10-Circuito-Eventos_feed-8.jpeg 480w\" sizes=\"(max-width: 240px) 100vw, 240px\" \/><\/a><\/p>\n\t\t<div data-elementor-type=\"wp-page\" data-elementor-id=\"25996\" class=\"elementor elementor-25996\" data-elementor-post-type=\"page\">\n\t\t\t\t<div class=\"elementor-element elementor-element-06693b9 e-flex e-con-boxed e-con e-parent\" data-id=\"06693b9\" data-element_type=\"container\" data-e-type=\"container\" data-settings=\"{&quot;jet_parallax_layout_list&quot;:[],&quot;background_background&quot;:&quot;classic&quot;}\">\n\t\t\t\t\t<div class=\"e-con-inner\">\n\t\t\t\t<div class=\"elementor-element elementor-element-fd7abbd elementor-widget elementor-widget-image\" data-id=\"fd7abbd\" data-element_type=\"widget\" data-e-type=\"widget\" data-widget_type=\"image.default\">\n\t\t\t\t<div class=\"elementor-widget-container\">\n\t\t\t\t\t\t\t\t\t\t\t\t\t\t\t<img decoding=\"async\" width=\"1800\" height=\"800\" src=\"https:\/\/femama.org.br\/site\/wp-content\/uploads\/2024\/10\/Banner-Site-19.png\" class=\"attachment-full size-full wp-image-26156\" alt=\"\" srcset=\"https:\/\/femama.org.br\/site\/wp-content\/uploads\/2024\/10\/Banner-Site-19.png 1800w, https:\/\/femama.org.br\/site\/wp-content\/uploads\/2024\/10\/Banner-Site-19-300x133.png 300w, https:\/\/femama.org.br\/site\/wp-content\/uploads\/2024\/10\/Banner-Site-19-1024x455.png 1024w, https:\/\/femama.org.br\/site\/wp-content\/uploads\/2024\/10\/Banner-Site-19-768x341.png 768w, https:\/\/femama.org.br\/site\/wp-content\/uploads\/2024\/10\/Banner-Site-19-1536x683.png 1536w\" sizes=\"(max-width: 1800px) 100vw, 1800px\" \/>\t\t\t\t\t\t\t\t\t\t\t\t\t\t\t<\/div>\n\t\t\t\t<\/div>\n\t\t\t\t\t<\/div>\n\t\t\t\t<\/div>\n\t\t<div class=\"elementor-element elementor-element-3115f66 e-flex e-con-boxed e-con e-parent\" data-id=\"3115f66\" data-element_type=\"container\" data-e-type=\"container\" data-settings=\"{&quot;jet_parallax_layout_list&quot;:[],&quot;background_background&quot;:&quot;classic&quot;}\">\n\t\t\t\t\t<div class=\"e-con-inner\">\n\t\t\t\t<div class=\"elementor-element elementor-element-f2bc3c7 elementor-widget elementor-widget-text-editor\" data-id=\"f2bc3c7\" data-element_type=\"widget\" data-e-type=\"widget\" data-widget_type=\"text-editor.default\">\n\t\t\t\t<div class=\"elementor-widget-container\">\n\t\t\t\t\t\t\t\t\t<p>Queremos conversar com todas as pessoas e democratizar o acesso \u00e0 informa\u00e7\u00e3o de qualidade sobre diagn\u00f3stico, tratamento do c\u00e2ncer e as pol\u00edticas p\u00fablicas de sa\u00fade para pacientes oncol\u00f3gicos no Brasil.<\/p>\t\t\t\t\t\t\t\t<\/div>\n\t\t\t\t<\/div>\n\t\t\t\t<div class=\"elementor-element elementor-element-c967127 elementor-widget elementor-widget-video\" data-id=\"c967127\" data-element_type=\"widget\" data-e-type=\"widget\" id=\"video\" data-settings=\"{&quot;youtube_url&quot;:&quot;https:\\\/\\\/www.youtube.com\\\/watch?v=280RsKiz2Ps&quot;,&quot;video_type&quot;:&quot;youtube&quot;,&quot;controls&quot;:&quot;yes&quot;}\" data-widget_type=\"video.default\">\n\t\t\t\t<div class=\"elementor-widget-container\">\n\t\t\t\t\t\t\t<div class=\"elementor-wrapper elementor-open-inline\">\n\t\t\t<div class=\"elementor-video\"><\/div>\t\t<\/div>\n\t\t\t\t\t\t<\/div>\n\t\t\t\t<\/div>\n\t\t<div class=\"elementor-element elementor-element-7060bc8 e-con-full e-flex e-con e-child\" data-id=\"7060bc8\" data-element_type=\"container\" data-e-type=\"container\" data-settings=\"{&quot;jet_parallax_layout_list&quot;:[]}\">\n\t\t<div class=\"elementor-element elementor-element-f4e5c50 e-con-full e-flex e-con e-child\" data-id=\"f4e5c50\" data-element_type=\"container\" data-e-type=\"container\" data-settings=\"{&quot;jet_parallax_layout_list&quot;:[]}\">\n\t\t\t\t<div class=\"elementor-element elementor-element-16f9052 elementor-widget elementor-widget-text-editor\" data-id=\"16f9052\" data-element_type=\"widget\" data-e-type=\"widget\" data-widget_type=\"text-editor.default\">\n\t\t\t\t<div class=\"elementor-widget-container\">\n\t\t\t\t\t\t\t\t\t<p>Em 2024, a campanha oficial de Outubro Rosa da FEMAMA traz consigo a perspectiva, a voz e o sorriso de pacientes oncol\u00f3gicas de todas as regi\u00f5es do Brasil, atendidas pelas mais de 70 institui\u00e7\u00f5es da Rede FEMAMA.<\/p><p>Ao lado de tantas mulheres que conviveram de perto com os desafios do c\u00e2ncer, vamos levar INFORMA\u00c7\u00c3O para promover a A\u00c7\u00c3O da sociedade em favor dessa causa: ampliando a conscientiza\u00e7\u00e3o e conhecimento sobre c\u00e2nceres femininos, sensibilizando amigos, familiares e comunidades, estimulando a ades\u00e3o de cada vez mais mulheres aos exames de rotina, rastreamento e diagn\u00f3stico.<\/p>\t\t\t\t\t\t\t\t<\/div>\n\t\t\t\t<\/div>\n\t\t\t\t<div class=\"elementor-element elementor-element-92efac4 elementor-widget elementor-widget-text-editor\" data-id=\"92efac4\" data-element_type=\"widget\" data-e-type=\"widget\" data-widget_type=\"text-editor.default\">\n\t\t\t\t<div class=\"elementor-widget-container\">\n\t\t\t\t\t\t\t\t\t<p><strong>Afinal, acesso \u00e0 informa\u00e7\u00e3o \u00e9 um direito que salva vidas!<\/strong><\/p>\t\t\t\t\t\t\t\t<\/div>\n\t\t\t\t<\/div>\n\t\t\t\t<div class=\"elementor-element elementor-element-4ee8f3e elementor-widget elementor-widget-text-editor\" data-id=\"4ee8f3e\" data-element_type=\"widget\" data-e-type=\"widget\" data-widget_type=\"text-editor.default\">\n\t\t\t\t<div class=\"elementor-widget-container\">\n\t\t\t\t\t\t\t\t\t<p><span style=\"font-weight: 400;\"><strong>O que garante que os seus direitos ser\u00e3o cumpridos?<\/strong> Bem, certamente uma s\u00e9rie de fatores. Mas, um deles, talvez o de maior peso, seja o entendimento sobre eles. Imagine, por exemplo, uma cidad\u00e3 que desconhece seus direitos b\u00e1sicos, como o direito \u00e0 sa\u00fade, \u00e0 educa\u00e7\u00e3o, \u00e0 moradia digna ou ao trabalho. Sem o conhecimento desses direitos, ela dificilmente conseguir\u00e1 exigir sua efetiva\u00e7\u00e3o, seja cobrando pol\u00edticas p\u00fablicas adequadas, seja reivindicando seu cumprimento perante as autoridades competentes.\u00a0<\/span><\/p>\t\t\t\t\t\t\t\t<\/div>\n\t\t\t\t<\/div>\n\t\t\t\t<div class=\"elementor-element elementor-element-8667e99 elementor-widget elementor-widget-heading\" data-id=\"8667e99\" data-element_type=\"widget\" data-e-type=\"widget\" data-widget_type=\"heading.default\">\n\t\t\t\t<div class=\"elementor-widget-container\">\n\t\t\t\t\t<h2 class=\"elementor-heading-title elementor-size-default\">Informa\u00e7\u00e3o \u00e9 um direito e conhecimento \u00e9 uma forma poderosa de preven\u00e7\u00e3o <\/h2>\t\t\t\t<\/div>\n\t\t\t\t<\/div>\n\t\t\t\t<div class=\"elementor-element elementor-element-b8a60e2 elementor-widget elementor-widget-text-editor\" data-id=\"b8a60e2\" data-element_type=\"widget\" data-e-type=\"widget\" data-widget_type=\"text-editor.default\">\n\t\t\t\t<div class=\"elementor-widget-container\">\n\t\t\t\t\t\t\t\t\t<p><span style=\"font-weight: 400;\">Nesse sentido, a informa\u00e7\u00e3o funciona como um mecanismo de empoderamento individual e coletivo. Quando as pessoas t\u00eam acesso a informa\u00e7\u00f5es claras, precisas e acess\u00edveis sobre seus direitos e sobre os recursos dispon\u00edveis para exerc\u00ea-los, elas se tornam mais capazes de exigir que tais direitos sejam respeitados e garantidos. A informa\u00e7\u00e3o tamb\u00e9m desempenha um papel importante na preven\u00e7\u00e3o e na den\u00fancia de viola\u00e7\u00f5es de direitos. Quando a popula\u00e7\u00e3o est\u00e1 bem informada, \u00e9 mais prov\u00e1vel que identifique situa\u00e7\u00f5es de abuso ou neglig\u00eancia por parte das autoridades ou de outros atores sociais, e que saiba como agir para denunci\u00e1-las e buscar repara\u00e7\u00e3o.<\/span><\/p><p><span style=\"font-weight: 400;\">Durante o Outubro Rosa queremos ressaltar a import\u00e2ncia da informa\u00e7\u00e3o para a preven\u00e7\u00e3o, detec\u00e7\u00e3o precoce e tratamento adequado do c\u00e2ncer de mama. Leis como a Lei da Mamografia (11.664\/08), Lei dos 60 dias (12.732\/12) e Lei da Reconstru\u00e7\u00e3o Mam\u00e1ria (12.802\/2013), por exemplo, s\u00e3o importantes instrumentos de defesa dos direitos das mulheres diagnosticadas com c\u00e2ncer de mama. No entanto, muitas vezes essas leis podem passar despercebidas se n\u00e3o houver um esfor\u00e7o consciente para disseminar informa\u00e7\u00f5es sobre elas.\u00a0<\/span><\/p>\t\t\t\t\t\t\t\t<\/div>\n\t\t\t\t<\/div>\n\t\t\t\t<\/div>\n\t\t<div class=\"elementor-element elementor-element-318ceb5 e-con-full e-flex e-con e-child\" data-id=\"318ceb5\" data-element_type=\"container\" data-e-type=\"container\" data-settings=\"{&quot;background_background&quot;:&quot;classic&quot;,&quot;jet_parallax_layout_list&quot;:[]}\">\n\t\t\t\t<div class=\"elementor-element elementor-element-0a5133b elementor-widget elementor-widget-heading\" data-id=\"0a5133b\" data-element_type=\"widget\" data-e-type=\"widget\" data-widget_type=\"heading.default\">\n\t\t\t\t<div class=\"elementor-widget-container\">\n\t\t\t\t\t<h4 class=\"elementor-heading-title elementor-size-default\">Leia mais<\/h4>\t\t\t\t<\/div>\n\t\t\t\t<\/div>\n\t\t\t\t<div class=\"elementor-element elementor-element-bd09d22 elementor-widget elementor-widget-elementskit-post-list\" data-id=\"bd09d22\" data-element_type=\"widget\" data-e-type=\"widget\" data-widget_type=\"elementskit-post-list.default\">\n\t\t\t\t<div class=\"elementor-widget-container\">\n\t\t\t\t\t<div class=\"ekit-wid-con\" >\t\t<ul class=\"elementor-icon-list-items ekit-post-list-wrapper \">\n\t\t\t\t\t\t<li class=\"elementor-icon-list-item   \">\n\t\t\t\t<a href=\"https:\/\/femama.org.br\/site\/noticias-recentes\/femama-lanca-campanha-de-outubro-rosa-no-evento-juntos-do-hospital-moinhos-de-vento-ao-lado-de-comunicadoras-que-ja-viveram-a-jornada-do-cancer-de-mama\/\" >\n\t\t\t\t\t\t\t\t\t\t<div class=\"ekit_post_list_content_wraper\">\n\t\t\t\t\t\t\n\t\t\t\t\t\t<span class=\"elementor-icon-list-text\">FEMAMA lan\u00e7a campanha de Outubro Rosa no evento Juntos, do Hospital Moinhos de Vento, ao lado de comunicadoras que j\u00e1 viveram a jornada do c\u00e2ncer de mama<\/span>\n\n\t\t\t\t\t\t\t\t\t\t\t<\/div>\n\t\t\t\t<\/a>\n\t\t\t<\/li>\n\t\t\t\t\t<li class=\"elementor-icon-list-item   \">\n\t\t\t\t<a href=\"https:\/\/femama.org.br\/site\/noticias-recentes\/femama-e-estevacine-filmes-lancam-curta-metragem-de-ficcao-sobre-a-jornada-vivida-por-mulheres-com-cancer-de-mama\/\" >\n\t\t\t\t\t\t\t\t\t\t<div class=\"ekit_post_list_content_wraper\">\n\t\t\t\t\t\t\n\t\t\t\t\t\t<span class=\"elementor-icon-list-text\">FEMAMA e Estevacine Filmes lan\u00e7am curta-metragem de fic\u00e7\u00e3o sobre a jornada vivida por mulheres com c\u00e2ncer de mama<\/span>\n\n\t\t\t\t\t\t\t\t\t\t\t<\/div>\n\t\t\t\t<\/a>\n\t\t\t<\/li>\n\t\t\t\t\t<li class=\"elementor-icon-list-item   \">\n\t\t\t\t<a href=\"https:\/\/femama.org.br\/site\/sem-categoria\/femama-participa-da-do-pre-lancamento-do-filme-cancer-com-ascendente-em-virgem\/\" >\n\t\t\t\t\t\t\t\t\t\t<div class=\"ekit_post_list_content_wraper\">\n\t\t\t\t\t\t\n\t\t\t\t\t\t<span class=\"elementor-icon-list-text\">FEMAMA participa do pr\u00e9-lan\u00e7amento do filme C\u00e2ncer com Ascendente em Virgem<\/span>\n\n\t\t\t\t\t\t\t\t\t\t\t<\/div>\n\t\t\t\t<\/a>\n\t\t\t<\/li>\n\t\t\t\t\t<li class=\"elementor-icon-list-item   \">\n\t\t\t\t<a href=\"https:\/\/femama.org.br\/site\/noticias-recentes\/femama-busca-o-apoio-de-parlamentares-durante-o-outubro-rosa\/\" >\n\t\t\t\t\t\t\t\t\t\t<div class=\"ekit_post_list_content_wraper\">\n\t\t\t\t\t\t\n\t\t\t\t\t\t<span class=\"elementor-icon-list-text\">FEMAMA busca o apoio de parlamentares durante o Outubro Rosa<\/span>\n\n\t\t\t\t\t\t\t\t\t\t\t<\/div>\n\t\t\t\t<\/a>\n\t\t\t<\/li>\n\t\t\t\t\t<li class=\"elementor-icon-list-item   \">\n\t\t\t\t<a href=\"https:\/\/femama.org.br\/site\/noticias-recentes\/vitoria-olaparibe-sera-incorporado-no-sistema-unico-de-saude\/\" >\n\t\t\t\t\t\t\t\t\t\t<div class=\"ekit_post_list_content_wraper\">\n\t\t\t\t\t\t\n\t\t\t\t\t\t<span class=\"elementor-icon-list-text\">Vit\u00f3ria! Olaparibe ser\u00e1 incorporado no Sistema \u00danico de Sa\u00fade<\/span>\n\n\t\t\t\t\t\t\t\t\t\t\t<\/div>\n\t\t\t\t<\/a>\n\t\t\t<\/li>\n\t\t\t\t\t<li class=\"elementor-icon-list-item   \">\n\t\t\t\t<a href=\"https:\/\/femama.org.br\/site\/noticias-recentes\/femama-busca-o-apoio-de-parlamentares-durante-o-outubro-rosa\/\" >\n\t\t\t\t\t\t\t\t\t\t<div class=\"ekit_post_list_content_wraper\">\n\t\t\t\t\t\t\n\t\t\t\t\t\t<span class=\"elementor-icon-list-text\">FEMAMA busca o apoio de parlamentares durante o Outubro Rosa<\/span>\n\n\t\t\t\t\t\t\t\t\t\t\t<\/div>\n\t\t\t\t<\/a>\n\t\t\t<\/li>\n\t\t\t\t\t<li class=\"elementor-icon-list-item   \">\n\t\t\t\t<a href=\"https:\/\/femama.org.br\/site\/sem-categoria\/femama-participa-da-do-pre-lancamento-do-filme-cancer-com-ascendente-em-virgem\/\" >\n\t\t\t\t\t\t\t\t\t\t<div class=\"ekit_post_list_content_wraper\">\n\t\t\t\t\t\t\n\t\t\t\t\t\t<span class=\"elementor-icon-list-text\">FEMAMA participa do pr\u00e9-lan\u00e7amento do filme C\u00e2ncer com Ascendente em Virgem<\/span>\n\n\t\t\t\t\t\t\t\t\t\t\t<\/div>\n\t\t\t\t<\/a>\n\t\t\t<\/li>\n\t\t\t\t\t<li class=\"elementor-icon-list-item   \">\n\t\t\t\t<a href=\"https:\/\/femama.org.br\/site\/femama-na-midia\/femama-participa-do-programa-democracia\/\" >\n\t\t\t\t\t\t\t\t\t\t<div class=\"ekit_post_list_content_wraper\">\n\t\t\t\t\t\t\n\t\t\t\t\t\t<span class=\"elementor-icon-list-text\">FEMAMA participa do programa Democracia<\/span>\n\n\t\t\t\t\t\t\t\t\t\t\t<\/div>\n\t\t\t\t<\/a>\n\t\t\t<\/li>\n\t\t\t\t\t<li class=\"elementor-icon-list-item   \">\n\t\t\t\t<a href=\"https:\/\/femama.org.br\/site\/sem-categoria\/na-linha-de-frente-do-controle-do-cancer-de-mama-estao-os-profissionais-da-atencao-basica\/\" >\n\t\t\t\t\t\t\t\t\t\t<div class=\"ekit_post_list_content_wraper\">\n\t\t\t\t\t\t\n\t\t\t\t\t\t<span class=\"elementor-icon-list-text\">Na linha de frente do controle do c\u00e2ncer de mama est\u00e3o os profissionais da aten\u00e7\u00e3o b\u00e1sica<\/span>\n\n\t\t\t\t\t\t\t\t\t\t\t<\/div>\n\t\t\t\t<\/a>\n\t\t\t<\/li>\n\t\t\t\t\t<li class=\"elementor-icon-list-item   \">\n\t\t\t\t<a href=\"https:\/\/femama.org.br\/site\/noticias-recentes\/cancer-de-mama\/mais-que-um-documento-pcdt-do-cancer-de-mama-e-a-construcao-de-um-sus-mais-humano\/\" >\n\t\t\t\t\t\t\t\t\t\t<div class=\"ekit_post_list_content_wraper\">\n\t\t\t\t\t\t\n\t\t\t\t\t\t<span class=\"elementor-icon-list-text\">Mais que um documento: PCDT do C\u00e2ncer de Mama e a constru\u00e7\u00e3o de um SUS mais humano<\/span>\n\n\t\t\t\t\t\t\t\t\t\t\t<\/div>\n\t\t\t\t<\/a>\n\t\t\t<\/li>\n\t\t\t\t<\/ul>\n\t\t<\/div>\t\t\t\t<\/div>\n\t\t\t\t<\/div>\n\t\t\t\t<\/div>\n\t\t\t\t<\/div>\n\t\t\t\t\t<\/div>\n\t\t\t\t<\/div>\n\t\t<div class=\"elementor-element elementor-element-faaa3f9 e-flex e-con-boxed e-con e-parent\" data-id=\"faaa3f9\" data-element_type=\"container\" data-e-type=\"container\" id=\"mapa\" data-settings=\"{&quot;jet_parallax_layout_list&quot;:[],&quot;background_background&quot;:&quot;classic&quot;}\">\n\t\t\t\t\t<div class=\"e-con-inner\">\n\t\t\t\t<div class=\"elementor-element elementor-element-80b688c elementor-widget elementor-widget-image\" data-id=\"80b688c\" data-element_type=\"widget\" data-e-type=\"widget\" data-widget_type=\"image.default\">\n\t\t\t\t<div class=\"elementor-widget-container\">\n\t\t\t\t\t\t\t\t\t\t\t\t\t\t\t\t<a href=\"https:\/\/biologicosbrasil.com.br\/viva-mais-todos-os-dias-fe\/\">\n\t\t\t\t\t\t\t<img decoding=\"async\" width=\"6250\" height=\"1250\" src=\"https:\/\/femama.org.br\/site\/wp-content\/uploads\/2024\/10\/Banner-Site-2000-x-400-px-25.png\" class=\"attachment-full size-full wp-image-26482\" alt=\"\" srcset=\"https:\/\/femama.org.br\/site\/wp-content\/uploads\/2024\/10\/Banner-Site-2000-x-400-px-25.png 6250w, https:\/\/femama.org.br\/site\/wp-content\/uploads\/2024\/10\/Banner-Site-2000-x-400-px-25-300x60.png 300w, https:\/\/femama.org.br\/site\/wp-content\/uploads\/2024\/10\/Banner-Site-2000-x-400-px-25-1024x205.png 1024w, https:\/\/femama.org.br\/site\/wp-content\/uploads\/2024\/10\/Banner-Site-2000-x-400-px-25-768x154.png 768w, https:\/\/femama.org.br\/site\/wp-content\/uploads\/2024\/10\/Banner-Site-2000-x-400-px-25-1536x307.png 1536w, https:\/\/femama.org.br\/site\/wp-content\/uploads\/2024\/10\/Banner-Site-2000-x-400-px-25-2048x410.png 2048w\" sizes=\"(max-width: 6250px) 100vw, 6250px\" \/>\t\t\t\t\t\t\t\t<\/a>\n\t\t\t\t\t\t\t\t\t\t\t\t\t\t\t<\/div>\n\t\t\t\t<\/div>\n\t\t\t\t<div class=\"elementor-element elementor-element-49c3d01 elementor-widget elementor-widget-image\" data-id=\"49c3d01\" data-element_type=\"widget\" data-e-type=\"widget\" data-widget_type=\"image.default\">\n\t\t\t\t<div class=\"elementor-widget-container\">\n\t\t\t\t\t\t\t\t\t\t\t\t\t\t\t<img loading=\"lazy\" decoding=\"async\" width=\"2000\" height=\"400\" src=\"https:\/\/femama.org.br\/site\/wp-content\/uploads\/2024\/10\/Banner-Site-2000-x-400-px-4.png\" class=\"attachment-full size-full wp-image-26155\" alt=\"\" srcset=\"https:\/\/femama.org.br\/site\/wp-content\/uploads\/2024\/10\/Banner-Site-2000-x-400-px-4.png 2000w, https:\/\/femama.org.br\/site\/wp-content\/uploads\/2024\/10\/Banner-Site-2000-x-400-px-4-300x60.png 300w, https:\/\/femama.org.br\/site\/wp-content\/uploads\/2024\/10\/Banner-Site-2000-x-400-px-4-1024x205.png 1024w, https:\/\/femama.org.br\/site\/wp-content\/uploads\/2024\/10\/Banner-Site-2000-x-400-px-4-768x154.png 768w, https:\/\/femama.org.br\/site\/wp-content\/uploads\/2024\/10\/Banner-Site-2000-x-400-px-4-1536x307.png 1536w\" sizes=\"(max-width: 2000px) 100vw, 2000px\" \/>\t\t\t\t\t\t\t\t\t\t\t\t\t\t\t<\/div>\n\t\t\t\t<\/div>\n\t\t\t\t\t<\/div>\n\t\t\t\t<\/div>\n\t\t<div class=\"elementor-element elementor-element-786c7ff e-con-full e-flex e-con e-parent\" data-id=\"786c7ff\" data-element_type=\"container\" data-e-type=\"container\" data-settings=\"{&quot;jet_parallax_layout_list&quot;:[]}\">\n\t\t\t\t<div class=\"elementor-element elementor-element-9b40856 elementor-widget elementor-widget-wpgb-facet\" data-id=\"9b40856\" data-element_type=\"widget\" data-e-type=\"widget\" data-widget_type=\"wpgb-facet.default\">\n\t\t\t\t<div class=\"elementor-widget-container\">\n\t\t\t\t\t<div class=\"wpgb-facet wpgb-loading wpgb-facet-1 wpgb-style-1\" data-facet=\"1\" data-grid=\"4\">\t<fieldset>\n\t\t<legend class=\"wpgb-facet-title wpgb-sr-only\">Mapa<\/legend>\n\t\t<div class=\"wpgb-map-facet\" style=\"padding-bottom:20%\"><\/div>\t<\/fieldset>\n\t<\/div>\t\t\t\t<\/div>\n\t\t\t\t<\/div>\n\t\t\t\t<div class=\"elementor-element elementor-element-d3aa80a elementor-absolute elementor-widget elementor-widget-html\" data-id=\"d3aa80a\" data-element_type=\"widget\" data-e-type=\"widget\" data-settings=\"{&quot;_position&quot;:&quot;absolute&quot;}\" data-widget_type=\"html.default\">\n\t\t\t\t<div class=\"elementor-widget-container\">\n\t\t\t\t\t<div id=\"loader\" style=\"display: none;\">\n    <div class=\"spinner\"><\/div>\n<\/div>\n<style>\n#loader {\n    position: fixed;\n    left: 50%;\n    top: 50%;\n    transform: translate(-50%, -50%);\n    z-index: 9999; \/* Certifique-se de que esteja acima de outros elementos *\/\n    background: rgba(255, 255, 255, 0.8); \/* Fundo branco semi-transparente *\/\n    border-radius: 8px;\n    padding: 20px;\n    text-align: center;\n}\n\n.spinner {\n    border: 8px solid #f3f3f3; \/* Cor da parte externa *\/\n    border-top: 8px solid #db6c9b; \/* Cor da parte interna *\/\n    border-radius: 50%;\n    width: 40px;\n    height: 40px;\n    animation: spin 2s linear infinite;\n}\n\n@keyframes spin {\n    0% { transform: rotate(0deg); }\n    100% { transform: rotate(360deg); }\n}\n<\/style>\t\t\t\t<\/div>\n\t\t\t\t<\/div>\n\t\t\t\t<\/div>\n\t\t<div class=\"elementor-element elementor-element-c6452fc elementor-hidden-desktop elementor-hidden-tablet elementor-hidden-mobile e-flex e-con-boxed e-con e-parent\" data-id=\"c6452fc\" data-element_type=\"container\" data-e-type=\"container\" data-settings=\"{&quot;jet_parallax_layout_list&quot;:[],&quot;background_background&quot;:&quot;classic&quot;}\">\n\t\t\t\t\t<div class=\"e-con-inner\">\n\t\t\t\t<div class=\"elementor-element elementor-element-f458cf1 elementor-widget elementor-widget-wpgb-grid\" data-id=\"f458cf1\" data-element_type=\"widget\" data-e-type=\"widget\" data-widget_type=\"wpgb-grid.default\">\n\t\t\t\t<div class=\"elementor-widget-container\">\n\t\t\t\t\t<!-- Gridbuilder \u1d42\u1d3e Plugin (https:\/\/wpgridbuilder.com) -->\n<div class=\"wp-grid-builder wpgb-grid-4\" data-options=\"{&quot;id&quot;:4,&quot;type&quot;:&quot;masonry&quot;,&quot;source&quot;:&quot;post_type&quot;,&quot;loader&quot;:true,&quot;layout&quot;:&quot;vertical&quot;,&quot;reveal&quot;:1,&quot;isMainQuery&quot;:false,&quot;lazyLoad&quot;:false,&quot;cardSizes&quot;:{&quot;9999&quot;:{&quot;columns&quot;:1,&quot;height&quot;:240,&quot;gutter&quot;:40,&quot;ratio&quot;:&quot;1.33333&quot;},&quot;1920&quot;:{&quot;columns&quot;:1,&quot;height&quot;:240,&quot;gutter&quot;:40,&quot;ratio&quot;:&quot;1.33333&quot;},&quot;1680&quot;:{&quot;columns&quot;:1,&quot;height&quot;:220,&quot;gutter&quot;:40,&quot;ratio&quot;:&quot;1.33333&quot;},&quot;1180&quot;:{&quot;columns&quot;:1,&quot;height&quot;:220,&quot;gutter&quot;:40,&quot;ratio&quot;:&quot;1.33333&quot;},&quot;1080&quot;:{&quot;columns&quot;:1,&quot;height&quot;:200,&quot;gutter&quot;:40,&quot;ratio&quot;:&quot;1.33333&quot;},&quot;767&quot;:{&quot;columns&quot;:1,&quot;height&quot;:200,&quot;gutter&quot;:40,&quot;ratio&quot;:&quot;1.33333&quot;}},&quot;fitRows&quot;:true,&quot;equalRows&quot;:0,&quot;equalColumns&quot;:false,&quot;fillLastRow&quot;:0,&quot;centerLastRow&quot;:0,&quot;horizontalOrder&quot;:true,&quot;fullWidth&quot;:false,&quot;transitionDelay&quot;:60,&quot;gallerySlideshow&quot;:false,&quot;rowsNumber&quot;:1,&quot;slideAlign&quot;:&quot;left&quot;,&quot;groupCells&quot;:1,&quot;draggable&quot;:true,&quot;initialIndex&quot;:0,&quot;contain&quot;:false,&quot;freeScroll&quot;:false,&quot;freeFriction&quot;:&quot;0.075&quot;,&quot;friction&quot;:&quot;0.285&quot;,&quot;attraction&quot;:&quot;0.025&quot;,&quot;autoPlay&quot;:0,&quot;pageDotAriaLabel&quot;:&quot;Page dot %d&quot;,&quot;isPreview&quot;:false,&quot;isGutenberg&quot;:false,&quot;rightToLeft&quot;:false}\"><div class=\"wpgb-svg-icons\" hidden>\n\t<svg viewBox=\"0 0 120 24\" width=\"0\" height=\"0\">\n\t<defs>\n        <polygon id=\"wpgb-star-svg\" points=\"12 2.5 15.1 8.8 22 9.8 17 14.6 18.2 21.5 12 18.3 5.8 21.5 7 14.6 2 9.8 8.9 8.8\"><\/polygon>\n    <\/defs>\n    <symbol id=\"wpgb-rating-stars-svg\">\n        <use xlink:href=\"#wpgb-star-svg\"><\/use>\n        <use xlink:href=\"#wpgb-star-svg\" x=\"24\"><\/use>\n        <use xlink:href=\"#wpgb-star-svg\" x=\"48\"><\/use>\n        <use xlink:href=\"#wpgb-star-svg\" x=\"72\"><\/use>\n        <use xlink:href=\"#wpgb-star-svg\" x=\"96\"><\/use>\n    <\/symbol>\n<\/svg>\n<\/div>\n<div class=\"wpgb-wrapper\">\n\t<div class=\"wpgb-main\">\n\t<div class=\"wpgb-layout\">\n\t<div class=\"wpgb-viewport\">\n\t\t<div class=\"wpgb-masonry\">\n\t\t\t<article class=\"wpgb-card wpgb-card-22 wpgb-post-28428 wpgb-card-hidden\" data-col=\"1\" data-row=\"1\" data-format=\"standard\"><div class=\"wpgb-card-wrapper\"><div class=\"wpgb-card-inner\"><div class=\"wpgb-card-header wpgb-scheme-dark\"><div class=\"wpgb-block-6\"><span id=\"post-28428\" \/><\/span><\/div><h4 class=\"wpgb-block-1\">N\u00e3o H\u00e1 Mal Que Dure Cem Anos<\/h4><div class=\"wpgb-block-3\"><p data-start=\"130\" data-end=\"257\">Sess\u00f5es de exibi\u00e7\u00e3o comentadas, com Helena Colino.<\/p><\/div><\/div><div class=\"wpgb-card-content wpgb-scheme-dark\"><div class=\"wpgb-card-body\"><div class=\"wpgb-block-2\">Quando?  <\/div><div class=\"wpgb-block-5\">07\/10\/2025<\/div><div class=\"wpgb-block-4\"><b>Onde?<\/b> Av. Pres. Get\u00falio Vargas, 3653 - Vila Izabel, Curitiba - PR, 80240-041, Brasil<\/div><\/div><\/div><\/div><\/div><\/article><article class=\"wpgb-card wpgb-card-22 wpgb-post-28425 wpgb-card-hidden\" data-col=\"1\" data-row=\"1\" data-format=\"standard\"><div class=\"wpgb-card-wrapper\"><div class=\"wpgb-card-inner\"><div class=\"wpgb-card-header wpgb-scheme-dark\"><div class=\"wpgb-block-6\"><span id=\"post-28425\" \/><\/span><\/div><h4 class=\"wpgb-block-1\">N\u00e3o H\u00e1 Mal Que Dure Cem Anos<\/h4><div class=\"wpgb-block-3\"><p data-start=\"130\" data-end=\"257\">Um encontro especial para lembrar que sa\u00fade e autocuidado tamb\u00e9m fazem parte da rotina de quem movimenta o com\u00e9rcio exterior.<\/p>\n<p data-start=\"259\" data-end=\"532\">Exibi\u00e7\u00e3o do mini document\u00e1rio\u00a0<strong data-start=\"292\" data-end=\"326\">&#8220;N\u00e3o h\u00e1 mal que dure cem anos&#8221;<\/strong>, produzido por\u00a0<strong data-start=\"342\" data-end=\"359\">Helena Colino<\/strong>, documentarista que superou o c\u00e2ncer de mama.<\/p>\n<p data-start=\"259\" data-end=\"532\"><br data-start=\"389\" data-end=\"392\" \/>Sess\u00e3o de\u00a0<strong data-start=\"405\" data-end=\"426\">Colora\u00e7\u00e3o Pessoal<\/strong>\u00a0para refor\u00e7ar sua confian\u00e7a e estilo.<br data-start=\"464\" data-end=\"467\" \/>Experi\u00eancia de\u00a0<strong data-start=\"484\" data-end=\"503\">Coffee Especial<\/strong>\u00a0para networking e conex\u00e3o.<\/p><\/div><\/div><div class=\"wpgb-card-content wpgb-scheme-dark\"><div class=\"wpgb-card-body\"><div class=\"wpgb-block-2\">Quando?  <\/div><div class=\"wpgb-block-5\">29\/10\/2025<\/div><div class=\"wpgb-block-4\"><b>Onde?<\/b> FAE Business School - Avenida Visconde de Guarapuava - Centro, Curitiba - PR, Brasil<\/div><\/div><\/div><\/div><\/div><\/article><article class=\"wpgb-card wpgb-card-22 wpgb-post-28355 wpgb-card-hidden\" data-col=\"1\" data-row=\"1\" data-format=\"standard\"><div class=\"wpgb-card-wrapper\"><div class=\"wpgb-card-inner\"><div class=\"wpgb-card-header wpgb-scheme-dark\"><div class=\"wpgb-block-6\"><span id=\"post-28355\" \/><\/span><\/div><h4 class=\"wpgb-block-1\">Juntos Contra o C\u00e2ncer de Mama<\/h4><\/div><div class=\"wpgb-card-content wpgb-scheme-dark\"><div class=\"wpgb-card-body\"><div class=\"wpgb-block-2\">Quando?  <\/div><div class=\"wpgb-block-5\">25\/10\/2025<\/div><div class=\"wpgb-block-4\"><b>Onde?<\/b> Pra\u00e7a Dr. Aramis Paiva - Centro, Canind\u00e9 - CE, Brasil<\/div><\/div><\/div><\/div><\/div><\/article><article class=\"wpgb-card wpgb-card-22 wpgb-post-28348 wpgb-card-hidden\" data-col=\"1\" data-row=\"1\" data-format=\"standard\"><div class=\"wpgb-card-wrapper\"><div class=\"wpgb-card-inner\"><div class=\"wpgb-card-header wpgb-scheme-dark\"><div class=\"wpgb-block-6\"><span id=\"post-28348\" \/><\/span><\/div><h4 class=\"wpgb-block-1\">Tarde com Educadora F\u00edsica Prof\u00aa Eliete<\/h4><\/div><div class=\"wpgb-card-content wpgb-scheme-dark\"><div class=\"wpgb-card-body\"><div class=\"wpgb-block-2\">Quando?  <\/div><div class=\"wpgb-block-5\">18\/10\/2025<\/div><div class=\"wpgb-block-4\"><b>Onde?<\/b> Planalto Piscinas - Conj. Campos El\u00edseos - Planalto, Manaus - Amazonas, Brasil<\/div><\/div><\/div><\/div><\/div><\/article><article class=\"wpgb-card wpgb-card-22 wpgb-post-28346 wpgb-card-hidden\" data-col=\"1\" data-row=\"1\" data-format=\"standard\"><div class=\"wpgb-card-wrapper\"><div class=\"wpgb-card-inner\"><div class=\"wpgb-card-header wpgb-scheme-dark\"><div class=\"wpgb-block-6\"><span id=\"post-28346\" \/><\/span><\/div><h4 class=\"wpgb-block-1\">S\u00e1bado Rosa<\/h4><\/div><div class=\"wpgb-card-content wpgb-scheme-dark\"><div class=\"wpgb-card-body\"><div class=\"wpgb-block-2\">Quando?  <\/div><div class=\"wpgb-block-5\">18\/10\/2025<\/div><div class=\"wpgb-block-4\"><b>Onde?<\/b> Piumhi T\u00eanis Clube - Avenida Francisco Machado - Aeroporto, Piumhi - MG, Brasil<\/div><\/div><\/div><\/div><\/div><\/article><article class=\"wpgb-card wpgb-card-22 wpgb-post-28313 wpgb-card-hidden\" data-col=\"1\" data-row=\"1\" data-format=\"standard\"><div class=\"wpgb-card-wrapper\"><div class=\"wpgb-card-inner\"><div class=\"wpgb-card-header wpgb-scheme-dark\"><div class=\"wpgb-block-6\"><span id=\"post-28313\" \/><\/span><\/div><h4 class=\"wpgb-block-1\">Arrecada\u00e7\u00e3o de cabelos: Floripa Shopping<\/h4><div class=\"wpgb-block-3\"><p>Arrecada\u00e7\u00e3o de cabelos: Floripa Shopping<\/p><\/div><\/div><div class=\"wpgb-card-content wpgb-scheme-dark\"><div class=\"wpgb-card-body\"><div class=\"wpgb-block-2\">Quando?  <\/div><div class=\"wpgb-block-5\">01\/10\/2025<\/div><div class=\"wpgb-block-4\"><b>Onde?<\/b> Floripa Shopping - SC-401 - Saco Grande, Florian\u00f3polis - SC, Brasil<\/div><\/div><\/div><\/div><\/div><\/article><article class=\"wpgb-card wpgb-card-22 wpgb-post-28311 wpgb-card-hidden\" data-col=\"1\" data-row=\"1\" data-format=\"standard\"><div class=\"wpgb-card-wrapper\"><div class=\"wpgb-card-inner\"><div class=\"wpgb-card-header wpgb-scheme-dark\"><div class=\"wpgb-block-6\"><span id=\"post-28311\" \/><\/span><\/div><h4 class=\"wpgb-block-1\">Arrecada\u00e7\u00e3o de cabelos:  Sal\u00e3o La Belle<\/h4><div class=\"wpgb-block-3\"><p>Arrecada\u00e7\u00e3o de cabelos: Sal\u00e3o La Belle &#8211; Coqueiros<\/p><\/div><\/div><div class=\"wpgb-card-content wpgb-scheme-dark\"><div class=\"wpgb-card-body\"><div class=\"wpgb-block-2\">Quando?  <\/div><div class=\"wpgb-block-5\">01\/10\/2025<\/div><div class=\"wpgb-block-4\"><b>Onde?<\/b> Av. Eng. Max de Souza, 2165 - Coqueiros, Florian\u00f3polis - SC, Brasil<\/div><\/div><\/div><\/div><\/div><\/article><article class=\"wpgb-card wpgb-card-22 wpgb-post-28310 wpgb-card-hidden\" data-col=\"1\" data-row=\"1\" data-format=\"standard\"><div class=\"wpgb-card-wrapper\"><div class=\"wpgb-card-inner\"><div class=\"wpgb-card-header wpgb-scheme-dark\"><div class=\"wpgb-block-6\"><span id=\"post-28310\" \/><\/span><\/div><h4 class=\"wpgb-block-1\">Espet\u00e1culo Coral Vozes de Santa Catarina<\/h4><div class=\"wpgb-block-3\"><p>Espet\u00e1culo Coral Vozes de Santa Catarina no Floripa Shopping<\/p><\/div><\/div><div class=\"wpgb-card-content wpgb-scheme-dark\"><div class=\"wpgb-card-body\"><div class=\"wpgb-block-2\">Quando?  <\/div><div class=\"wpgb-block-5\">21\/10\/2025<\/div><div class=\"wpgb-block-4\"><b>Onde?<\/b> Floripa Shopping - Acesso \u00e0 Rodovia Jos\u00e9 Carlos Daux - Jo\u00e3o Paulo, Florian\u00f3polis - SC, Brasil<\/div><\/div><\/div><\/div><\/div><\/article><article class=\"wpgb-card wpgb-card-22 wpgb-post-28309 wpgb-card-hidden\" data-col=\"1\" data-row=\"1\" data-format=\"standard\"><div class=\"wpgb-card-wrapper\"><div class=\"wpgb-card-inner\"><div class=\"wpgb-card-header wpgb-scheme-dark\"><div class=\"wpgb-block-6\"><span id=\"post-28309\" \/><\/span><\/div><h4 class=\"wpgb-block-1\">Corrida\/Caminhada Sociedade Brasileira de Mastologia &#8211; SBM<\/h4><div class=\"wpgb-block-3\"><p>Corrida\/Caminhada Sociedade Brasileira de Mastologia-SBM &#8211; apoio AMUCC<\/p><\/div><\/div><div class=\"wpgb-card-content wpgb-scheme-dark\"><div class=\"wpgb-card-body\"><div class=\"wpgb-block-2\">Quando?  <\/div><div class=\"wpgb-block-5\">19\/10\/2025<\/div><div class=\"wpgb-block-4\"><b>Onde?<\/b> Beira-mar Norte - Avenida Beira Mar Norte - Centro, Florian\u00f3polis - SC, Brasil<\/div><\/div><\/div><\/div><\/div><\/article><article class=\"wpgb-card wpgb-card-22 wpgb-post-28308 wpgb-card-hidden\" data-col=\"1\" data-row=\"1\" data-format=\"standard\"><div class=\"wpgb-card-wrapper\"><div class=\"wpgb-card-inner\"><div class=\"wpgb-card-header wpgb-scheme-dark\"><div class=\"wpgb-block-6\"><span id=\"post-28308\" \/><\/span><\/div><h4 class=\"wpgb-block-1\">Floripa Shopping Veste Rosa<\/h4><div class=\"wpgb-block-3\"><p>Floripa Shopping Veste Rosa &#8211; Desfile Floripa EcoFashion<\/p><\/div><\/div><div class=\"wpgb-card-content wpgb-scheme-dark\"><div class=\"wpgb-card-body\"><div class=\"wpgb-block-2\">Quando?  <\/div><div class=\"wpgb-block-5\">16\/10\/2025<\/div><div class=\"wpgb-block-4\"><b>Onde?<\/b> Floripa Shopping - SC-401 - Saco Grande, Florian\u00f3polis - SC, Brasil<\/div><\/div><\/div><\/div><\/div><\/article><article class=\"wpgb-card wpgb-card-22 wpgb-post-28307 wpgb-card-hidden\" data-col=\"1\" data-row=\"1\" data-format=\"standard\"><div class=\"wpgb-card-wrapper\"><div class=\"wpgb-card-inner\"><div class=\"wpgb-card-header wpgb-scheme-dark\"><div class=\"wpgb-block-6\"><span id=\"post-28307\" \/><\/span><\/div><h4 class=\"wpgb-block-1\">Espet\u00e1culo Outubro Rosa<\/h4><div class=\"wpgb-block-3\"><p>Espet\u00e1culo Outubro Rosa AMUCC 25 anos de Amor e Uni\u00e3o Contra o C\u00e2ncer com o Coral Vozes de Santa Catarina<\/p><\/div><\/div><div class=\"wpgb-card-content wpgb-scheme-dark\"><div class=\"wpgb-card-body\"><div class=\"wpgb-block-2\">Quando?  <\/div><div class=\"wpgb-block-5\">14\/10\/2025<\/div><div class=\"wpgb-block-4\"><b>Onde?<\/b> Teatro \u00c1lvaro de Carvalho - Rua Marechal Guilherme - Centro, Florian\u00f3polis - SC, Brasil<\/div><\/div><\/div><\/div><\/div><\/article><article class=\"wpgb-card wpgb-card-22 wpgb-post-28306 wpgb-card-hidden\" data-col=\"1\" data-row=\"1\" data-format=\"standard\"><div class=\"wpgb-card-wrapper\"><div class=\"wpgb-card-inner\"><div class=\"wpgb-card-header wpgb-scheme-dark\"><div class=\"wpgb-block-6\"><span id=\"post-28306\" \/><\/span><\/div><h4 class=\"wpgb-block-1\">Sess\u00e3o Solene 25 anos AMUCC<\/h4><div class=\"wpgb-block-3\"><p>Sess\u00e3o Solene 25 anos AMUCC na ALESC e exposi\u00e7\u00e3o fotogr\u00e1fica<\/p><\/div><\/div><div class=\"wpgb-card-content wpgb-scheme-dark\"><div class=\"wpgb-card-body\"><div class=\"wpgb-block-2\">Quando?  <\/div><div class=\"wpgb-block-5\">13\/10\/2025<\/div><div class=\"wpgb-block-4\"><b>Onde?<\/b> Rua Doutor Jorge Luz Fontes, 310 - Centro, Florian\u00f3polis - SC, Brasil<\/div><\/div><\/div><\/div><\/div><\/article>\t\t<\/div>\n\t<\/div>\n\t<div class=\"wpgb-loader\">\n\t<div class=\"wpgb-loader-6\">\n\t\t<div><\/div><div><\/div><div><\/div>\t<\/div>\n<\/div>\n<\/div>\n\t<\/div>\n\t\t<\/div>\n<\/div>\n\t\t\t\t<\/div>\n\t\t\t\t<\/div>\n\t\t\t\t\t<\/div>\n\t\t\t\t<\/div>\n\t\t<div class=\"elementor-element elementor-element-604b8f8 e-flex e-con-boxed e-con e-parent\" data-id=\"604b8f8\" data-element_type=\"container\" data-e-type=\"container\" data-settings=\"{&quot;background_background&quot;:&quot;classic&quot;,&quot;jet_parallax_layout_list&quot;:[]}\">\n\t\t\t\t\t<div class=\"e-con-inner\">\n\t\t\t\t<div class=\"elementor-element elementor-element-952028d elementor-widget elementor-widget-image\" data-id=\"952028d\" data-element_type=\"widget\" data-e-type=\"widget\" data-widget_type=\"image.default\">\n\t\t\t\t<div class=\"elementor-widget-container\">\n\t\t\t\t\t\t\t\t\t\t\t\t\t\t\t<img loading=\"lazy\" decoding=\"async\" width=\"800\" height=\"168\" src=\"https:\/\/femama.org.br\/site\/wp-content\/uploads\/2024\/09\/lettering.jpg-1-1024x215.png\" class=\"attachment-large size-large wp-image-26048\" alt=\"\" srcset=\"https:\/\/femama.org.br\/site\/wp-content\/uploads\/2024\/09\/lettering.jpg-1-1024x215.png 1024w, https:\/\/femama.org.br\/site\/wp-content\/uploads\/2024\/09\/lettering.jpg-1-300x63.png 300w, https:\/\/femama.org.br\/site\/wp-content\/uploads\/2024\/09\/lettering.jpg-1-768x161.png 768w, https:\/\/femama.org.br\/site\/wp-content\/uploads\/2024\/09\/lettering.jpg-1-1536x322.png 1536w, https:\/\/femama.org.br\/site\/wp-content\/uploads\/2024\/09\/lettering.jpg-1.png 1741w\" sizes=\"(max-width: 800px) 100vw, 800px\" \/>\t\t\t\t\t\t\t\t\t\t\t\t\t\t\t<\/div>\n\t\t\t\t<\/div>\n\t\t\t\t\t<\/div>\n\t\t\t\t<\/div>\n\t\t<div class=\"elementor-element elementor-element-12d307b e-flex e-con-boxed e-con e-parent\" data-id=\"12d307b\" data-element_type=\"container\" data-e-type=\"container\" data-settings=\"{&quot;background_background&quot;:&quot;classic&quot;,&quot;jet_parallax_layout_list&quot;:[]}\">\n\t\t\t\t\t<div class=\"e-con-inner\">\n\t\t\t\t<div class=\"elementor-element elementor-element-a1632c4 elementor-widget elementor-widget-image\" data-id=\"a1632c4\" data-element_type=\"widget\" data-e-type=\"widget\" data-widget_type=\"image.default\">\n\t\t\t\t<div class=\"elementor-widget-container\">\n\t\t\t\t\t\t\t\t\t\t\t\t\t\t\t<img loading=\"lazy\" decoding=\"async\" width=\"2000\" height=\"400\" src=\"https:\/\/femama.org.br\/site\/wp-content\/uploads\/2024\/10\/Banner-Site-2000-x-400-px-1.png\" class=\"attachment-full size-full wp-image-26152\" alt=\"\" srcset=\"https:\/\/femama.org.br\/site\/wp-content\/uploads\/2024\/10\/Banner-Site-2000-x-400-px-1.png 2000w, https:\/\/femama.org.br\/site\/wp-content\/uploads\/2024\/10\/Banner-Site-2000-x-400-px-1-300x60.png 300w, https:\/\/femama.org.br\/site\/wp-content\/uploads\/2024\/10\/Banner-Site-2000-x-400-px-1-1024x205.png 1024w, https:\/\/femama.org.br\/site\/wp-content\/uploads\/2024\/10\/Banner-Site-2000-x-400-px-1-768x154.png 768w, https:\/\/femama.org.br\/site\/wp-content\/uploads\/2024\/10\/Banner-Site-2000-x-400-px-1-1536x307.png 1536w\" sizes=\"(max-width: 2000px) 100vw, 2000px\" \/>\t\t\t\t\t\t\t\t\t\t\t\t\t\t\t<\/div>\n\t\t\t\t<\/div>\n\t\t\t\t<div class=\"elementor-element elementor-element-cfa3843 elementor-widget elementor-widget-image\" data-id=\"cfa3843\" data-element_type=\"widget\" data-e-type=\"widget\" data-widget_type=\"image.default\">\n\t\t\t\t<div class=\"elementor-widget-container\">\n\t\t\t\t\t\t\t\t\t\t\t\t\t\t\t<img loading=\"lazy\" decoding=\"async\" width=\"2000\" height=\"400\" src=\"https:\/\/femama.org.br\/site\/wp-content\/uploads\/2024\/10\/Banner-Site-2000-x-400-px-22.png\" class=\"attachment-full size-full wp-image-26448\" alt=\"\" srcset=\"https:\/\/femama.org.br\/site\/wp-content\/uploads\/2024\/10\/Banner-Site-2000-x-400-px-22.png 2000w, https:\/\/femama.org.br\/site\/wp-content\/uploads\/2024\/10\/Banner-Site-2000-x-400-px-22-300x60.png 300w, https:\/\/femama.org.br\/site\/wp-content\/uploads\/2024\/10\/Banner-Site-2000-x-400-px-22-1024x205.png 1024w, https:\/\/femama.org.br\/site\/wp-content\/uploads\/2024\/10\/Banner-Site-2000-x-400-px-22-768x154.png 768w, https:\/\/femama.org.br\/site\/wp-content\/uploads\/2024\/10\/Banner-Site-2000-x-400-px-22-1536x307.png 1536w\" sizes=\"(max-width: 2000px) 100vw, 2000px\" \/>\t\t\t\t\t\t\t\t\t\t\t\t\t\t\t<\/div>\n\t\t\t\t<\/div>\n\t\t\t\t\t<\/div>\n\t\t\t\t<\/div>\n\t\t\t\t<\/div>\n\t\t","protected":false},"excerpt":{"rendered":"<p>Queremos conversar com todas as pessoas e democratizar o acesso \u00e0 informa\u00e7\u00e3o de qualidade sobre diagn\u00f3stico, tratamento do c\u00e2ncer e as pol\u00edticas p\u00fablicas de sa\u00fade para pacientes oncol\u00f3gicos no Brasil. https:\/\/www.youtube.com\/watch?v=280RsKiz2Ps Em 2024, a campanha oficial de Outubro Rosa da FEMAMA traz consigo a perspectiva, a voz e o sorriso de pacientes oncol\u00f3gicas de todas [&hellip;]<\/p>\n","protected":false},"author":7,"featured_media":0,"parent":0,"menu_order":0,"comment_status":"closed","ping_status":"closed","template":"","meta":{"_acf_changed":false,"footnotes":""},"class_list":["post-25996","page","type-page","status-publish","hentry"],"acf":[],"yoast_head":"<!-- This site is optimized with the Yoast SEO plugin v27.5 - https:\/\/yoast.com\/product\/yoast-seo-wordpress\/ -->\n<title>Outubro Rosa 2024 | FEMAMA<\/title>\n<meta name=\"robots\" content=\"index, follow, max-snippet:-1, max-image-preview:large, max-video-preview:-1\" \/>\n<link rel=\"canonical\" href=\"https:\/\/femama.org.br\/site\/outubro-rosa-2024\/\" \/>\n<meta property=\"og:locale\" content=\"pt_BR\" \/>\n<meta property=\"og:type\" content=\"article\" \/>\n<meta property=\"og:title\" content=\"Outubro Rosa 2024 | FEMAMA\" \/>\n<meta property=\"og:description\" content=\"Queremos conversar com todas as pessoas e democratizar o acesso \u00e0 informa\u00e7\u00e3o de qualidade sobre diagn\u00f3stico, tratamento do c\u00e2ncer e as pol\u00edticas p\u00fablicas de sa\u00fade para pacientes oncol\u00f3gicos no Brasil. https:\/\/www.youtube.com\/watch?v=280RsKiz2Ps Em 2024, a campanha oficial de Outubro Rosa da FEMAMA traz consigo a perspectiva, a voz e o sorriso de pacientes oncol\u00f3gicas de todas [&hellip;]\" \/>\n<meta property=\"og:url\" content=\"https:\/\/femama.org.br\/site\/outubro-rosa-2024\/\" \/>\n<meta property=\"og:site_name\" content=\"FEMAMA\" \/>\n<meta property=\"article:publisher\" content=\"https:\/\/www.facebook.com\/femamabrasil\" \/>\n<meta property=\"article:modified_time\" content=\"2025-10-01T00:16:31+00:00\" \/>\n<meta property=\"og:image\" content=\"https:\/\/femama.org.br\/site\/wp-content\/uploads\/2024\/10\/Banner-Site-19.png\" \/>\n\t<meta property=\"og:image:width\" content=\"1800\" \/>\n\t<meta property=\"og:image:height\" content=\"800\" \/>\n\t<meta property=\"og:image:type\" content=\"image\/png\" \/>\n<meta name=\"twitter:card\" content=\"summary_large_image\" \/>\n<meta name=\"twitter:site\" content=\"@femama_\" \/>\n<meta name=\"twitter:label1\" content=\"Est. tempo de leitura\" \/>\n\t<meta name=\"twitter:data1\" content=\"23 minutos\" \/>\n<script type=\"application\/ld+json\" class=\"yoast-schema-graph\">{\"@context\":\"https:\\\/\\\/schema.org\",\"@graph\":[{\"@type\":\"WebPage\",\"@id\":\"https:\\\/\\\/femama.org.br\\\/site\\\/outubro-rosa-2024\\\/\",\"url\":\"https:\\\/\\\/femama.org.br\\\/site\\\/outubro-rosa-2024\\\/\",\"name\":\"Outubro Rosa 2024 | FEMAMA\",\"isPartOf\":{\"@id\":\"https:\\\/\\\/femama.org.br\\\/site\\\/#website\"},\"primaryImageOfPage\":{\"@id\":\"https:\\\/\\\/femama.org.br\\\/site\\\/outubro-rosa-2024\\\/#primaryimage\"},\"image\":{\"@id\":\"https:\\\/\\\/femama.org.br\\\/site\\\/outubro-rosa-2024\\\/#primaryimage\"},\"thumbnailUrl\":\"https:\\\/\\\/femama.org.br\\\/site\\\/wp-content\\\/uploads\\\/2024\\\/10\\\/Banner-Site-19.png\",\"datePublished\":\"2024-09-13T18:58:03+00:00\",\"dateModified\":\"2025-10-01T00:16:31+00:00\",\"breadcrumb\":{\"@id\":\"https:\\\/\\\/femama.org.br\\\/site\\\/outubro-rosa-2024\\\/#breadcrumb\"},\"inLanguage\":\"pt-BR\",\"potentialAction\":[{\"@type\":\"ReadAction\",\"target\":[\"https:\\\/\\\/femama.org.br\\\/site\\\/outubro-rosa-2024\\\/\"]}]},{\"@type\":\"ImageObject\",\"inLanguage\":\"pt-BR\",\"@id\":\"https:\\\/\\\/femama.org.br\\\/site\\\/outubro-rosa-2024\\\/#primaryimage\",\"url\":\"https:\\\/\\\/femama.org.br\\\/site\\\/wp-content\\\/uploads\\\/2024\\\/10\\\/Banner-Site-19.png\",\"contentUrl\":\"https:\\\/\\\/femama.org.br\\\/site\\\/wp-content\\\/uploads\\\/2024\\\/10\\\/Banner-Site-19.png\",\"width\":1800,\"height\":800},{\"@type\":\"BreadcrumbList\",\"@id\":\"https:\\\/\\\/femama.org.br\\\/site\\\/outubro-rosa-2024\\\/#breadcrumb\",\"itemListElement\":[{\"@type\":\"ListItem\",\"position\":1,\"name\":\"In\u00edcio\",\"item\":\"https:\\\/\\\/femama.org.br\\\/site\\\/\"},{\"@type\":\"ListItem\",\"position\":2,\"name\":\"Outubro Rosa 2024\"}]},{\"@type\":\"WebSite\",\"@id\":\"https:\\\/\\\/femama.org.br\\\/site\\\/#website\",\"url\":\"https:\\\/\\\/femama.org.br\\\/site\\\/\",\"name\":\"FEMAMA\",\"description\":\"Federa\u00e7\u00e3o Brasileira de Institui\u00e7\u00f5es Filantr\u00f3picas de Apoio \u00e0 Sa\u00fade da Mama | C\u00e2ncer de mama\",\"publisher\":{\"@id\":\"https:\\\/\\\/femama.org.br\\\/site\\\/#organization\"},\"potentialAction\":[{\"@type\":\"SearchAction\",\"target\":{\"@type\":\"EntryPoint\",\"urlTemplate\":\"https:\\\/\\\/femama.org.br\\\/site\\\/?s={search_term_string}\"},\"query-input\":{\"@type\":\"PropertyValueSpecification\",\"valueRequired\":true,\"valueName\":\"search_term_string\"}}],\"inLanguage\":\"pt-BR\"},{\"@type\":\"Organization\",\"@id\":\"https:\\\/\\\/femama.org.br\\\/site\\\/#organization\",\"name\":\"Femama | Federa\u00e7\u00e3o Brasileira de Institui\u00e7\u00f5es Filantr\u00f3picas de Apoio \u00e0 Sa\u00fade da Mama | C\u00e2ncer de mama\",\"url\":\"https:\\\/\\\/femama.org.br\\\/site\\\/\",\"logo\":{\"@type\":\"ImageObject\",\"inLanguage\":\"pt-BR\",\"@id\":\"https:\\\/\\\/femama.org.br\\\/site\\\/#\\\/schema\\\/logo\\\/image\\\/\",\"url\":\"https:\\\/\\\/femama.org.br\\\/site\\\/wp-content\\\/uploads\\\/2021\\\/12\\\/logotipo-femama-horizontal.png\",\"contentUrl\":\"https:\\\/\\\/femama.org.br\\\/site\\\/wp-content\\\/uploads\\\/2021\\\/12\\\/logotipo-femama-horizontal.png\",\"width\":300,\"height\":92,\"caption\":\"Femama | Federa\u00e7\u00e3o Brasileira de Institui\u00e7\u00f5es Filantr\u00f3picas de Apoio \u00e0 Sa\u00fade da Mama | C\u00e2ncer de mama\"},\"image\":{\"@id\":\"https:\\\/\\\/femama.org.br\\\/site\\\/#\\\/schema\\\/logo\\\/image\\\/\"},\"sameAs\":[\"https:\\\/\\\/www.facebook.com\\\/femamabrasil\",\"https:\\\/\\\/x.com\\\/femama_\",\"https:\\\/\\\/www.instagram.com\\\/femama.brasil\\\/\",\"https:\\\/\\\/www.youtube.com\\\/user\\\/femamaorg\"]}]}<\/script>\n<!-- \/ Yoast SEO plugin. -->","yoast_head_json":{"title":"Outubro Rosa 2024 | FEMAMA","robots":{"index":"index","follow":"follow","max-snippet":"max-snippet:-1","max-image-preview":"max-image-preview:large","max-video-preview":"max-video-preview:-1"},"canonical":"https:\/\/femama.org.br\/site\/outubro-rosa-2024\/","og_locale":"pt_BR","og_type":"article","og_title":"Outubro Rosa 2024 | FEMAMA","og_description":"Queremos conversar com todas as pessoas e democratizar o acesso \u00e0 informa\u00e7\u00e3o de qualidade sobre diagn\u00f3stico, tratamento do c\u00e2ncer e as pol\u00edticas p\u00fablicas de sa\u00fade para pacientes oncol\u00f3gicos no Brasil. https:\/\/www.youtube.com\/watch?v=280RsKiz2Ps Em 2024, a campanha oficial de Outubro Rosa da FEMAMA traz consigo a perspectiva, a voz e o sorriso de pacientes oncol\u00f3gicas de todas [&hellip;]","og_url":"https:\/\/femama.org.br\/site\/outubro-rosa-2024\/","og_site_name":"FEMAMA","article_publisher":"https:\/\/www.facebook.com\/femamabrasil","article_modified_time":"2025-10-01T00:16:31+00:00","og_image":[{"width":1800,"height":800,"url":"https:\/\/femama.org.br\/site\/wp-content\/uploads\/2024\/10\/Banner-Site-19.png","type":"image\/png"}],"twitter_card":"summary_large_image","twitter_site":"@femama_","twitter_misc":{"Est. tempo de leitura":"23 minutos"},"schema":{"@context":"https:\/\/schema.org","@graph":[{"@type":"WebPage","@id":"https:\/\/femama.org.br\/site\/outubro-rosa-2024\/","url":"https:\/\/femama.org.br\/site\/outubro-rosa-2024\/","name":"Outubro Rosa 2024 | FEMAMA","isPartOf":{"@id":"https:\/\/femama.org.br\/site\/#website"},"primaryImageOfPage":{"@id":"https:\/\/femama.org.br\/site\/outubro-rosa-2024\/#primaryimage"},"image":{"@id":"https:\/\/femama.org.br\/site\/outubro-rosa-2024\/#primaryimage"},"thumbnailUrl":"https:\/\/femama.org.br\/site\/wp-content\/uploads\/2024\/10\/Banner-Site-19.png","datePublished":"2024-09-13T18:58:03+00:00","dateModified":"2025-10-01T00:16:31+00:00","breadcrumb":{"@id":"https:\/\/femama.org.br\/site\/outubro-rosa-2024\/#breadcrumb"},"inLanguage":"pt-BR","potentialAction":[{"@type":"ReadAction","target":["https:\/\/femama.org.br\/site\/outubro-rosa-2024\/"]}]},{"@type":"ImageObject","inLanguage":"pt-BR","@id":"https:\/\/femama.org.br\/site\/outubro-rosa-2024\/#primaryimage","url":"https:\/\/femama.org.br\/site\/wp-content\/uploads\/2024\/10\/Banner-Site-19.png","contentUrl":"https:\/\/femama.org.br\/site\/wp-content\/uploads\/2024\/10\/Banner-Site-19.png","width":1800,"height":800},{"@type":"BreadcrumbList","@id":"https:\/\/femama.org.br\/site\/outubro-rosa-2024\/#breadcrumb","itemListElement":[{"@type":"ListItem","position":1,"name":"In\u00edcio","item":"https:\/\/femama.org.br\/site\/"},{"@type":"ListItem","position":2,"name":"Outubro Rosa 2024"}]},{"@type":"WebSite","@id":"https:\/\/femama.org.br\/site\/#website","url":"https:\/\/femama.org.br\/site\/","name":"FEMAMA","description":"Federa\u00e7\u00e3o Brasileira de Institui\u00e7\u00f5es Filantr\u00f3picas de Apoio \u00e0 Sa\u00fade da Mama | C\u00e2ncer de mama","publisher":{"@id":"https:\/\/femama.org.br\/site\/#organization"},"potentialAction":[{"@type":"SearchAction","target":{"@type":"EntryPoint","urlTemplate":"https:\/\/femama.org.br\/site\/?s={search_term_string}"},"query-input":{"@type":"PropertyValueSpecification","valueRequired":true,"valueName":"search_term_string"}}],"inLanguage":"pt-BR"},{"@type":"Organization","@id":"https:\/\/femama.org.br\/site\/#organization","name":"Femama | Federa\u00e7\u00e3o Brasileira de Institui\u00e7\u00f5es Filantr\u00f3picas de Apoio \u00e0 Sa\u00fade da Mama | C\u00e2ncer de mama","url":"https:\/\/femama.org.br\/site\/","logo":{"@type":"ImageObject","inLanguage":"pt-BR","@id":"https:\/\/femama.org.br\/site\/#\/schema\/logo\/image\/","url":"https:\/\/femama.org.br\/site\/wp-content\/uploads\/2021\/12\/logotipo-femama-horizontal.png","contentUrl":"https:\/\/femama.org.br\/site\/wp-content\/uploads\/2021\/12\/logotipo-femama-horizontal.png","width":300,"height":92,"caption":"Femama | Federa\u00e7\u00e3o Brasileira de Institui\u00e7\u00f5es Filantr\u00f3picas de Apoio \u00e0 Sa\u00fade da Mama | C\u00e2ncer de mama"},"image":{"@id":"https:\/\/femama.org.br\/site\/#\/schema\/logo\/image\/"},"sameAs":["https:\/\/www.facebook.com\/femamabrasil","https:\/\/x.com\/femama_","https:\/\/www.instagram.com\/femama.brasil\/","https:\/\/www.youtube.com\/user\/femamaorg"]}]}},"_links":{"self":[{"href":"https:\/\/femama.org.br\/site\/wp-json\/wp\/v2\/pages\/25996","targetHints":{"allow":["GET"]}}],"collection":[{"href":"https:\/\/femama.org.br\/site\/wp-json\/wp\/v2\/pages"}],"about":[{"href":"https:\/\/femama.org.br\/site\/wp-json\/wp\/v2\/types\/page"}],"author":[{"embeddable":true,"href":"https:\/\/femama.org.br\/site\/wp-json\/wp\/v2\/users\/7"}],"replies":[{"embeddable":true,"href":"https:\/\/femama.org.br\/site\/wp-json\/wp\/v2\/comments?post=25996"}],"version-history":[{"count":112,"href":"https:\/\/femama.org.br\/site\/wp-json\/wp\/v2\/pages\/25996\/revisions"}],"predecessor-version":[{"id":28260,"href":"https:\/\/femama.org.br\/site\/wp-json\/wp\/v2\/pages\/25996\/revisions\/28260"}],"wp:attachment":[{"href":"https:\/\/femama.org.br\/site\/wp-json\/wp\/v2\/media?parent=25996"}],"curies":[{"name":"wp","href":"https:\/\/api.w.org\/{rel}","templated":true}]}}