{"id":26177,"date":"2024-10-01T17:09:27","date_gmt":"2024-10-01T20:09:27","guid":{"rendered":"https:\/\/femama.org.br\/site\/?page_id=26177"},"modified":"2025-02-04T16:50:47","modified_gmt":"2025-02-04T19:50:47","slug":"monitor-da-mama","status":"publish","type":"page","link":"https:\/\/femama.org.br\/site\/monitor-da-mama\/","title":{"rendered":"Monitor da Mama"},"content":{"rendered":"\t\t<div data-elementor-type=\"wp-page\" data-elementor-id=\"26177\" class=\"elementor elementor-26177\" data-elementor-post-type=\"page\">\n\t\t\t\t<div class=\"elementor-element elementor-element-e30e9fc e-flex e-con-boxed e-con e-parent\" data-id=\"e30e9fc\" data-element_type=\"container\" data-e-type=\"container\" data-settings=\"{&quot;background_background&quot;:&quot;classic&quot;,&quot;jet_parallax_layout_list&quot;:[]}\">\n\t\t\t\t\t<div class=\"e-con-inner\">\n\t\t\t\t<div class=\"elementor-element elementor-element-ab35318 elementor-widget elementor-widget-image\" data-id=\"ab35318\" data-element_type=\"widget\" data-e-type=\"widget\" data-widget_type=\"image.default\">\n\t\t\t\t<div class=\"elementor-widget-container\">\n\t\t\t\t\t\t\t\t\t\t\t\t\t\t\t<img fetchpriority=\"high\" decoding=\"async\" width=\"1800\" height=\"800\" src=\"https:\/\/femama.org.br\/site\/wp-content\/uploads\/2024\/10\/Banner-Site-20.png\" class=\"attachment-full size-full wp-image-26179\" alt=\"\" srcset=\"https:\/\/femama.org.br\/site\/wp-content\/uploads\/2024\/10\/Banner-Site-20.png 1800w, https:\/\/femama.org.br\/site\/wp-content\/uploads\/2024\/10\/Banner-Site-20-300x133.png 300w, https:\/\/femama.org.br\/site\/wp-content\/uploads\/2024\/10\/Banner-Site-20-1024x455.png 1024w, https:\/\/femama.org.br\/site\/wp-content\/uploads\/2024\/10\/Banner-Site-20-768x341.png 768w, https:\/\/femama.org.br\/site\/wp-content\/uploads\/2024\/10\/Banner-Site-20-1536x683.png 1536w\" sizes=\"(max-width: 1800px) 100vw, 1800px\" \/>\t\t\t\t\t\t\t\t\t\t\t\t\t\t\t<\/div>\n\t\t\t\t<\/div>\n\t\t\t\t<div class=\"elementor-element elementor-element-de2f178 elementor-widget-divider--view-line elementor-widget elementor-widget-divider\" data-id=\"de2f178\" data-element_type=\"widget\" data-e-type=\"widget\" data-widget_type=\"divider.default\">\n\t\t\t\t<div class=\"elementor-widget-container\">\n\t\t\t\t\t\t\t<div class=\"elementor-divider\">\n\t\t\t<span class=\"elementor-divider-separator\">\n\t\t\t\t\t\t<\/span>\n\t\t<\/div>\n\t\t\t\t\t\t<\/div>\n\t\t\t\t<\/div>\n\t\t\t\t<div class=\"elementor-element elementor-element-51685a1 elementor-widget elementor-widget-text-editor\" data-id=\"51685a1\" data-element_type=\"widget\" data-e-type=\"widget\" data-widget_type=\"text-editor.default\">\n\t\t\t\t<div class=\"elementor-widget-container\">\n\t\t\t\t\t\t\t\t\t<p>Acompanhe a tramita\u00e7\u00e3o de Projetos de Lei e Pol\u00edticas P\u00fablicas de sa\u00fade voltadas para atender as necessidades das pacientes de c\u00e2nceres femininos.<\/p>\t\t\t\t\t\t\t\t<\/div>\n\t\t\t\t<\/div>\n\t\t\t\t<div class=\"elementor-element elementor-element-c085338 elementor-widget elementor-widget-jet-table\" data-id=\"c085338\" data-element_type=\"widget\" data-e-type=\"widget\" data-widget_type=\"jet-table.default\">\n\t\t\t\t<div class=\"elementor-widget-container\">\n\t\t\t\t\t<div class=\"elementor-jet-table jet-elements\">\n\t\t<div class=\"jet-table-wrapper jet-table-responsive-mobile\">\n\t\t\t<table class=\"jet-table jet-table--fa5-compat\">\n\t\t\t\t<thead class=\"jet-table__head\"><tr class=\"jet-table__head-row\"><th class=\"jet-table__cell elementor-repeater-item-343544c jet-table__head-cell\" scope=\"col\"><div class=\"jet-table__cell-inner\"><div class=\"jet-table__cell-content\"><div class=\"jet-table__cell-text\">CASA DE ORIGEM<\/div><\/div><\/div><\/th><th class=\"jet-table__cell elementor-repeater-item-b4aba97 jet-table__head-cell\" scope=\"col\"><div class=\"jet-table__cell-inner\"><div class=\"jet-table__cell-content\"><div class=\"jet-table__cell-text\">PROPOSI\u00c7\u00c3O<\/div><\/div><\/div><\/th><th class=\"jet-table__cell elementor-repeater-item-de5ee8b jet-table__head-cell\" scope=\"col\"><div class=\"jet-table__cell-inner\"><div class=\"jet-table__cell-content\"><div class=\"jet-table__cell-text\">AUTOR<\/div><\/div><\/div><\/th><th class=\"jet-table__cell elementor-repeater-item-aab1e13 jet-table__head-cell\" scope=\"col\"><div class=\"jet-table__cell-inner\"><div class=\"jet-table__cell-content\"><div class=\"jet-table__cell-text\">APRESENTA\u00c7\u00c3O<\/div><\/div><\/div><\/th><th class=\"jet-table__cell elementor-repeater-item-4dbf383 jet-table__head-cell\" scope=\"col\"><div class=\"jet-table__cell-inner\"><div class=\"jet-table__cell-content\"><div class=\"jet-table__cell-text\">EMENTA<\/div><\/div><\/div><\/th><th class=\"jet-table__cell elementor-repeater-item-3cffc3b jet-table__head-cell\" scope=\"col\"><div class=\"jet-table__cell-inner\"><div class=\"jet-table__cell-content\"><div class=\"jet-table__cell-text\">TEMAS<\/div><\/div><\/div><\/th><th class=\"jet-table__cell elementor-repeater-item-46457e6 jet-table__head-cell\" scope=\"col\"><div class=\"jet-table__cell-inner\"><div class=\"jet-table__cell-content\"><div class=\"jet-table__cell-text\">PRIORIDADE<\/div><\/div><\/div><\/th><th class=\"jet-table__cell elementor-repeater-item-46c15e7 jet-table__head-cell\" scope=\"col\"><div class=\"jet-table__cell-inner\"><div class=\"jet-table__cell-content\"><div class=\"jet-table__cell-text\">CASA ATUAL<\/div><\/div><\/div><\/th><th class=\"jet-table__cell elementor-repeater-item-bc4fb97 jet-table__head-cell\" scope=\"col\"><div class=\"jet-table__cell-inner\"><div class=\"jet-table__cell-content\"><div class=\"jet-table__cell-text\">SITUA\u00c7\u00c3O ATUAL<\/div><\/div><\/div><\/th><\/tr><\/thead>\n\t\t\t\t\t\t\t\t<tbody class=\"jet-table__body\"><td class=\"jet-table__cell elementor-repeater-item-d411d4a jet-table__body-cell\"><div class=\"jet-table__cell-inner\"><div class=\"jet-table__cell-content\"><div class=\"jet-table__cell-text\">C\u00e2mara dos Deputados<\/div><\/div><\/div><\/td><td class=\"jet-table__cell elementor-repeater-item-cfd8e08 jet-table__body-cell\"><a class=\"jet-table__cell-inner jet-table__cell-link\" href=\"https:\/\/www.camara.leg.br\/proposicoesWeb\/fichadetramitacao?idProposicao=2425720\"><div class=\"jet-table__cell-content\"><div class=\"jet-table__cell-text\">PL 1182\/2024<\/div><\/div><\/a><\/td><td class=\"jet-table__cell elementor-repeater-item-f8ce55c jet-table__body-cell\"><div class=\"jet-table__cell-inner\"><div class=\"jet-table__cell-content\"><div class=\"jet-table__cell-text\">Duarte Gon\u00e7alves Jr (Republicanos-MG)<\/div><\/div><\/div><\/td><td class=\"jet-table__cell elementor-repeater-item-96c030d jet-table__body-cell\"><div class=\"jet-table__cell-inner\"><div class=\"jet-table__cell-content\"><div class=\"jet-table__cell-text\">10\/04\/2024<\/div><\/div><\/div><\/td><td class=\"jet-table__cell elementor-repeater-item-ee89598 jet-table__body-cell\"><div class=\"jet-table__cell-inner\"><div class=\"jet-table__cell-content\"><div class=\"jet-table__cell-text\">Altera a Lei 8.112\/1990 para dispor sobre aus\u00eancia ao servi\u00e7o p\u00fablico para realiza\u00e7\u00e3o de exames preventivos de c\u00e2ncer de mama e pr\u00f3stata.<\/div><\/div><\/div><\/td><td class=\"jet-table__cell elementor-repeater-item-496d026 jet-table__body-cell\"><div class=\"jet-table__cell-inner\"><div class=\"jet-table__cell-content\"><div class=\"jet-table__cell-text\">C\u00e2ncer de Mama\/Pr\u00f3stata<\/div><\/div><\/div><\/td><td class=\"jet-table__cell elementor-repeater-item-f4d538a jet-table__body-cell\"><div class=\"jet-table__cell-inner\"><div class=\"jet-table__cell-content\"><div class=\"jet-table__cell-text\">&#8211;<\/div><\/div><\/div><\/td><td class=\"jet-table__cell elementor-repeater-item-402eadf jet-table__body-cell\"><div class=\"jet-table__cell-inner\"><div class=\"jet-table__cell-content\"><div class=\"jet-table__cell-text\">C\u00e2mara dos Deputados<\/div><\/div><\/div><\/td><td class=\"jet-table__cell elementor-repeater-item-5e5cefd jet-table__body-cell\"><div class=\"jet-table__cell-inner\"><div class=\"jet-table__cell-content\"><div class=\"jet-table__cell-text\">Encaminhada para a publica\u00e7\u00e3o.<\/div><\/div><\/div><\/td><tr class=\"jet-table__body-row elementor-repeater-item-69a0efc\"><td class=\"jet-table__cell elementor-repeater-item-ebe97da jet-table__body-cell\"><div class=\"jet-table__cell-inner\"><div class=\"jet-table__cell-content\"><div class=\"jet-table__cell-text\">C\u00e2mara dos Deputados<\/div><\/div><\/div><\/td><td class=\"jet-table__cell elementor-repeater-item-0db3806 jet-table__body-cell\"><a class=\"jet-table__cell-inner jet-table__cell-link\" href=\"https:\/\/www.camara.leg.br\/proposicoesWeb\/fichadetramitacao?idProposicao=2408806\"><div class=\"jet-table__cell-content\"><div class=\"jet-table__cell-text\">PL 5821\/2023<\/div><\/div><\/a><\/td><td class=\"jet-table__cell elementor-repeater-item-32f73f2 jet-table__body-cell\"><div class=\"jet-table__cell-inner\"><div class=\"jet-table__cell-content\"><div class=\"jet-table__cell-text\">Laura Carneiro (PSD-RJ)\t<\/div><\/div><\/div><\/td><td class=\"jet-table__cell elementor-repeater-item-dc46ad1 jet-table__body-cell\"><div class=\"jet-table__cell-inner\"><div class=\"jet-table__cell-content\"><div class=\"jet-table__cell-text\">1\/12\/2023<\/div><\/div><\/div><\/td><td class=\"jet-table__cell elementor-repeater-item-940b28f jet-table__body-cell\"><div class=\"jet-table__cell-inner\"><div class=\"jet-table__cell-content\"><div class=\"jet-table__cell-text\">Altera a Lei n\u00ba 11.664, de 29 de abril de 2008, que disp\u00f5e sobre a efetiva\u00e7\u00e3o de a\u00e7\u00f5es de sa\u00fade que assegurem a preven\u00e7\u00e3o, a detec\u00e7\u00e3o, o tratamento e o seguimento dos c\u00e2nceres do colo uterino e de mama, no \u00e2mbito do Sistema \u00danico de Sa\u00fade (SUS), para dispor sobre a\u00e7\u00f5es direcionadas a ampliar os servi\u00e7os de mamografia e de exames de triagem.<\/div><\/div><\/div><\/td><td class=\"jet-table__cell elementor-repeater-item-7e0ca06 jet-table__body-cell\"><div class=\"jet-table__cell-inner\"><div class=\"jet-table__cell-content\"><div class=\"jet-table__cell-text\">Mamografia<\/div><\/div><\/div><\/td><td class=\"jet-table__cell elementor-repeater-item-882884c jet-table__body-cell\"><div class=\"jet-table__cell-inner\"><div class=\"jet-table__cell-content\"><div class=\"jet-table__cell-text\">&#8211;<\/div><\/div><\/div><\/td><td class=\"jet-table__cell elementor-repeater-item-0f8ad1f jet-table__body-cell\"><div class=\"jet-table__cell-inner\"><div class=\"jet-table__cell-content\"><div class=\"jet-table__cell-text\">C\u00e2mara dos Deputados<\/div><\/div><\/div><\/td><td class=\"jet-table__cell elementor-repeater-item-c21f828 jet-table__body-cell\"><div class=\"jet-table__cell-inner\"><div class=\"jet-table__cell-content\"><div class=\"jet-table__cell-text\">Foi encerrado o prazo para apresenta\u00e7\u00e3o de emendas ao projeto (de 30\/08\/2024 a 18\/09\/2024). N\u00e3o foram apresentadas emendas.<\/div><\/div><\/div><\/td><\/tr><tr class=\"jet-table__body-row elementor-repeater-item-8c2239e\"><td class=\"jet-table__cell elementor-repeater-item-e525bc1 jet-table__body-cell\"><div class=\"jet-table__cell-inner\"><div class=\"jet-table__cell-content\"><div class=\"jet-table__cell-text\">C\u00e2mara dos Deputados<\/div><\/div><\/div><\/td><td class=\"jet-table__cell elementor-repeater-item-977217f jet-table__body-cell\"><a class=\"jet-table__cell-inner jet-table__cell-link\" href=\"https:\/\/www.camara.leg.br\/proposicoesWeb\/fichadetramitacao?idProposicao=2405120\"><div class=\"jet-table__cell-content\"><div class=\"jet-table__cell-text\">PL 5608\/2023<\/div><\/div><\/a><\/td><td class=\"jet-table__cell elementor-repeater-item-42f0366 jet-table__body-cell\"><div class=\"jet-table__cell-inner\"><div class=\"jet-table__cell-content\"><div class=\"jet-table__cell-text\">Maria Rosas &#8211; REPUBLIC\/SP<\/div><\/div><\/div><\/td><td class=\"jet-table__cell elementor-repeater-item-8e4e9cb jet-table__body-cell\"><div class=\"jet-table__cell-inner\"><div class=\"jet-table__cell-content\"><div class=\"jet-table__cell-text\">21\/11\/2023<\/div><\/div><\/div><\/td><td class=\"jet-table__cell elementor-repeater-item-aeb846c jet-table__body-cell\"><div class=\"jet-table__cell-inner\"><div class=\"jet-table__cell-content\"><div class=\"jet-table__cell-text\">Regula as condi\u00e7\u00f5es de trabalho de mulheres que foram diagnosticadas, est\u00e3o em tratamento ou em per\u00edodo de aguardo de remiss\u00e3o do c\u00e2ncer de mama.<\/div><\/div><\/div><\/td><td class=\"jet-table__cell elementor-repeater-item-fc2b97b jet-table__body-cell\"><div class=\"jet-table__cell-inner\"><div class=\"jet-table__cell-content\"><div class=\"jet-table__cell-text\">C\u00e2ncer de Mama<\/div><\/div><\/div><\/td><td class=\"jet-table__cell elementor-repeater-item-bee49fd jet-table__body-cell\"><div class=\"jet-table__cell-inner\"><div class=\"jet-table__cell-content\"><div class=\"jet-table__cell-text\">&#8211;<\/div><\/div><\/div><\/td><td class=\"jet-table__cell elementor-repeater-item-20608ac jet-table__body-cell\"><div class=\"jet-table__cell-inner\"><div class=\"jet-table__cell-content\"><div class=\"jet-table__cell-text\">Senado Federal<\/div><\/div><\/div><\/td><td class=\"jet-table__cell elementor-repeater-item-f6475ad jet-table__body-cell\"><div class=\"jet-table__cell-inner\"><div class=\"jet-table__cell-content\"><div class=\"jet-table__cell-text\">A mat\u00e9ria foi ao Senado Federal, por meio do Of\u00edcio 28\/2024.<\/div><\/div><\/div><\/td><\/tr><tr class=\"jet-table__body-row elementor-repeater-item-01c6fda\"><td class=\"jet-table__cell elementor-repeater-item-bd3fbc6 jet-table__body-cell\"><div class=\"jet-table__cell-inner\"><div class=\"jet-table__cell-content\"><div class=\"jet-table__cell-text\">C\u00e2mara dos Deputados<\/div><\/div><\/div><\/td><td class=\"jet-table__cell elementor-repeater-item-b487f46 jet-table__body-cell\"><a class=\"jet-table__cell-inner jet-table__cell-link\" href=\"https:\/\/www.camara.leg.br\/proposicoesWeb\/fichadetramitacao?idProposicao=2395439\"><div class=\"jet-table__cell-content\"><div class=\"jet-table__cell-text\">PL 4941\/2023<\/div><\/div><\/a><\/td><td class=\"jet-table__cell elementor-repeater-item-e7b781d jet-table__body-cell\"><div class=\"jet-table__cell-inner\"><div class=\"jet-table__cell-content\"><div class=\"jet-table__cell-text\">Merlong Solano (PT-PI)<\/div><\/div><\/div><\/td><td class=\"jet-table__cell elementor-repeater-item-7814825 jet-table__body-cell\"><div class=\"jet-table__cell-inner\"><div class=\"jet-table__cell-content\"><div class=\"jet-table__cell-text\">10\/10\/2023<\/div><\/div><\/div><\/td><td class=\"jet-table__cell elementor-repeater-item-911dde1 jet-table__body-cell\"><div class=\"jet-table__cell-inner\"><div class=\"jet-table__cell-content\"><div class=\"jet-table__cell-text\">Altera a Lei n.\u00ba 13.733 de 16 de novembro de 2018, que \u201cDisp\u00f5e sobre atividades da campanha Outubro Rosa\u201d, para prever a realiza\u00e7\u00e3o de mutir\u00f5es de exames para preven\u00e7\u00e3o, detec\u00e7\u00e3o e controle do c\u00e2ncer de mama entre as atividades a serem desenvolvidas durante a Campanha.<\/div><\/div><\/div><\/td><td class=\"jet-table__cell elementor-repeater-item-0c7425c jet-table__body-cell\"><div class=\"jet-table__cell-inner\"><div class=\"jet-table__cell-content\"><div class=\"jet-table__cell-text\">C\u00e2ncer de Mama<\/div><\/div><\/div><\/td><td class=\"jet-table__cell elementor-repeater-item-c53c76b jet-table__body-cell\"><div class=\"jet-table__cell-inner\"><div class=\"jet-table__cell-content\"><div class=\"jet-table__cell-text\">&#8211;<\/div><\/div><\/div><\/td><td class=\"jet-table__cell elementor-repeater-item-cd958c0 jet-table__body-cell\"><div class=\"jet-table__cell-inner\"><div class=\"jet-table__cell-content\"><div class=\"jet-table__cell-text\">C\u00e2mara dos Deputados<\/div><\/div><\/div><\/td><td class=\"jet-table__cell elementor-repeater-item-6d0200c jet-table__body-cell\"><div class=\"jet-table__cell-inner\"><div class=\"jet-table__cell-content\"><div class=\"jet-table__cell-text\">A mat\u00e9ria foi encaminhada \u00e0 publica\u00e7\u00e3o.<\/div><\/div><\/div><\/td><\/tr><tr class=\"jet-table__body-row elementor-repeater-item-54fa7de\"><td class=\"jet-table__cell elementor-repeater-item-c064b1b jet-table__body-cell\"><div class=\"jet-table__cell-inner\"><div class=\"jet-table__cell-content\"><div class=\"jet-table__cell-text\">C\u00e2mara dos Deputados<\/div><\/div><\/div><\/td><td class=\"jet-table__cell elementor-repeater-item-1dbbfe9 jet-table__body-cell\"><a class=\"jet-table__cell-inner jet-table__cell-link\" href=\"https:\/\/www.camara.leg.br\/proposicoesWeb\/fichadetramitacao?idProposicao=2391928\"><div class=\"jet-table__cell-content\"><div class=\"jet-table__cell-text\">PL 4752\/2023<\/div><\/div><\/a><\/td><td class=\"jet-table__cell elementor-repeater-item-992a1c8 jet-table__body-cell\"><div class=\"jet-table__cell-inner\"><div class=\"jet-table__cell-content\"><div class=\"jet-table__cell-text\">Delegada Adriana Accorsi (PT-GO)\t<\/div><\/div><\/div><\/td><td class=\"jet-table__cell elementor-repeater-item-ccc1769 jet-table__body-cell\"><div class=\"jet-table__cell-inner\"><div class=\"jet-table__cell-content\"><div class=\"jet-table__cell-text\">28\/09\/2023<\/div><\/div><\/div><\/td><td class=\"jet-table__cell elementor-repeater-item-7b39f25 jet-table__body-cell\"><div class=\"jet-table__cell-inner\"><div class=\"jet-table__cell-content\"><div class=\"jet-table__cell-text\">Altera a lei n\u00ba 11.664, de 29 de abril de 2008, para dispor sobre o acesso das mulheres do campo, da floresta e das \u00e1guas, e das privadas de liberdade, \u00e0s a\u00e7\u00f5es de sa\u00fade que assegurem a preven\u00e7\u00e3o, a detec\u00e7\u00e3o, o tratamento e o seguimento dos c\u00e2nceres do colo uterino, de mama e colorretal no \u00e2mbito do sistema \u00fanico de sa\u00fade.<\/div><\/div><\/div><\/td><td class=\"jet-table__cell elementor-repeater-item-c5560ee jet-table__body-cell\"><div class=\"jet-table__cell-inner\"><div class=\"jet-table__cell-content\"><div class=\"jet-table__cell-text\">C\u00e2nceres de Colo Uterino, mama e Colorretal<\/div><\/div><\/div><\/td><td class=\"jet-table__cell elementor-repeater-item-e4d46eb jet-table__body-cell\"><div class=\"jet-table__cell-inner\"><div class=\"jet-table__cell-content\"><div class=\"jet-table__cell-text\">&#8211;<\/div><\/div><\/div><\/td><td class=\"jet-table__cell elementor-repeater-item-667c907 jet-table__body-cell\"><div class=\"jet-table__cell-inner\"><div class=\"jet-table__cell-content\"><div class=\"jet-table__cell-text\">C\u00e2mara dos Deputados<\/div><\/div><\/div><\/td><td class=\"jet-table__cell elementor-repeater-item-e8e18c5 jet-table__body-cell\"><div class=\"jet-table__cell-inner\"><div class=\"jet-table__cell-content\"><div class=\"jet-table__cell-text\">Foi encerrado o prazo para apresenta\u00e7\u00e3o de emendas ao projeto (de 30\/08\/2024 a 18\/09\/2024). N\u00e3o foram apresentadas emendas.<\/div><\/div><\/div><\/td><\/tr><tr class=\"jet-table__body-row elementor-repeater-item-6bb37bc\"><td class=\"jet-table__cell elementor-repeater-item-2503794 jet-table__body-cell\"><div class=\"jet-table__cell-inner\"><div class=\"jet-table__cell-content\"><div class=\"jet-table__cell-text\">C\u00e2mara dos Deputados<\/div><\/div><\/div><\/td><td class=\"jet-table__cell elementor-repeater-item-3bd6d0e jet-table__body-cell\"><a class=\"jet-table__cell-inner jet-table__cell-link\" href=\"https:\/\/www.camara.leg.br\/proposicoesWeb\/fichadetramitacao?idProposicao=2390627\"><div class=\"jet-table__cell-content\"><div class=\"jet-table__cell-text\">PL 4680\/2023<\/div><\/div><\/a><\/td><td class=\"jet-table__cell elementor-repeater-item-11c0761 jet-table__body-cell\"><div class=\"jet-table__cell-inner\"><div class=\"jet-table__cell-content\"><div class=\"jet-table__cell-text\">Denise Pess\u00f4a (PT-RS)<\/div><\/div><\/div><\/td><td class=\"jet-table__cell elementor-repeater-item-3f67262 jet-table__body-cell\"><div class=\"jet-table__cell-inner\"><div class=\"jet-table__cell-content\"><div class=\"jet-table__cell-text\">26\/09\/2023<\/div><\/div><\/div><\/td><td class=\"jet-table__cell elementor-repeater-item-68a93c8 jet-table__body-cell\"><div class=\"jet-table__cell-inner\"><div class=\"jet-table__cell-content\"><div class=\"jet-table__cell-text\">Torna obrigat\u00f3rio o fornecimento de touca inglesa pelo SUS para pacientes em tratamento de neoplasia maligna.<\/div><\/div><\/div><\/td><td class=\"jet-table__cell elementor-repeater-item-518fee0 jet-table__body-cell\"><div class=\"jet-table__cell-inner\"><div class=\"jet-table__cell-content\"><div class=\"jet-table__cell-text\">C\u00e2ncer de Mama<\/div><\/div><\/div><\/td><td class=\"jet-table__cell elementor-repeater-item-70a5569 jet-table__body-cell\"><div class=\"jet-table__cell-inner\"><div class=\"jet-table__cell-content\"><div class=\"jet-table__cell-text\">&#8211;<\/div><\/div><\/div><\/td><td class=\"jet-table__cell elementor-repeater-item-7db500b jet-table__body-cell\"><div class=\"jet-table__cell-inner\"><div class=\"jet-table__cell-content\"><div class=\"jet-table__cell-text\">C\u00e2mara dos Deputados<\/div><\/div><\/div><\/td><td class=\"jet-table__cell elementor-repeater-item-ea3fefc jet-table__body-cell\"><div class=\"jet-table__cell-inner\"><div class=\"jet-table__cell-content\"><div class=\"jet-table__cell-text\">Foi encerrado o prazo apresenta\u00e7\u00e3o de emendas ao projeto (de 28\/03\/2024 a 23\/04\/2024). N\u00e3o foram apresentadas emendas<\/div><\/div><\/div><\/td><\/tr><tr class=\"jet-table__body-row elementor-repeater-item-d6f1ec8\"><td class=\"jet-table__cell elementor-repeater-item-043b107 jet-table__body-cell\"><div class=\"jet-table__cell-inner\"><div class=\"jet-table__cell-content\"><div class=\"jet-table__cell-text\">C\u00e2mara dos Deputados<\/div><\/div><\/div><\/td><td class=\"jet-table__cell elementor-repeater-item-47b5d72 jet-table__body-cell\"><a class=\"jet-table__cell-inner jet-table__cell-link\" href=\"https:\/\/www.camara.leg.br\/proposicoesWeb\/fichadetramitacao?idProposicao=2351853\"><div class=\"jet-table__cell-content\"><div class=\"jet-table__cell-text\">PL 1224\/2023<\/div><\/div><\/a><\/td><td class=\"jet-table__cell elementor-repeater-item-2f9a70d jet-table__body-cell\"><div class=\"jet-table__cell-inner\"><div class=\"jet-table__cell-content\"><div class=\"jet-table__cell-text\">Carlos Sampaio (PSDB-SP)<\/div><\/div><\/div><\/td><td class=\"jet-table__cell elementor-repeater-item-39cbf2a jet-table__body-cell\"><div class=\"jet-table__cell-inner\"><div class=\"jet-table__cell-content\"><div class=\"jet-table__cell-text\">3\/18\/2023<\/div><\/div><\/div><\/td><td class=\"jet-table__cell elementor-repeater-item-b478974 jet-table__body-cell\"><div class=\"jet-table__cell-inner\"><div class=\"jet-table__cell-content\"><div class=\"jet-table__cell-text\">Altera a Lei n.\u00ba 9.797, de 6 de maio de 1999, para incluir o direito \u00e0 micropigmenta\u00e7\u00e3o param\u00e9dica nas hip\u00f3teses de servi\u00e7os de cirurgia pl\u00e1stica reconstrutiva de mama prestados pelo Sistema \u00danico de Sa\u00fade.<\/div><\/div><\/div><\/td><td class=\"jet-table__cell elementor-repeater-item-b8cc0a6 jet-table__body-cell\"><div class=\"jet-table__cell-inner\"><div class=\"jet-table__cell-content\"><div class=\"jet-table__cell-text\">Reconstru\u00e7\u00e3o Mam\u00e1ria<\/div><\/div><\/div><\/td><td class=\"jet-table__cell elementor-repeater-item-ed5d7bc jet-table__body-cell\"><div class=\"jet-table__cell-inner\"><div class=\"jet-table__cell-content\"><div class=\"jet-table__cell-text\">&#8211;<\/div><\/div><\/div><\/td><td class=\"jet-table__cell elementor-repeater-item-ee5eeb7 jet-table__body-cell\"><div class=\"jet-table__cell-inner\"><div class=\"jet-table__cell-content\"><div class=\"jet-table__cell-text\">C\u00e2mara dos Deputados<\/div><\/div><\/div><\/td><td class=\"jet-table__cell elementor-repeater-item-ab249f5 jet-table__body-cell\"><div class=\"jet-table__cell-inner\"><div class=\"jet-table__cell-content\"><div class=\"jet-table__cell-text\">Aguardando Aprecia\u00e7\u00e3o pelo Senado Federal<\/div><\/div><\/div><\/td><\/tr><tr class=\"jet-table__body-row elementor-repeater-item-d78d972\"><td class=\"jet-table__cell elementor-repeater-item-7a658e0 jet-table__body-cell\"><div class=\"jet-table__cell-inner\"><div class=\"jet-table__cell-content\"><div class=\"jet-table__cell-text\">C\u00e2mara dos Deputados<\/div><\/div><\/div><\/td><td class=\"jet-table__cell elementor-repeater-item-3315f73 jet-table__body-cell\"><a class=\"jet-table__cell-inner jet-table__cell-link\" href=\"https:\/\/www.camara.leg.br\/proposicoesWeb\/fichadetramitacao?idProposicao=2345281\"><div class=\"jet-table__cell-content\"><div class=\"jet-table__cell-text\">PL 3072\/2022<\/div><\/div><\/a><\/td><td class=\"jet-table__cell elementor-repeater-item-1ae502a jet-table__body-cell\"><div class=\"jet-table__cell-inner\"><div class=\"jet-table__cell-content\"><div class=\"jet-table__cell-text\">Fl\u00e1via Morais (PDT-GO)<\/div><\/div><\/div><\/td><td class=\"jet-table__cell elementor-repeater-item-dcc1ffe jet-table__body-cell\"><div class=\"jet-table__cell-inner\"><div class=\"jet-table__cell-content\"><div class=\"jet-table__cell-text\">22\/12\/2022<\/div><\/div><\/div><\/td><td class=\"jet-table__cell elementor-repeater-item-dc8cfa3 jet-table__body-cell\"><div class=\"jet-table__cell-inner\"><div class=\"jet-table__cell-content\"><div class=\"jet-table__cell-text\">Disp\u00f5e sobre o direito \u00e0 informa\u00e7\u00e3o sobre a possibilidade de cirurgia pl\u00e1stica reparadora da mama nos casos de mutila\u00e7\u00e3o decorrentes de tratamento de c\u00e2ncer.<\/div><\/div><\/div><\/td><td class=\"jet-table__cell elementor-repeater-item-ffba93f jet-table__body-cell\"><div class=\"jet-table__cell-inner\"><div class=\"jet-table__cell-content\"><div class=\"jet-table__cell-text\">C\u00e2ncer de Mama<\/div><\/div><\/div><\/td><td class=\"jet-table__cell elementor-repeater-item-fbb375a jet-table__body-cell\"><div class=\"jet-table__cell-inner\"><div class=\"jet-table__cell-content\"><div class=\"jet-table__cell-text\">&#8211;<\/div><\/div><\/div><\/td><td class=\"jet-table__cell elementor-repeater-item-bd8be52 jet-table__body-cell\"><div class=\"jet-table__cell-inner\"><div class=\"jet-table__cell-content\"><div class=\"jet-table__cell-text\">C\u00e2mara dos Deputados<\/div><\/div><\/div><\/td><td class=\"jet-table__cell elementor-repeater-item-4af7161 jet-table__body-cell\"><div class=\"jet-table__cell-inner\"><div class=\"jet-table__cell-content\"><div class=\"jet-table__cell-text\">Aguardando Aprecia\u00e7\u00e3o pelo Senado Federal<\/div><\/div><\/div><\/td><\/tr><tr class=\"jet-table__body-row elementor-repeater-item-6d5daf3\"><td class=\"jet-table__cell elementor-repeater-item-df7625f jet-table__body-cell\"><div class=\"jet-table__cell-inner\"><div class=\"jet-table__cell-content\"><div class=\"jet-table__cell-text\">C\u00e2mara dos Deputados<\/div><\/div><\/div><\/td><td class=\"jet-table__cell elementor-repeater-item-b8f6061 jet-table__body-cell\"><a class=\"jet-table__cell-inner jet-table__cell-link\" href=\"https:\/\/www.camara.leg.br\/proposicoesWeb\/fichadetramitacao?idProposicao=2301541\"><div class=\"jet-table__cell-content\"><div class=\"jet-table__cell-text\">PL 3436\/2021<\/div><\/div><\/a><\/td><td class=\"jet-table__cell elementor-repeater-item-352f48a jet-table__body-cell\"><div class=\"jet-table__cell-inner\"><div class=\"jet-table__cell-content\"><div class=\"jet-table__cell-text\">Francisco Jr. (PSD-GO);Maria Rosas (RepublicanosSP)<\/div><\/div><\/div><\/td><td class=\"jet-table__cell elementor-repeater-item-a4cb385 jet-table__body-cell\"><div class=\"jet-table__cell-inner\"><div class=\"jet-table__cell-content\"><div class=\"jet-table__cell-text\">05\/10\/2021 <\/div><\/div><\/div><\/td><td class=\"jet-table__cell elementor-repeater-item-de5efc9 jet-table__body-cell\"><div class=\"jet-table__cell-inner\"><div class=\"jet-table__cell-content\"><div class=\"jet-table__cell-text\">Altera a Lei n\u00b0 9.797, de 6 de maio de 1999, que disp\u00f5e sobre a obrigatoriedade da cirurgia pl\u00e1stica reparadora da mama pela rede de unidades integrantes do Sistema \u00danico de Sa\u00fade-SUS nos casos de mutila\u00e7\u00e3o decorrentes de tratamento de c\u00e2ncer, para incluir a garantia de assist\u00eancia fisioterap\u00eautica aos pacientes submetidos \u00e0 cirurgia de mastectomia.<\/div><\/div><\/div><\/td><td class=\"jet-table__cell elementor-repeater-item-3439be9 jet-table__body-cell\"><div class=\"jet-table__cell-inner\"><div class=\"jet-table__cell-content\"><div class=\"jet-table__cell-text\">C\u00e2ncer de Mama<\/div><\/div><\/div><\/td><td class=\"jet-table__cell elementor-repeater-item-c5d1cc5 jet-table__body-cell\"><div class=\"jet-table__cell-inner\"><div class=\"jet-table__cell-content\"><div class=\"jet-table__cell-text\">Alta<\/div><\/div><\/div><\/td><td class=\"jet-table__cell elementor-repeater-item-f8664e1 jet-table__body-cell\"><div class=\"jet-table__cell-inner\"><div class=\"jet-table__cell-content\"><div class=\"jet-table__cell-text\">C\u00e2mara dos Deputados<\/div><\/div><\/div><\/td><td class=\"jet-table__cell elementor-repeater-item-0744c07 jet-table__body-cell\"><div class=\"jet-table__cell-inner\"><div class=\"jet-table__cell-content\"><div class=\"jet-table__cell-text\">Aguardando Aprecia\u00e7\u00e3o pelo Senado Federal.<\/div><\/div><\/div><\/td><\/tr><tr class=\"jet-table__body-row elementor-repeater-item-ad264ca\"><td class=\"jet-table__cell elementor-repeater-item-3b9cc32 jet-table__body-cell\"><div class=\"jet-table__cell-inner\"><div class=\"jet-table__cell-content\"><div class=\"jet-table__cell-text\">Senado Federal<\/div><\/div><\/div><\/td><td class=\"jet-table__cell elementor-repeater-item-9d898e1 jet-table__body-cell\"><a class=\"jet-table__cell-inner jet-table__cell-link\" href=\"https:\/\/www25.senado.leg.br\/web\/atividade\/materias\/-\/materia\/146114?_gl=1*1rbbnha*_ga*MTk2MzM0Mzk5Ny4xNjkwNjczMjk5*_ga_CW3ZH25XMK*MTY5MDg1MjYyNy4xMS4xLjE2OTA4NTI3MDguMC4wLjA.\"><div class=\"jet-table__cell-content\"><div class=\"jet-table__cell-text\">PL 5656\/2020<\/div><\/div><\/a><\/td><td class=\"jet-table__cell elementor-repeater-item-50a179e jet-table__body-cell\"><div class=\"jet-table__cell-inner\"><div class=\"jet-table__cell-content\"><div class=\"jet-table__cell-text\">Major Olimpio (PSL-SP)<\/div><\/div><\/div><\/td><td class=\"jet-table__cell elementor-repeater-item-181a8da jet-table__body-cell\"><div class=\"jet-table__cell-inner\"><div class=\"jet-table__cell-content\"><div class=\"jet-table__cell-text\">22\/12\/2020<\/div><\/div><\/div><\/td><td class=\"jet-table__cell elementor-repeater-item-922d3db jet-table__body-cell\"><div class=\"jet-table__cell-inner\"><div class=\"jet-table__cell-content\"><div class=\"jet-table__cell-text\">Estabelece o direito de realiza\u00e7\u00e3o de exame mamogr\u00e1fico no SUS para todas as mulheres a partir dos 40 anos, inclusive para o rastreamento de c\u00e2ncer de mama, independentemente de sintomas ou de qualquer outra condi\u00e7\u00e3o para a sua realiza\u00e7\u00e3o.<\/div><\/div><\/div><\/td><td class=\"jet-table__cell elementor-repeater-item-7a1c2be jet-table__body-cell\"><div class=\"jet-table__cell-inner\"><div class=\"jet-table__cell-content\"><div class=\"jet-table__cell-text\">Exame mamogr\u00e1fico <\/div><\/div><\/div><\/td><td class=\"jet-table__cell elementor-repeater-item-a2ca809 jet-table__body-cell\"><div class=\"jet-table__cell-inner\"><div class=\"jet-table__cell-content\"><div class=\"jet-table__cell-text\">Alto<\/div><\/div><\/div><\/td><td class=\"jet-table__cell elementor-repeater-item-87f366b jet-table__body-cell\"><div class=\"jet-table__cell-inner\"><div class=\"jet-table__cell-content\"><div class=\"jet-table__cell-text\">C\u00e2mara dos Deputados<\/div><\/div><\/div><\/td><td class=\"jet-table__cell elementor-repeater-item-75823ea jet-table__body-cell\"><div class=\"jet-table__cell-inner\"><div class=\"jet-table__cell-content\"><div class=\"jet-table__cell-text\">A mat\u00e9ria aguarda a designa\u00e7\u00e3o de relator para emitir parecer sobre a mat\u00e9ria na Comiss\u00e3o de Assuntos Econ\u00f4micos.<\/div><\/div><\/div><\/td><\/tr><tr class=\"jet-table__body-row elementor-repeater-item-036343e\"><td class=\"jet-table__cell elementor-repeater-item-43d68a6 jet-table__body-cell\"><div class=\"jet-table__cell-inner\"><div class=\"jet-table__cell-content\"><div class=\"jet-table__cell-text\">C\u00e2mara dos Deputados<\/div><\/div><\/div><\/td><td class=\"jet-table__cell elementor-repeater-item-0ea2669 jet-table__body-cell\"><a class=\"jet-table__cell-inner jet-table__cell-link\" href=\"https:\/\/www.camara.leg.br\/proposicoesWeb\/fichadetramitacao?idProposicao=2264697\"><div class=\"jet-table__cell-content\"><div class=\"jet-table__cell-text\">PL 5033\/2020<\/div><\/div><\/a><\/td><td class=\"jet-table__cell elementor-repeater-item-7146967 jet-table__body-cell\"><div class=\"jet-table__cell-inner\"><div class=\"jet-table__cell-content\"><div class=\"jet-table__cell-text\">Ex-deputada Rejane Dias <\/div><\/div><\/div><\/td><td class=\"jet-table__cell elementor-repeater-item-662acc3 jet-table__body-cell\"><div class=\"jet-table__cell-inner\"><div class=\"jet-table__cell-content\"><div class=\"jet-table__cell-text\">27\/10\/2020 <\/div><\/div><\/div><\/td><td class=\"jet-table__cell elementor-repeater-item-2a232e7 jet-table__body-cell\"><div class=\"jet-table__cell-inner\"><div class=\"jet-table__cell-content\"><div class=\"jet-table__cell-text\">Altera a Lei do C\u00f3digo de Tr\u00e2nsito Brasileiro, e a Lei Org\u00eanica da Sa\u00fade, para destinar parte da receita arrecada com a cobran\u00e7a de multas de tr\u00e2nsito ao financiamento de tratamento de c\u00e2ncer de mama e d\u00e1 outras provid\u00eancias.<\/div><\/div><\/div><\/td><td class=\"jet-table__cell elementor-repeater-item-3684ccf jet-table__body-cell\"><div class=\"jet-table__cell-inner\"><div class=\"jet-table__cell-content\"><div class=\"jet-table__cell-text\">C\u00e2ncer de Mama<\/div><\/div><\/div><\/td><td class=\"jet-table__cell elementor-repeater-item-1732361 jet-table__body-cell\"><div class=\"jet-table__cell-inner\"><div class=\"jet-table__cell-content\"><div class=\"jet-table__cell-text\">Alta<\/div><\/div><\/div><\/td><td class=\"jet-table__cell elementor-repeater-item-f5c3b1a jet-table__body-cell\"><div class=\"jet-table__cell-inner\"><div class=\"jet-table__cell-content\"><div class=\"jet-table__cell-text\">C\u00e2mara dos Deputados<\/div><\/div><\/div><\/td><td class=\"jet-table__cell elementor-repeater-item-65453f0 jet-table__body-cell\"><div class=\"jet-table__cell-inner\"><div class=\"jet-table__cell-content\"><div class=\"jet-table__cell-text\">O deputado Ricardo Ayres (Republicanos-TO) foi designado relator da mat\u00e9ria na Comiss\u00e3o de Via\u00e7\u00e3o e Transportes (CVT).<\/div><\/div><\/div><\/td><\/tr><tr class=\"jet-table__body-row elementor-repeater-item-982a8c1\"><td class=\"jet-table__cell elementor-repeater-item-4c19827 jet-table__body-cell\"><div class=\"jet-table__cell-inner\"><div class=\"jet-table__cell-content\"><div class=\"jet-table__cell-text\">Senado Federal<\/div><\/div><\/div><\/td><td class=\"jet-table__cell elementor-repeater-item-ff620e4 jet-table__body-cell\"><a class=\"jet-table__cell-inner jet-table__cell-link\" href=\"https:\/\/www.camara.leg.br\/proposicoesWeb\/fichadetramitacao?idProposicao=2305739\"><div class=\"jet-table__cell-content\"><div class=\"jet-table__cell-text\">PL 4968\/2020<\/div><\/div><\/a><\/td><td class=\"jet-table__cell elementor-repeater-item-44813fe jet-table__body-cell\"><div class=\"jet-table__cell-inner\"><div class=\"jet-table__cell-content\"><div class=\"jet-table__cell-text\">Ex-senadora Rose de Freitas<\/div><\/div><\/div><\/td><td class=\"jet-table__cell elementor-repeater-item-7bc3af8 jet-table__body-cell\"><div class=\"jet-table__cell-inner\"><div class=\"jet-table__cell-content\"><div class=\"jet-table__cell-text\">4\/11\/2021<\/div><\/div><\/div><\/td><td class=\"jet-table__cell elementor-repeater-item-e67be7b jet-table__body-cell\"><div class=\"jet-table__cell-inner\"><div class=\"jet-table__cell-content\"><div class=\"jet-table__cell-text\">Altera a Consolida\u00e7\u00e3o das Leis do Trabalho (CLT), aprovada pelo Decreto-Lei n\u00ba 5.452, de 1\u00ba de maio de 1943, para determinar que as empresas disponibilizem a seus empregados informa\u00e7\u00f5es sobre campanhas oficiais de vacina\u00e7\u00e3o, sobre o papilomav\u00edrus humano (HPV) e sobre os c\u00e2nceres de mama, de colo do \u00fatero e de pr\u00f3stata.<\/div><\/div><\/div><\/td><td class=\"jet-table__cell elementor-repeater-item-ab80246 jet-table__body-cell\"><div class=\"jet-table__cell-inner\"><div class=\"jet-table__cell-content\"><div class=\"jet-table__cell-text\">C\u00e2ncer de mama, pr\u00f3stata e \u00fatero. HPV.<\/div><\/div><\/div><\/td><td class=\"jet-table__cell elementor-repeater-item-c160691 jet-table__body-cell\"><div class=\"jet-table__cell-inner\"><div class=\"jet-table__cell-content\"><div class=\"jet-table__cell-text\">Alta<\/div><\/div><\/div><\/td><td class=\"jet-table__cell elementor-repeater-item-1075d6f jet-table__body-cell\"><div class=\"jet-table__cell-inner\"><div class=\"jet-table__cell-content\"><div class=\"jet-table__cell-text\">C\u00e2mara dos Deputados<\/div><\/div><\/div><\/td><td class=\"jet-table__cell elementor-repeater-item-3a7597d jet-table__body-cell\"><div class=\"jet-table__cell-inner\"><div class=\"jet-table__cell-content\"><div class=\"jet-table__cell-text\">Aguardando Aprecia\u00e7\u00e3o pelo Senado Federal.<\/div><\/div><\/div><\/td><\/tr><tr class=\"jet-table__body-row elementor-repeater-item-d046c3f\"><td class=\"jet-table__cell elementor-repeater-item-1df36de jet-table__body-cell\"><div class=\"jet-table__cell-inner\"><div class=\"jet-table__cell-content\"><div class=\"jet-table__cell-text\">C\u00e2mara dos Deputados<\/div><\/div><\/div><\/td><td class=\"jet-table__cell elementor-repeater-item-3e684fe jet-table__body-cell\"><a class=\"jet-table__cell-inner jet-table__cell-link\" href=\"https:\/\/www.camara.leg.br\/proposicoesWeb\/fichadetramitacao?idProposicao=2305739\"><div class=\"jet-table__cell-content\"><div class=\"jet-table__cell-text\">PL 4968\/2020<\/div><\/div><\/a><\/td><td class=\"jet-table__cell elementor-repeater-item-9f41837 jet-table__body-cell\"><div class=\"jet-table__cell-inner\"><div class=\"jet-table__cell-content\"><div class=\"jet-table__cell-text\">Ex-senadora Rose de Freitas<\/div><\/div><\/div><\/td><td class=\"jet-table__cell elementor-repeater-item-eb68509 jet-table__body-cell\"><div class=\"jet-table__cell-inner\"><div class=\"jet-table__cell-content\"><div class=\"jet-table__cell-text\">4\/11\/2021<\/div><\/div><\/div><\/td><td class=\"jet-table__cell elementor-repeater-item-fae32f1 jet-table__body-cell\"><div class=\"jet-table__cell-inner\"><div class=\"jet-table__cell-content\"><div class=\"jet-table__cell-text\">Altera a Consolida\u00e7\u00e3o das Leis do Trabalho (CLT), aprovada pelo Decreto-Lei n\u00ba 5.452, de 1\u00ba de maio de 1943, para determinar que as empresas disponibilizem a seus empregados informa\u00e7\u00f5es sobre campanhas oficiais de vacina\u00e7\u00e3o, sobre o papilomav\u00edrus humano (HPV) e sobre os c\u00e2nceres de mama, de colo do \u00fatero e de pr\u00f3stata.<\/div><\/div><\/div><\/td><td class=\"jet-table__cell elementor-repeater-item-287b447 jet-table__body-cell\"><div class=\"jet-table__cell-inner\"><div class=\"jet-table__cell-content\"><div class=\"jet-table__cell-text\">C\u00e2ncer de mama, pr\u00f3stata e \u00fatero. HPV.<\/div><\/div><\/div><\/td><td class=\"jet-table__cell elementor-repeater-item-636a956 jet-table__body-cell\"><div class=\"jet-table__cell-inner\"><div class=\"jet-table__cell-content\"><div class=\"jet-table__cell-text\">Alta<\/div><\/div><\/div><\/td><td class=\"jet-table__cell elementor-repeater-item-7cb5e26 jet-table__body-cell\"><div class=\"jet-table__cell-inner\"><div class=\"jet-table__cell-content\"><div class=\"jet-table__cell-text\">C\u00e2mara dos Deputados<\/div><\/div><\/div><\/td><td class=\"jet-table__cell elementor-repeater-item-12c43a1 jet-table__body-cell\"><div class=\"jet-table__cell-inner\"><div class=\"jet-table__cell-content\"><div class=\"jet-table__cell-text\">Aguardando Aprecia\u00e7\u00e3o pelo Senado Federal.<\/div><\/div><\/div><\/td><\/tr><tr class=\"jet-table__body-row elementor-repeater-item-48fd6e4\"><td class=\"jet-table__cell elementor-repeater-item-d6a5011 jet-table__body-cell\"><div class=\"jet-table__cell-inner\"><div class=\"jet-table__cell-content\"><div class=\"jet-table__cell-text\">C\u00e2mara dos Deputados<\/div><\/div><\/div><\/td><td class=\"jet-table__cell elementor-repeater-item-b84faa4 jet-table__body-cell\"><a class=\"jet-table__cell-inner jet-table__cell-link\" href=\"https:\/\/www.camara.leg.br\/proposicoesWeb\/fichadetramitacao\/?idProposicao=2259961\"><div class=\"jet-table__cell-content\"><div class=\"jet-table__cell-text\">PL 4182\/2020<\/div><\/div><\/a><\/td><td class=\"jet-table__cell elementor-repeater-item-24ddd89 jet-table__body-cell\"><div class=\"jet-table__cell-inner\"><div class=\"jet-table__cell-content\"><div class=\"jet-table__cell-text\">Deuzinho Filho (Republicanos CE)<\/div><\/div><\/div><\/td><td class=\"jet-table__cell elementor-repeater-item-193def0 jet-table__body-cell\"><div class=\"jet-table__cell-inner\"><div class=\"jet-table__cell-content\"><div class=\"jet-table__cell-text\">12\/8\/2020<\/div><\/div><\/div><\/td><td class=\"jet-table__cell elementor-repeater-item-d03559d jet-table__body-cell\"><div class=\"jet-table__cell-inner\"><div class=\"jet-table__cell-content\"><div class=\"jet-table__cell-text\">Acrescenta o inciso IV ao art. 2\u00ba da Lei n\u00ba 11.664, de 29 de abril de 2008, que \u201cdisp\u00f5e sobre a efetiva\u00e7\u00e3o de a\u00e7\u00f5es de sa\u00fade que assegurem a preven\u00e7\u00e3o, a detec\u00e7\u00e3o, o tratamento e o seguimento dos c\u00e2nceres do colo uterino e de mama, no \u00e2mbito do Sistema \u00danico de Sa\u00fade &#8211; SUS, para que os exames de mamografia sejam realizados sem prescri\u00e7\u00e3o m\u00e9dica em mulheres entre 40 e 69 anos.<\/div><\/div><\/div><\/td><td class=\"jet-table__cell elementor-repeater-item-e625425 jet-table__body-cell\"><div class=\"jet-table__cell-inner\"><div class=\"jet-table__cell-content\"><div class=\"jet-table__cell-text\">C\u00e2ncer de Mama; mamografia<\/div><\/div><\/div><\/td><td class=\"jet-table__cell elementor-repeater-item-80d5a56 jet-table__body-cell\"><div class=\"jet-table__cell-inner\"><div class=\"jet-table__cell-content\"><div class=\"jet-table__cell-text\">Alta<\/div><\/div><\/div><\/td><td class=\"jet-table__cell elementor-repeater-item-8795cfc jet-table__body-cell\"><div class=\"jet-table__cell-inner\"><div class=\"jet-table__cell-content\"><div class=\"jet-table__cell-text\">C\u00e2mara dos Deputados<\/div><\/div><\/div><\/td><td class=\"jet-table__cell elementor-repeater-item-866ce50 jet-table__body-cell\"><div class=\"jet-table__cell-inner\"><div class=\"jet-table__cell-content\"><div class=\"jet-table__cell-text\">A relatora, deputada Rog\u00e9ria Santos (Republicanos-BA) apresentou parecer pela aprova\u00e7\u00e3o deste, do PL 3031\/2021 e do PL 3435\/2021, apensados, na forma do substitutivo adotado pela Comiss\u00e3o de Defesa dos Direitos da Mulher.<\/div><\/div><\/div><\/td><\/tr><tr class=\"jet-table__body-row elementor-repeater-item-2e77665\"><td class=\"jet-table__cell elementor-repeater-item-31296d3 jet-table__body-cell\"><div class=\"jet-table__cell-inner\"><div class=\"jet-table__cell-content\"><div class=\"jet-table__cell-text\">C\u00e2mara dos Deputados<\/div><\/div><\/div><\/td><td class=\"jet-table__cell elementor-repeater-item-78b12cc jet-table__body-cell\"><a class=\"jet-table__cell-inner jet-table__cell-link\" href=\"https:\/\/www.camara.leg.br\/proposicoesWeb\/fichadetramitacao?idProposicao=2236990\"><div class=\"jet-table__cell-content\"><div class=\"jet-table__cell-text\">PL 265\/2020<\/div><\/div><\/a><\/td><td class=\"jet-table__cell elementor-repeater-item-d254d93 jet-table__body-cell\"><div class=\"jet-table__cell-inner\"><div class=\"jet-table__cell-content\"><div class=\"jet-table__cell-text\">Ex-deputadas Rejane Dias, Tereza Nelma e Marina Santos <\/div><\/div><\/div><\/td><td class=\"jet-table__cell elementor-repeater-item-aa3c800 jet-table__body-cell\"><div class=\"jet-table__cell-inner\"><div class=\"jet-table__cell-content\"><div class=\"jet-table__cell-text\">11\/2\/2020<\/div><\/div><\/div><\/td><td class=\"jet-table__cell elementor-repeater-item-ad2fe3a jet-table__body-cell\"><div class=\"jet-table__cell-inner\"><div class=\"jet-table__cell-content\"><div class=\"jet-table__cell-text\">\tAltera a Lei 11.664, de 29 de abril de 2008, que disp\u00f5e sobre a efetiva\u00e7\u00e3o de a\u00e7\u00f5es de sa\u00fade que assegurem a preven\u00e7\u00e3o, a detec\u00e7\u00e3o, o tratamento e o seguimento dos c\u00e2nceres do colo uterino e de mama, no \u00e2mbito do Sistema \u00danico de Sa\u00fade &#8211; SUS, para assegurar a realiza\u00e7\u00e3o de exames de detec\u00e7\u00e3o de muta\u00e7\u00e3o gen\u00e9tica.<\/div><\/div><\/div><\/td><td class=\"jet-table__cell elementor-repeater-item-1f5a383 jet-table__body-cell\"><div class=\"jet-table__cell-inner\"><div class=\"jet-table__cell-content\"><div class=\"jet-table__cell-text\">C\u00e2ncer de Mama, muta\u00e7\u00e3o gen\u00e9tica<\/div><\/div><\/div><\/td><td class=\"jet-table__cell elementor-repeater-item-de1372d jet-table__body-cell\"><div class=\"jet-table__cell-inner\"><div class=\"jet-table__cell-content\"><div class=\"jet-table__cell-text\">Alto<\/div><\/div><\/div><\/td><td class=\"jet-table__cell elementor-repeater-item-9bfd72b jet-table__body-cell\"><div class=\"jet-table__cell-inner\"><div class=\"jet-table__cell-content\"><div class=\"jet-table__cell-text\">C\u00e2mara dos Deputados<\/div><\/div><\/div><\/td><td class=\"jet-table__cell elementor-repeater-item-e1078b4 jet-table__body-cell\"><div class=\"jet-table__cell-inner\"><div class=\"jet-table__cell-content\"><div class=\"jet-table__cell-text\">O deputado Deputado Marangoni (Uni\u00e3o-SP) apresentou requerimento 1376\/2023, que requer, nos termos regimentais, a inclus\u00e3o do PL n\u00ba 265\/2020, que \u201cAltera a Lei 11.664, de 29 de abril de 2008, que disp\u00f5e sobre a efetiva\u00e7\u00e3o de a\u00e7\u00f5es de sa\u00fade que assegurem a preven\u00e7\u00e3o, a detec\u00e7\u00e3o, o tratamento e o seguimento dos c\u00e2nceres do colo uterino e de mama, no \u00e2mbito do Sistema \u00danico de Sa\u00fade &#8211; SUS, para assegurar a realiza\u00e7\u00e3o de exames de detec\u00e7\u00e3o de muta\u00e7\u00e3o gen\u00e9tica\u201d, na pauta da Ordem do Dia.<\/div><\/div><\/div><\/td><\/tr><tr class=\"jet-table__body-row elementor-repeater-item-1a0642f\"><td class=\"jet-table__cell elementor-repeater-item-e429c0d jet-table__body-cell\"><div class=\"jet-table__cell-inner\"><div class=\"jet-table__cell-content\"><div class=\"jet-table__cell-text\">Senado Federal\t<\/div><\/div><\/div><\/td><td class=\"jet-table__cell elementor-repeater-item-0935d3e jet-table__body-cell\"><a class=\"jet-table__cell-inner jet-table__cell-link\" href=\"https:\/\/www25.senado.leg.br\/web\/atividade\/materias\/-\/materia\/157198?_gl=1*jnyy84*_ga*MTk2MzM0Mzk5Ny4xNjkwNjczMjk5*_ga_CW3ZH25XMK*MTY5MDg1MjYyNy4xMS4xLjE2OTA4NTI3MjYuMC4wLjA.\"><div class=\"jet-table__cell-content\"><div class=\"jet-table__cell-text\">PL 2291\/2023<\/div><\/div><\/a><\/td><td class=\"jet-table__cell elementor-repeater-item-21a8599 jet-table__body-cell\"><div class=\"jet-table__cell-inner\"><div class=\"jet-table__cell-content\"><div class=\"jet-table__cell-text\">Margareth Buzetti (PSD-MT)\t<\/div><\/div><\/div><\/td><td class=\"jet-table__cell elementor-repeater-item-f02f8bb jet-table__body-cell\"><div class=\"jet-table__cell-inner\"><div class=\"jet-table__cell-content\"><div class=\"jet-table__cell-text\">02\/05\/2023\t<\/div><\/div><\/div><\/td><td class=\"jet-table__cell elementor-repeater-item-2d1d57f jet-table__body-cell\"><div class=\"jet-table__cell-inner\"><div class=\"jet-table__cell-content\"><div class=\"jet-table__cell-text\">Altera a Lei n\u00ba 9.797, de 6 de maio de 1999, que \u201cdisp\u00f5e sobre a obrigatoriedade da cirurgia pl\u00e1stica reparadora da mama pela rede de unidades integrantes do Sistema \u00danico de Sa\u00fade &#8211; SUS nos casos de mutila\u00e7\u00e3o decorrentes de tratamento de c\u00e2ncer\u201d, e a Lei n\u00ba 9.656, de 3 de junho de 1998, que \u201cdisp\u00f5e sobre os planos e seguros privados de assist\u00eancia \u00e0 sa\u00fade\u201d, para ampliar o direito das mulheres \u00e0 cirurgia pl\u00e1stica reparadora da mama em casos de mutila\u00e7\u00e3o total ou parcial.<\/div><\/div><\/div><\/td><td class=\"jet-table__cell elementor-repeater-item-d146161 jet-table__body-cell\"><div class=\"jet-table__cell-inner\"><div class=\"jet-table__cell-content\"><div class=\"jet-table__cell-text\">Cirurgia Reparadora de Mama<\/div><\/div><\/div><\/td><td class=\"jet-table__cell elementor-repeater-item-95a54ad jet-table__body-cell\"><div class=\"jet-table__cell-inner\"><div class=\"jet-table__cell-content\"><div class=\"jet-table__cell-text\">&#8211;<\/div><\/div><\/div><\/td><td class=\"jet-table__cell elementor-repeater-item-aaeee1d jet-table__body-cell\"><div class=\"jet-table__cell-inner\"><div class=\"jet-table__cell-content\"><div class=\"jet-table__cell-text\">C\u00e2mara dos Deputados<\/div><\/div><\/div><\/td><td class=\"jet-table__cell elementor-repeater-item-4617e2f jet-table__body-cell\"><div class=\"jet-table__cell-inner\"><div class=\"jet-table__cell-content\"><div class=\"jet-table__cell-text\">Aprovado na Comiss\u00e3o de Sa\u00fade (CSA\u00daDE).  PL ainda ser\u00e1 analisado pelas comiss\u00f5es de Finan\u00e7as e Tributa\u00e7\u00e3o (CFT); e de  Constitui\u00e7\u00e3o e Justi\u00e7a e de Cidadania (CCJC).<\/div><\/div><\/div><\/td><\/tr><\/tbody>\n\t\t\t<\/table>\n\t\t<\/div>\n\n\t\t<\/div>\t\t\t\t<\/div>\n\t\t\t\t<\/div>\n\t\t\t\t<div class=\"elementor-element elementor-element-7d49d26 elementor-widget-divider--view-line elementor-widget elementor-widget-divider\" data-id=\"7d49d26\" data-element_type=\"widget\" data-e-type=\"widget\" data-widget_type=\"divider.default\">\n\t\t\t\t<div class=\"elementor-widget-container\">\n\t\t\t\t\t\t\t<div class=\"elementor-divider\">\n\t\t\t<span class=\"elementor-divider-separator\">\n\t\t\t\t\t\t<\/span>\n\t\t<\/div>\n\t\t\t\t\t\t<\/div>\n\t\t\t\t<\/div>\n\t\t\t\t<div class=\"elementor-element elementor-element-388c14d elementor-widget elementor-widget-image\" data-id=\"388c14d\" data-element_type=\"widget\" data-e-type=\"widget\" data-widget_type=\"image.default\">\n\t\t\t\t<div class=\"elementor-widget-container\">\n\t\t\t\t\t\t\t\t\t\t\t\t\t\t\t\t<a href=\"https:\/\/drive.google.com\/file\/d\/1ZbXlXuKNzs51gK-dJ-Uu67nRl7VWGYlD\/view?usp=sharing\">\n\t\t\t\t\t\t\t<img decoding=\"async\" width=\"2000\" height=\"400\" src=\"https:\/\/femama.org.br\/site\/wp-content\/uploads\/2024\/12\/Banner-Site-2000-x-400-px.png\" class=\"attachment-full size-full wp-image-26589\" alt=\"\" srcset=\"https:\/\/femama.org.br\/site\/wp-content\/uploads\/2024\/12\/Banner-Site-2000-x-400-px.png 2000w, https:\/\/femama.org.br\/site\/wp-content\/uploads\/2024\/12\/Banner-Site-2000-x-400-px-300x60.png 300w, https:\/\/femama.org.br\/site\/wp-content\/uploads\/2024\/12\/Banner-Site-2000-x-400-px-1024x205.png 1024w, https:\/\/femama.org.br\/site\/wp-content\/uploads\/2024\/12\/Banner-Site-2000-x-400-px-768x154.png 768w, https:\/\/femama.org.br\/site\/wp-content\/uploads\/2024\/12\/Banner-Site-2000-x-400-px-1536x307.png 1536w\" sizes=\"(max-width: 2000px) 100vw, 2000px\" \/>\t\t\t\t\t\t\t\t<\/a>\n\t\t\t\t\t\t\t\t\t\t\t\t\t\t\t<\/div>\n\t\t\t\t<\/div>\n\t\t\t\t<div class=\"elementor-element elementor-element-c313392 elementor-widget elementor-widget-heading\" data-id=\"c313392\" data-element_type=\"widget\" data-e-type=\"widget\" data-widget_type=\"heading.default\">\n\t\t\t\t<div class=\"elementor-widget-container\">\n\t\t\t\t\t<h2 class=\"elementor-heading-title elementor-size-default\">O Protocolo Cl\u00ednico e Diretrizes Terap\u00eauticas (PCDT) de C\u00e2ncer de Mama<\/h2>\t\t\t\t<\/div>\n\t\t\t\t<\/div>\n\t\t\t\t<div class=\"elementor-element elementor-element-b8014bc elementor-widget elementor-widget-text-editor\" data-id=\"b8014bc\" data-element_type=\"widget\" data-e-type=\"widget\" data-widget_type=\"text-editor.default\">\n\t\t\t\t<div class=\"elementor-widget-container\">\n\t\t\t\t\t\t\t\t\t<p>O Protocolo Cl\u00ednico e Diretrizes Terap\u00eauticas (PCDT) de C\u00e2ncer de Mama \u00e9 um documento t\u00e9cnico-cient\u00edfico que estabelece as melhores pr\u00e1ticas para o diagn\u00f3stico, tratamento e acompanhamento da doen\u00e7a. Extremamente relevante, busca garantir que todas as pacientes tenham acesso a um cuidado de qualidade, padronizado e baseado em evid\u00eancias cient\u00edficas. O PCDT de C\u00e2ncer de Mama tamb\u00e9m serve como um guia para os profissionais de sa\u00fade, auxiliando na tomada de decis\u00f5es e fazendo com que os tratamentos sejam mais eficazes e seguros. Al\u00e9m disso, ele contribui para a otimiza\u00e7\u00e3o dos recursos do sistema \u00fanico de sa\u00fade (SUS).<\/p><p>Ao longo de outubro, mobilizamos a sociedade para cobrar a publica\u00e7\u00e3o do PCDT de C\u00e2ncer de Mama, que j\u00e1 possu\u00eda um relat\u00f3rio preliminar. Na manh\u00e3 do dia 06 de dezembro, o Minist\u00e9rio da Sa\u00fade disponibilizou o documento oficial do PCDT Rosa, publicado no dia 05 de dezembro no Di\u00e1rio Oficial da Uni\u00e3o, com o objetivo de orientar profissionais de sa\u00fade, definir e padronizar protocolos no SUS.<\/p><p>A disponibiliza\u00e7\u00e3o deste documento \u00e9 uma importante conquista para o advocacy da FEMAMA, fruto da mobiliza\u00e7\u00e3o de todos que se somaram em nossa busca por um SUS mais justo e eficaz. Sua publica\u00e7\u00e3o evidencia o papel que cada um de n\u00f3s temos transforma\u00e7\u00e3o do futuro do acesso \u00e0 sa\u00fade em nosso pa\u00eds.<\/p><p>Estamos analisando o PCDT de C\u00e2ncer de Mama com apoio de nosso Comit\u00ea Cient\u00edfico e de especialistas do setor para compartilhar de forma coerente, acess\u00edvel e objetiva o seu conte\u00fado com a sociedade, posicionando em que medida ele atende seu prop\u00f3sito de mitigar as barreiras de acesso ao diagn\u00f3stico e tratamento no SUS.<\/p>\t\t\t\t\t\t\t\t<\/div>\n\t\t\t\t<\/div>\n\t\t\t\t<div class=\"elementor-element elementor-element-53321df elementor-widget-divider--view-line elementor-widget elementor-widget-divider\" data-id=\"53321df\" data-element_type=\"widget\" data-e-type=\"widget\" data-widget_type=\"divider.default\">\n\t\t\t\t<div class=\"elementor-widget-container\">\n\t\t\t\t\t\t\t<div class=\"elementor-divider\">\n\t\t\t<span class=\"elementor-divider-separator\">\n\t\t\t\t\t\t<\/span>\n\t\t<\/div>\n\t\t\t\t\t\t<\/div>\n\t\t\t\t<\/div>\n\t\t\t\t<div class=\"elementor-element elementor-element-76d53a7 elementor-widget elementor-widget-heading\" data-id=\"76d53a7\" data-element_type=\"widget\" data-e-type=\"widget\" data-widget_type=\"heading.default\">\n\t\t\t\t<div class=\"elementor-widget-container\">\n\t\t\t\t\t<h2 class=\"elementor-heading-title elementor-size-default\">O c\u00e2ncer de mama no Brasil<\/h2>\t\t\t\t<\/div>\n\t\t\t\t<\/div>\n\t\t\t\t<div class=\"elementor-element elementor-element-526322e elementor-widget elementor-widget-text-editor\" data-id=\"526322e\" data-element_type=\"widget\" data-e-type=\"widget\" data-widget_type=\"text-editor.default\">\n\t\t\t\t<div class=\"elementor-widget-container\">\n\t\t\t\t\t\t\t\t\t<p>Conhe\u00e7a alguns dados:<\/p>\t\t\t\t\t\t\t\t<\/div>\n\t\t\t\t<\/div>\n\t\t\t\t<div class=\"elementor-element elementor-element-3a430fc elementor-widget elementor-widget-text-editor\" data-id=\"3a430fc\" data-element_type=\"widget\" data-e-type=\"widget\" data-widget_type=\"text-editor.default\">\n\t\t\t\t<div class=\"elementor-widget-container\">\n\t\t\t\t\t\t\t\t\t<p class=\"cvGsUA direction-ltr align-start para-style-body\"><span class=\"OYPEnA font-feature-liga-off font-feature-clig-off font-feature-calt-off text-decoration-none text-strikethrough-none\">S\u00e3o esperados <\/span><strong><span class=\"OYPEnA font-feature-liga-off font-feature-clig-off font-feature-calt-off text-decoration-none text-strikethrough-none\">704 mil casos novos de c\u00e2ncer no Brasil<\/span><\/strong><span class=\"OYPEnA font-feature-liga-off font-feature-clig-off font-feature-calt-off text-decoration-none text-strikethrough-none\"> por ano at\u00e9 2025. <\/span><span class=\"OYPEnA font-feature-liga-off font-feature-clig-off font-feature-calt-off text-decoration-none text-strikethrough-none\">Destes, cerca de 74 mil novos casos anuais referem-se ao de c\u00e2ncer de mama. (Fonte: INCA)<br \/><\/span><\/p>\t\t\t\t\t\t\t\t<\/div>\n\t\t\t\t<\/div>\n\t\t\t\t<div class=\"elementor-element elementor-element-f34e975 elementor-widget elementor-widget-text-editor\" data-id=\"f34e975\" data-element_type=\"widget\" data-e-type=\"widget\" data-widget_type=\"text-editor.default\">\n\t\t\t\t<div class=\"elementor-widget-container\">\n\t\t\t\t\t\t\t\t\t<p>Cerca de<strong> 75% da popula\u00e7\u00e3o brasileira depende exclusivamente do SUS<\/strong> para cuidar da sa\u00fade. De acordo com dados da Pesquisa Nacional de Sa\u00fade (PNS), realizada pelo IBGE (Instituto Brasileiro de Geografia e Estat\u00edstica) em conv\u00eanio com o Minist\u00e9rio da Sa\u00fade, no ano de 2019, sete em cada dez brasileiros, ou mais de 150 milh\u00f5es de pessoas utilizaram exclusivamente o SUS para tratamentos de sa\u00fade.<\/p>\t\t\t\t\t\t\t\t<\/div>\n\t\t\t\t<\/div>\n\t\t\t\t<div class=\"elementor-element elementor-element-eefc20c elementor-widget elementor-widget-text-editor\" data-id=\"eefc20c\" data-element_type=\"widget\" data-e-type=\"widget\" data-widget_type=\"text-editor.default\">\n\t\t\t\t<div class=\"elementor-widget-container\">\n\t\t\t\t\t\t\t\t\t<p style=\"text-align: left;\"><span class=\"OYPEnA font-feature-liga-off font-feature-clig-off font-feature-calt-off text-decoration-none text-strikethrough-none\">Em 2024 foram realizados 26.166 exames de bi\u00f3psias para c\u00e2ncer de mama na popula\u00e7\u00e3o brasileira. (Fonte: Radar do C\u00e2ncer)<\/span><\/p>\t\t\t\t\t\t\t\t<\/div>\n\t\t\t\t<\/div>\n\t\t\t\t<div class=\"elementor-element elementor-element-509e6cd elementor-widget elementor-widget-text-editor\" data-id=\"509e6cd\" data-element_type=\"widget\" data-e-type=\"widget\" data-widget_type=\"text-editor.default\">\n\t\t\t\t<div class=\"elementor-widget-container\">\n\t\t\t\t\t\t\t\t\t<p><span class=\"OYPEnA font-feature-liga-off font-feature-clig-off font-feature-calt-off text-decoration-none text-strikethrough-none\">Cerca de 24% mulheres brasileiras na faixa et\u00e1ria do rastreamento nunca fizeram mamografia. (Fonte: IBGE, 2021)<\/span><\/p>\t\t\t\t\t\t\t\t<\/div>\n\t\t\t\t<\/div>\n\t\t\t\t<div class=\"elementor-element elementor-element-877fafa elementor-widget elementor-widget-text-editor\" data-id=\"877fafa\" data-element_type=\"widget\" data-e-type=\"widget\" data-widget_type=\"text-editor.default\">\n\t\t\t\t<div class=\"elementor-widget-container\">\n\t\t\t\t\t\t\t\t\t<p><span class=\"OYPEnA font-feature-liga-off font-feature-clig-off font-feature-calt-off text-decoration-none text-strikethrough-none\">85.485 interna\u00e7\u00f5es por c\u00e2ncer de mama em 2023. (Fonte: DATASUS-SIH)<\/span><\/p>\t\t\t\t\t\t\t\t<\/div>\n\t\t\t\t<\/div>\n\t\t\t\t<div class=\"elementor-element elementor-element-e45faae elementor-widget elementor-widget-text-editor\" data-id=\"e45faae\" data-element_type=\"widget\" data-e-type=\"widget\" data-widget_type=\"text-editor.default\">\n\t\t\t\t<div class=\"elementor-widget-container\">\n\t\t\t\t\t\t\t\t\t<p><span class=\"OYPEnA font-feature-liga-off font-feature-clig-off font-feature-calt-off text-decoration-none text-strikethrough-none\">68,5% das pacientes iniciaram seus tratamentos ap\u00f3s os 50 anos. (Fonte: Radar do C\u00e2ncer)<\/span><\/p>\t\t\t\t\t\t\t\t<\/div>\n\t\t\t\t<\/div>\n\t\t\t\t<div class=\"elementor-element elementor-element-c55be78 elementor-widget elementor-widget-text-editor\" data-id=\"c55be78\" data-element_type=\"widget\" data-e-type=\"widget\" data-widget_type=\"text-editor.default\">\n\t\t\t\t<div class=\"elementor-widget-container\">\n\t\t\t\t\t\t\t\t\t<p><span class=\"OYPEnA font-feature-liga-off font-feature-clig-off font-feature-calt-off text-decoration-none text-strikethrough-none\">Entre 1996 e 2020, as mortes por tumores cresceram 122%, enquanto as mortes por doen\u00e7as cardiovasculares subiram 43%. Isso significa que, se continuarmos neste ritmo, <\/span><strong><span class=\"OYPEnA font-feature-liga-off font-feature-clig-off font-feature-calt-off text-decoration-none text-strikethrough-none\">o c\u00e2ncer dever\u00e1 ser a principal causa de mortes no Pa\u00eds entre 2029 e 2030<\/span><\/strong><span class=\"OYPEnA font-feature-liga-off font-feature-clig-off font-feature-calt-off text-decoration-none text-strikethrough-none\">, ultrapassando as doen\u00e7as cardiovasculares.(Fonte: Observat\u00f3rio de Oncologia)<\/span><\/p>\t\t\t\t\t\t\t\t<\/div>\n\t\t\t\t<\/div>\n\t\t\t\t<div class=\"elementor-element elementor-element-dd50155 elementor-widget elementor-widget-text-editor\" data-id=\"dd50155\" data-element_type=\"widget\" data-e-type=\"widget\" data-widget_type=\"text-editor.default\">\n\t\t\t\t<div class=\"elementor-widget-container\">\n\t\t\t\t\t\t\t\t\t<p><span class=\"OYPEnA font-feature-liga-off font-feature-clig-off font-feature-calt-off text-decoration-none text-strikethrough-none\">Nos \u00faltimos tr\u00eas anos, <\/span><strong><span class=\"OYPEnA font-feature-liga-off font-feature-clig-off font-feature-calt-off text-decoration-none text-strikethrough-none\">54,6% das mulheres diagnosticadas come\u00e7aram o seu tratamento<\/span><span class=\"OYPEnA font-feature-liga-off font-feature-clig-off font-feature-calt-off text-decoration-none text-strikethrough-none\"> oncol\u00f3gico no SUS <\/span><span class=\"OYPEnA font-feature-liga-off font-feature-clig-off font-feature-calt-off text-decoration-none text-strikethrough-none\">ap\u00f3s o prazo de 60 dias<\/span><\/strong><span class=\"OYPEnA font-feature-liga-off font-feature-clig-off font-feature-calt-off text-decoration-none text-strikethrough-none\"> determinado pela Lei n\u00ba 12.732\/12, em vigor desde 23\/05\/2013. (Fonte: Radar do C\u00e2ncer)<\/span><\/p>\t\t\t\t\t\t\t\t<\/div>\n\t\t\t\t<\/div>\n\t\t\t\t<div class=\"elementor-element elementor-element-41e1d93 elementor-widget elementor-widget-text-editor\" data-id=\"41e1d93\" data-element_type=\"widget\" data-e-type=\"widget\" data-widget_type=\"text-editor.default\">\n\t\t\t\t<div class=\"elementor-widget-container\">\n\t\t\t\t\t\t\t\t\t<p class=\"cvGsUA direction-ltr align-start para-style-body\"><span class=\"OYPEnA font-feature-liga-off font-feature-clig-off font-feature-calt-off text-decoration-none text-strikethrough-none\">De acordo com dados do DATASUS, atualmente <\/span><strong><span class=\"OYPEnA font-feature-liga-off font-feature-clig-off font-feature-calt-off text-decoration-none text-strikethrough-none\">197.450 pacientes <\/span><span class=\"OYPEnA font-feature-liga-off font-feature-clig-off font-feature-calt-off text-decoration-none text-strikethrough-none\">de c\u00e2ncer de mama realizaram quimioterapia ou radioterapia<\/span><\/strong><span class=\"OYPEnA font-feature-liga-off font-feature-clig-off font-feature-calt-off text-decoration-none text-strikethrough-none\"> nos \u00faltimos 3 meses no sistema \u00fanico de sa\u00fade. (Fonte: Radar do C\u00e2ncer)<\/span><\/p>\t\t\t\t\t\t\t\t<\/div>\n\t\t\t\t<\/div>\n\t\t\t\t<div class=\"elementor-element elementor-element-44f23ae elementor-widget elementor-widget-text-editor\" data-id=\"44f23ae\" data-element_type=\"widget\" data-e-type=\"widget\" data-widget_type=\"text-editor.default\">\n\t\t\t\t<div class=\"elementor-widget-container\">\n\t\t\t\t\t\t\t\t\t<p class=\"cvGsUA direction-ltr align-start para-style-body\"><span class=\"OYPEnA font-feature-liga-off font-feature-clig-off font-feature-calt-off text-decoration-none text-strikethrough-none\">Nos \u00faltimos tr\u00eas anos, <\/span><strong><span class=\"OYPEnA font-feature-liga-off font-feature-clig-off font-feature-calt-off text-decoration-none text-strikethrough-none\">54,3% das mulheres iniciaram o seu <\/span><span class=\"OYPEnA font-feature-liga-off font-feature-clig-off font-feature-calt-off text-decoration-none text-strikethrough-none\">tratamento<\/span><\/strong><span class=\"OYPEnA font-feature-liga-off font-feature-clig-off font-feature-calt-off text-decoration-none text-strikethrough-none\"> oncol\u00f3gico no SUS <\/span><span class=\"OYPEnA font-feature-liga-off font-feature-clig-off font-feature-calt-off text-decoration-none text-strikethrough-none\"><strong>em estadiamento avan\u00e7ado.<\/strong> (Fonte: Radar do C\u00e2ncer)<\/span><\/p>\t\t\t\t\t\t\t\t<\/div>\n\t\t\t\t<\/div>\n\t\t\t\t<div class=\"elementor-element elementor-element-85d1d4d elementor-widget elementor-widget-text-editor\" data-id=\"85d1d4d\" data-element_type=\"widget\" data-e-type=\"widget\" data-widget_type=\"text-editor.default\">\n\t\t\t\t<div class=\"elementor-widget-container\">\n\t\t\t\t\t\t\t\t\t<p><span class=\"OYPEnA font-feature-liga-off font-feature-clig-off font-feature-calt-off text-decoration-none text-strikethrough-none\">Cerca de 40% dos casos s\u00e3o diagnosticados em fase avan\u00e7ada. (Fonte: RHC-INCA, 2020)<\/span><\/p>\t\t\t\t\t\t\t\t<\/div>\n\t\t\t\t<\/div>\n\t\t\t\t<div class=\"elementor-element elementor-element-4883d06 elementor-widget elementor-widget-text-editor\" data-id=\"4883d06\" data-element_type=\"widget\" data-e-type=\"widget\" data-widget_type=\"text-editor.default\">\n\t\t\t\t<div class=\"elementor-widget-container\">\n\t\t\t\t\t\t\t\t\t<p><span class=\"OYPEnA font-feature-liga-off font-feature-clig-off font-feature-calt-off text-decoration-none text-strikethrough-none\">O c\u00e2ncer de mama ocupa a primeira posi\u00e7\u00e3o em mortalidade por c\u00e2ncer entre as mulheres no Brasil. (Fonte: DATASUS-SIM)<\/span><\/p>\t\t\t\t\t\t\t\t<\/div>\n\t\t\t\t<\/div>\n\t\t\t\t<div class=\"elementor-element elementor-element-da7b9d4 elementor-widget elementor-widget-text-editor\" data-id=\"da7b9d4\" data-element_type=\"widget\" data-e-type=\"widget\" data-widget_type=\"text-editor.default\">\n\t\t\t\t<div class=\"elementor-widget-container\">\n\t\t\t\t\t\t\t\t\t<p><span class=\"OYPEnA font-feature-liga-off font-feature-clig-off font-feature-calt-off text-decoration-none text-strikethrough-none\">19.103 mulheres mortas por c\u00e2ncer de mama no Brasil em apenas um ano. (Fonte: DATASUS-SIM, 2022)<\/span><\/p>\t\t\t\t\t\t\t\t<\/div>\n\t\t\t\t<\/div>\n\t\t\t\t<div class=\"elementor-element elementor-element-759cd58 elementor-widget elementor-widget-image\" data-id=\"759cd58\" data-element_type=\"widget\" data-e-type=\"widget\" data-widget_type=\"image.default\">\n\t\t\t\t<div class=\"elementor-widget-container\">\n\t\t\t\t\t\t\t\t\t\t\t\t\t\t\t<img decoding=\"async\" width=\"2000\" height=\"400\" src=\"https:\/\/femama.org.br\/site\/wp-content\/uploads\/2025\/02\/Banner-Site-2000-x-400-px-2.png\" class=\"attachment-full size-full wp-image-26723\" alt=\"\" srcset=\"https:\/\/femama.org.br\/site\/wp-content\/uploads\/2025\/02\/Banner-Site-2000-x-400-px-2.png 2000w, https:\/\/femama.org.br\/site\/wp-content\/uploads\/2025\/02\/Banner-Site-2000-x-400-px-2-300x60.png 300w, https:\/\/femama.org.br\/site\/wp-content\/uploads\/2025\/02\/Banner-Site-2000-x-400-px-2-1024x205.png 1024w, https:\/\/femama.org.br\/site\/wp-content\/uploads\/2025\/02\/Banner-Site-2000-x-400-px-2-768x154.png 768w, https:\/\/femama.org.br\/site\/wp-content\/uploads\/2025\/02\/Banner-Site-2000-x-400-px-2-1536x307.png 1536w\" sizes=\"(max-width: 2000px) 100vw, 2000px\" \/>\t\t\t\t\t\t\t\t\t\t\t\t\t\t\t<\/div>\n\t\t\t\t<\/div>\n\t\t\t\t<div class=\"elementor-element elementor-element-f5d28d8 elementor-widget elementor-widget-image\" data-id=\"f5d28d8\" data-element_type=\"widget\" data-e-type=\"widget\" data-widget_type=\"image.default\">\n\t\t\t\t<div class=\"elementor-widget-container\">\n\t\t\t\t\t\t\t\t\t\t\t\t\t\t\t<img loading=\"lazy\" decoding=\"async\" width=\"2000\" height=\"400\" src=\"https:\/\/femama.org.br\/site\/wp-content\/uploads\/2024\/10\/Banner-Site-2000-x-400-px-16.png\" class=\"attachment-full size-full wp-image-26196\" alt=\"\" srcset=\"https:\/\/femama.org.br\/site\/wp-content\/uploads\/2024\/10\/Banner-Site-2000-x-400-px-16.png 2000w, https:\/\/femama.org.br\/site\/wp-content\/uploads\/2024\/10\/Banner-Site-2000-x-400-px-16-300x60.png 300w, https:\/\/femama.org.br\/site\/wp-content\/uploads\/2024\/10\/Banner-Site-2000-x-400-px-16-1024x205.png 1024w, https:\/\/femama.org.br\/site\/wp-content\/uploads\/2024\/10\/Banner-Site-2000-x-400-px-16-768x154.png 768w, https:\/\/femama.org.br\/site\/wp-content\/uploads\/2024\/10\/Banner-Site-2000-x-400-px-16-1536x307.png 1536w\" sizes=\"(max-width: 2000px) 100vw, 2000px\" \/>\t\t\t\t\t\t\t\t\t\t\t\t\t\t\t<\/div>\n\t\t\t\t<\/div>\n\t\t\t\t\t<\/div>\n\t\t\t\t<\/div>\n\t\t\t\t<\/div>\n\t\t","protected":false},"excerpt":{"rendered":"<p>Acompanhe a tramita\u00e7\u00e3o de Projetos de Lei e Pol\u00edticas P\u00fablicas de sa\u00fade voltadas para atender as necessidades das pacientes de c\u00e2nceres femininos. CASA DE ORIGEM PROPOSI\u00c7\u00c3O AUTOR APRESENTA\u00c7\u00c3O EMENTA TEMAS PRIORIDADE CASA ATUAL SITUA\u00c7\u00c3O ATUAL C\u00e2mara dos Deputados PL 1182\/2024 Duarte Gon\u00e7alves Jr (Republicanos-MG) 10\/04\/2024 Altera a Lei 8.112\/1990 para dispor sobre aus\u00eancia ao servi\u00e7o [&hellip;]<\/p>\n","protected":false},"author":7,"featured_media":0,"parent":0,"menu_order":0,"comment_status":"closed","ping_status":"closed","template":"","meta":{"_acf_changed":false,"footnotes":""},"class_list":["post-26177","page","type-page","status-publish","hentry"],"acf":[],"yoast_head":"<!-- This site is optimized with the Yoast SEO plugin v27.5 - https:\/\/yoast.com\/product\/yoast-seo-wordpress\/ -->\n<title>Monitor da Mama | FEMAMA<\/title>\n<meta name=\"robots\" content=\"index, follow, max-snippet:-1, max-image-preview:large, max-video-preview:-1\" \/>\n<link rel=\"canonical\" href=\"https:\/\/femama.org.br\/site\/monitor-da-mama\/\" \/>\n<meta property=\"og:locale\" content=\"pt_BR\" \/>\n<meta property=\"og:type\" content=\"article\" \/>\n<meta property=\"og:title\" content=\"Monitor da Mama | FEMAMA\" \/>\n<meta property=\"og:description\" content=\"Acompanhe a tramita\u00e7\u00e3o de Projetos de Lei e Pol\u00edticas P\u00fablicas de sa\u00fade voltadas para atender as necessidades das pacientes de c\u00e2nceres femininos. CASA DE ORIGEM PROPOSI\u00c7\u00c3O AUTOR APRESENTA\u00c7\u00c3O EMENTA TEMAS PRIORIDADE CASA ATUAL SITUA\u00c7\u00c3O ATUAL C\u00e2mara dos Deputados PL 1182\/2024 Duarte Gon\u00e7alves Jr (Republicanos-MG) 10\/04\/2024 Altera a Lei 8.112\/1990 para dispor sobre aus\u00eancia ao servi\u00e7o [&hellip;]\" \/>\n<meta property=\"og:url\" content=\"https:\/\/femama.org.br\/site\/monitor-da-mama\/\" \/>\n<meta property=\"og:site_name\" content=\"FEMAMA\" \/>\n<meta property=\"article:publisher\" content=\"https:\/\/www.facebook.com\/femamabrasil\" \/>\n<meta property=\"article:modified_time\" content=\"2025-02-04T19:50:47+00:00\" \/>\n<meta property=\"og:image\" content=\"https:\/\/femama.org.br\/site\/wp-content\/uploads\/2024\/10\/Banner-Site-20.png\" \/>\n\t<meta property=\"og:image:width\" content=\"1800\" \/>\n\t<meta property=\"og:image:height\" content=\"800\" \/>\n\t<meta property=\"og:image:type\" content=\"image\/png\" \/>\n<meta name=\"twitter:card\" content=\"summary_large_image\" \/>\n<meta name=\"twitter:site\" content=\"@femama_\" \/>\n<meta name=\"twitter:label1\" content=\"Est. tempo de leitura\" \/>\n\t<meta name=\"twitter:data1\" content=\"12 minutos\" \/>\n<script type=\"application\/ld+json\" class=\"yoast-schema-graph\">{\"@context\":\"https:\\\/\\\/schema.org\",\"@graph\":[{\"@type\":\"WebPage\",\"@id\":\"https:\\\/\\\/femama.org.br\\\/site\\\/monitor-da-mama\\\/\",\"url\":\"https:\\\/\\\/femama.org.br\\\/site\\\/monitor-da-mama\\\/\",\"name\":\"Monitor da Mama | FEMAMA\",\"isPartOf\":{\"@id\":\"https:\\\/\\\/femama.org.br\\\/site\\\/#website\"},\"primaryImageOfPage\":{\"@id\":\"https:\\\/\\\/femama.org.br\\\/site\\\/monitor-da-mama\\\/#primaryimage\"},\"image\":{\"@id\":\"https:\\\/\\\/femama.org.br\\\/site\\\/monitor-da-mama\\\/#primaryimage\"},\"thumbnailUrl\":\"https:\\\/\\\/femama.org.br\\\/site\\\/wp-content\\\/uploads\\\/2024\\\/10\\\/Banner-Site-20.png\",\"datePublished\":\"2024-10-01T20:09:27+00:00\",\"dateModified\":\"2025-02-04T19:50:47+00:00\",\"breadcrumb\":{\"@id\":\"https:\\\/\\\/femama.org.br\\\/site\\\/monitor-da-mama\\\/#breadcrumb\"},\"inLanguage\":\"pt-BR\",\"potentialAction\":[{\"@type\":\"ReadAction\",\"target\":[\"https:\\\/\\\/femama.org.br\\\/site\\\/monitor-da-mama\\\/\"]}]},{\"@type\":\"ImageObject\",\"inLanguage\":\"pt-BR\",\"@id\":\"https:\\\/\\\/femama.org.br\\\/site\\\/monitor-da-mama\\\/#primaryimage\",\"url\":\"https:\\\/\\\/femama.org.br\\\/site\\\/wp-content\\\/uploads\\\/2024\\\/10\\\/Banner-Site-20.png\",\"contentUrl\":\"https:\\\/\\\/femama.org.br\\\/site\\\/wp-content\\\/uploads\\\/2024\\\/10\\\/Banner-Site-20.png\",\"width\":1800,\"height\":800},{\"@type\":\"BreadcrumbList\",\"@id\":\"https:\\\/\\\/femama.org.br\\\/site\\\/monitor-da-mama\\\/#breadcrumb\",\"itemListElement\":[{\"@type\":\"ListItem\",\"position\":1,\"name\":\"In\u00edcio\",\"item\":\"https:\\\/\\\/femama.org.br\\\/site\\\/\"},{\"@type\":\"ListItem\",\"position\":2,\"name\":\"Monitor da Mama\"}]},{\"@type\":\"WebSite\",\"@id\":\"https:\\\/\\\/femama.org.br\\\/site\\\/#website\",\"url\":\"https:\\\/\\\/femama.org.br\\\/site\\\/\",\"name\":\"FEMAMA\",\"description\":\"Federa\u00e7\u00e3o Brasileira de Institui\u00e7\u00f5es Filantr\u00f3picas de Apoio \u00e0 Sa\u00fade da Mama | C\u00e2ncer de mama\",\"publisher\":{\"@id\":\"https:\\\/\\\/femama.org.br\\\/site\\\/#organization\"},\"potentialAction\":[{\"@type\":\"SearchAction\",\"target\":{\"@type\":\"EntryPoint\",\"urlTemplate\":\"https:\\\/\\\/femama.org.br\\\/site\\\/?s={search_term_string}\"},\"query-input\":{\"@type\":\"PropertyValueSpecification\",\"valueRequired\":true,\"valueName\":\"search_term_string\"}}],\"inLanguage\":\"pt-BR\"},{\"@type\":\"Organization\",\"@id\":\"https:\\\/\\\/femama.org.br\\\/site\\\/#organization\",\"name\":\"Femama | Federa\u00e7\u00e3o Brasileira de Institui\u00e7\u00f5es Filantr\u00f3picas de Apoio \u00e0 Sa\u00fade da Mama | C\u00e2ncer de mama\",\"url\":\"https:\\\/\\\/femama.org.br\\\/site\\\/\",\"logo\":{\"@type\":\"ImageObject\",\"inLanguage\":\"pt-BR\",\"@id\":\"https:\\\/\\\/femama.org.br\\\/site\\\/#\\\/schema\\\/logo\\\/image\\\/\",\"url\":\"https:\\\/\\\/femama.org.br\\\/site\\\/wp-content\\\/uploads\\\/2021\\\/12\\\/logotipo-femama-horizontal.png\",\"contentUrl\":\"https:\\\/\\\/femama.org.br\\\/site\\\/wp-content\\\/uploads\\\/2021\\\/12\\\/logotipo-femama-horizontal.png\",\"width\":300,\"height\":92,\"caption\":\"Femama | Federa\u00e7\u00e3o Brasileira de Institui\u00e7\u00f5es Filantr\u00f3picas de Apoio \u00e0 Sa\u00fade da Mama | C\u00e2ncer de mama\"},\"image\":{\"@id\":\"https:\\\/\\\/femama.org.br\\\/site\\\/#\\\/schema\\\/logo\\\/image\\\/\"},\"sameAs\":[\"https:\\\/\\\/www.facebook.com\\\/femamabrasil\",\"https:\\\/\\\/x.com\\\/femama_\",\"https:\\\/\\\/www.instagram.com\\\/femama.brasil\\\/\",\"https:\\\/\\\/www.youtube.com\\\/user\\\/femamaorg\"]}]}<\/script>\n<!-- \/ Yoast SEO plugin. -->","yoast_head_json":{"title":"Monitor da Mama | FEMAMA","robots":{"index":"index","follow":"follow","max-snippet":"max-snippet:-1","max-image-preview":"max-image-preview:large","max-video-preview":"max-video-preview:-1"},"canonical":"https:\/\/femama.org.br\/site\/monitor-da-mama\/","og_locale":"pt_BR","og_type":"article","og_title":"Monitor da Mama | FEMAMA","og_description":"Acompanhe a tramita\u00e7\u00e3o de Projetos de Lei e Pol\u00edticas P\u00fablicas de sa\u00fade voltadas para atender as necessidades das pacientes de c\u00e2nceres femininos. CASA DE ORIGEM PROPOSI\u00c7\u00c3O AUTOR APRESENTA\u00c7\u00c3O EMENTA TEMAS PRIORIDADE CASA ATUAL SITUA\u00c7\u00c3O ATUAL C\u00e2mara dos Deputados PL 1182\/2024 Duarte Gon\u00e7alves Jr (Republicanos-MG) 10\/04\/2024 Altera a Lei 8.112\/1990 para dispor sobre aus\u00eancia ao servi\u00e7o [&hellip;]","og_url":"https:\/\/femama.org.br\/site\/monitor-da-mama\/","og_site_name":"FEMAMA","article_publisher":"https:\/\/www.facebook.com\/femamabrasil","article_modified_time":"2025-02-04T19:50:47+00:00","og_image":[{"width":1800,"height":800,"url":"https:\/\/femama.org.br\/site\/wp-content\/uploads\/2024\/10\/Banner-Site-20.png","type":"image\/png"}],"twitter_card":"summary_large_image","twitter_site":"@femama_","twitter_misc":{"Est. tempo de leitura":"12 minutos"},"schema":{"@context":"https:\/\/schema.org","@graph":[{"@type":"WebPage","@id":"https:\/\/femama.org.br\/site\/monitor-da-mama\/","url":"https:\/\/femama.org.br\/site\/monitor-da-mama\/","name":"Monitor da Mama | FEMAMA","isPartOf":{"@id":"https:\/\/femama.org.br\/site\/#website"},"primaryImageOfPage":{"@id":"https:\/\/femama.org.br\/site\/monitor-da-mama\/#primaryimage"},"image":{"@id":"https:\/\/femama.org.br\/site\/monitor-da-mama\/#primaryimage"},"thumbnailUrl":"https:\/\/femama.org.br\/site\/wp-content\/uploads\/2024\/10\/Banner-Site-20.png","datePublished":"2024-10-01T20:09:27+00:00","dateModified":"2025-02-04T19:50:47+00:00","breadcrumb":{"@id":"https:\/\/femama.org.br\/site\/monitor-da-mama\/#breadcrumb"},"inLanguage":"pt-BR","potentialAction":[{"@type":"ReadAction","target":["https:\/\/femama.org.br\/site\/monitor-da-mama\/"]}]},{"@type":"ImageObject","inLanguage":"pt-BR","@id":"https:\/\/femama.org.br\/site\/monitor-da-mama\/#primaryimage","url":"https:\/\/femama.org.br\/site\/wp-content\/uploads\/2024\/10\/Banner-Site-20.png","contentUrl":"https:\/\/femama.org.br\/site\/wp-content\/uploads\/2024\/10\/Banner-Site-20.png","width":1800,"height":800},{"@type":"BreadcrumbList","@id":"https:\/\/femama.org.br\/site\/monitor-da-mama\/#breadcrumb","itemListElement":[{"@type":"ListItem","position":1,"name":"In\u00edcio","item":"https:\/\/femama.org.br\/site\/"},{"@type":"ListItem","position":2,"name":"Monitor da Mama"}]},{"@type":"WebSite","@id":"https:\/\/femama.org.br\/site\/#website","url":"https:\/\/femama.org.br\/site\/","name":"FEMAMA","description":"Federa\u00e7\u00e3o Brasileira de Institui\u00e7\u00f5es Filantr\u00f3picas de Apoio \u00e0 Sa\u00fade da Mama | C\u00e2ncer de mama","publisher":{"@id":"https:\/\/femama.org.br\/site\/#organization"},"potentialAction":[{"@type":"SearchAction","target":{"@type":"EntryPoint","urlTemplate":"https:\/\/femama.org.br\/site\/?s={search_term_string}"},"query-input":{"@type":"PropertyValueSpecification","valueRequired":true,"valueName":"search_term_string"}}],"inLanguage":"pt-BR"},{"@type":"Organization","@id":"https:\/\/femama.org.br\/site\/#organization","name":"Femama | Federa\u00e7\u00e3o Brasileira de Institui\u00e7\u00f5es Filantr\u00f3picas de Apoio \u00e0 Sa\u00fade da Mama | C\u00e2ncer de mama","url":"https:\/\/femama.org.br\/site\/","logo":{"@type":"ImageObject","inLanguage":"pt-BR","@id":"https:\/\/femama.org.br\/site\/#\/schema\/logo\/image\/","url":"https:\/\/femama.org.br\/site\/wp-content\/uploads\/2021\/12\/logotipo-femama-horizontal.png","contentUrl":"https:\/\/femama.org.br\/site\/wp-content\/uploads\/2021\/12\/logotipo-femama-horizontal.png","width":300,"height":92,"caption":"Femama | Federa\u00e7\u00e3o Brasileira de Institui\u00e7\u00f5es Filantr\u00f3picas de Apoio \u00e0 Sa\u00fade da Mama | C\u00e2ncer de mama"},"image":{"@id":"https:\/\/femama.org.br\/site\/#\/schema\/logo\/image\/"},"sameAs":["https:\/\/www.facebook.com\/femamabrasil","https:\/\/x.com\/femama_","https:\/\/www.instagram.com\/femama.brasil\/","https:\/\/www.youtube.com\/user\/femamaorg"]}]}},"_links":{"self":[{"href":"https:\/\/femama.org.br\/site\/wp-json\/wp\/v2\/pages\/26177","targetHints":{"allow":["GET"]}}],"collection":[{"href":"https:\/\/femama.org.br\/site\/wp-json\/wp\/v2\/pages"}],"about":[{"href":"https:\/\/femama.org.br\/site\/wp-json\/wp\/v2\/types\/page"}],"author":[{"embeddable":true,"href":"https:\/\/femama.org.br\/site\/wp-json\/wp\/v2\/users\/7"}],"replies":[{"embeddable":true,"href":"https:\/\/femama.org.br\/site\/wp-json\/wp\/v2\/comments?post=26177"}],"version-history":[{"count":52,"href":"https:\/\/femama.org.br\/site\/wp-json\/wp\/v2\/pages\/26177\/revisions"}],"predecessor-version":[{"id":26732,"href":"https:\/\/femama.org.br\/site\/wp-json\/wp\/v2\/pages\/26177\/revisions\/26732"}],"wp:attachment":[{"href":"https:\/\/femama.org.br\/site\/wp-json\/wp\/v2\/media?parent=26177"}],"curies":[{"name":"wp","href":"https:\/\/api.w.org\/{rel}","templated":true}]}}