{"id":28592,"date":"2026-01-26T16:19:35","date_gmt":"2026-01-26T19:19:35","guid":{"rendered":"https:\/\/femama.org.br\/site\/?page_id=28592"},"modified":"2026-02-04T16:31:22","modified_gmt":"2026-02-04T19:31:22","slug":"wcd-2026","status":"publish","type":"page","link":"https:\/\/femama.org.br\/site\/wcd-2026\/","title":{"rendered":"WCD 2026"},"content":{"rendered":"\t\t<div data-elementor-type=\"wp-page\" data-elementor-id=\"28592\" class=\"elementor elementor-28592\" data-elementor-post-type=\"page\">\n\t\t\t\t<div class=\"elementor-element elementor-element-5affce7 e-flex e-con-boxed e-con e-parent\" data-id=\"5affce7\" data-element_type=\"container\" data-e-type=\"container\" data-settings=\"{&quot;background_background&quot;:&quot;classic&quot;,&quot;jet_parallax_layout_list&quot;:[]}\">\n\t\t\t\t\t<div class=\"e-con-inner\">\n\t\t\t\t<div class=\"elementor-element elementor-element-56cb4f6 elementor-widget elementor-widget-image\" data-id=\"56cb4f6\" data-element_type=\"widget\" data-e-type=\"widget\" data-widget_type=\"image.default\">\n\t\t\t\t<div class=\"elementor-widget-container\">\n\t\t\t\t\t\t\t\t\t\t\t\t\t\t\t<img fetchpriority=\"high\" decoding=\"async\" width=\"1800\" height=\"500\" src=\"https:\/\/femama.org.br\/site\/wp-content\/uploads\/2026\/01\/FEMAMA-Banner-Site-WCD.png\" class=\"attachment-full size-full wp-image-28594\" alt=\"\" srcset=\"https:\/\/femama.org.br\/site\/wp-content\/uploads\/2026\/01\/FEMAMA-Banner-Site-WCD.png 1800w, https:\/\/femama.org.br\/site\/wp-content\/uploads\/2026\/01\/FEMAMA-Banner-Site-WCD-300x83.png 300w, https:\/\/femama.org.br\/site\/wp-content\/uploads\/2026\/01\/FEMAMA-Banner-Site-WCD-1024x284.png 1024w, https:\/\/femama.org.br\/site\/wp-content\/uploads\/2026\/01\/FEMAMA-Banner-Site-WCD-768x213.png 768w, https:\/\/femama.org.br\/site\/wp-content\/uploads\/2026\/01\/FEMAMA-Banner-Site-WCD-1536x427.png 1536w\" sizes=\"(max-width: 1800px) 100vw, 1800px\" \/>\t\t\t\t\t\t\t\t\t\t\t\t\t\t\t<\/div>\n\t\t\t\t<\/div>\n\t\t\t\t<div class=\"elementor-element elementor-element-ee52b51 elementor-widget-divider--view-line elementor-widget elementor-widget-divider\" data-id=\"ee52b51\" data-element_type=\"widget\" data-e-type=\"widget\" data-widget_type=\"divider.default\">\n\t\t\t\t<div class=\"elementor-widget-container\">\n\t\t\t\t\t\t\t<div class=\"elementor-divider\">\n\t\t\t<span class=\"elementor-divider-separator\">\n\t\t\t\t\t\t<\/span>\n\t\t<\/div>\n\t\t\t\t\t\t<\/div>\n\t\t\t\t<\/div>\n\t\t\t\t<div class=\"elementor-element elementor-element-3d8de85 elementor-widget elementor-widget-text-editor\" data-id=\"3d8de85\" data-element_type=\"widget\" data-e-type=\"widget\" data-widget_type=\"text-editor.default\">\n\t\t\t\t<div class=\"elementor-widget-container\">\n\t\t\t\t\t\t\t\t\t<p><span style=\"font-weight: 400;\">Anualmente, a <\/span><span style=\"color: #ff6600;\"><b>Uni\u00e3o Internacional do C\u00e2ncer (UICC)<\/b><\/span><span style=\"font-weight: 400;\"> mobiliza pa\u00edses em uma campanha global para celebrar o <\/span><span style=\"color: #ff6600;\"><b>Dia Mundial do C\u00e2ncer<\/b><\/span><span style=\"font-weight: 400;\">, ampliar o acesso \u00e0 informa\u00e7\u00e3o de qualidade e a visibilidade ao que precisa avan\u00e7ar no cuidado oncol\u00f3gico.<\/span><\/p><p><span style=\"font-weight: 400;\">Com a campanha <\/span><span style=\"color: #ff6600;\"><b>Unidos pelo \u00danico<\/b><\/span><span style=\"font-weight: 400;\">, ressaltamos que <\/span><span style=\"color: #ff6600;\"><b>cada pessoa \u00e9 \u00fanica, cada tumor \u00e9 \u00fanico<\/b><\/span><span style=\"font-weight: 400;\"> e defendemos que essa singularidade \u00e9 essencial para orientar um cuidado integral, mais humano e centrado nas pessoas. Colocar as <\/span><span style=\"color: #ff6600;\"><b>pessoas no centro do cuidado<\/b><\/span><span style=\"font-weight: 400;\"> significa reconhecer que diagn\u00f3sticos, <\/span><span style=\"color: #ff6600;\"><b>tratamentos e jornadas precisam respeitar as diferen\u00e7as<\/b><\/span><span style=\"font-weight: 400;\"> biol\u00f3gicas, sociais e emocionais de cada indiv\u00edduo.<\/span><\/p><p><span style=\"font-weight: 400;\">Queremos <\/span><b>transformar o futuro do cuidado oncol\u00f3gico no Brasil,<\/b><span style=\"font-weight: 400;\"> chamando a aten\u00e7\u00e3o para a import\u00e2ncia do amplo acesso a uma aten\u00e7\u00e3o personalizada.<\/span><\/p>\t\t\t\t\t\t\t\t<\/div>\n\t\t\t\t<\/div>\n\t\t\t\t\t<\/div>\n\t\t\t\t<\/div>\n\t\t<div class=\"elementor-element elementor-element-5a99e2e e-flex e-con-boxed e-con e-parent\" data-id=\"5a99e2e\" data-element_type=\"container\" data-e-type=\"container\" data-settings=\"{&quot;background_background&quot;:&quot;classic&quot;,&quot;jet_parallax_layout_list&quot;:[]}\">\n\t\t\t\t\t<div class=\"e-con-inner\">\n\t\t\t\t<div class=\"elementor-element elementor-element-a78bcce elementor-widget elementor-widget-heading\" data-id=\"a78bcce\" data-element_type=\"widget\" data-e-type=\"widget\" data-widget_type=\"heading.default\">\n\t\t\t\t<div class=\"elementor-widget-container\">\n\t\t\t\t\t<h2 class=\"elementor-heading-title elementor-size-default\">Cada hist\u00f3ria faz diferen\u00e7a para transformar o cuidado oncol\u00f3gico no Brasil.<\/h2>\t\t\t\t<\/div>\n\t\t\t\t<\/div>\n\t\t\t\t<div class=\"elementor-element elementor-element-5951fdc elementor-widget elementor-widget-text-editor\" data-id=\"5951fdc\" data-element_type=\"widget\" data-e-type=\"widget\" data-widget_type=\"text-editor.default\">\n\t\t\t\t<div class=\"elementor-widget-container\">\n\t\t\t\t\t\t\t\t\t<p><span style=\"font-weight: 400;\">Afinal, quando <\/span><span style=\"color: #ff6600;\"><b>diversas jornadas<\/b><\/span><span style=\"font-weight: 400;\"> s\u00e3o vistas, escutadas e respeitadas, elas deixam de ser apenas experi\u00eancias individuais. Elas <\/span><span style=\"color: #ff6600;\"><b>passam a construir um caminho coletivo:<\/b><\/span><span style=\"font-weight: 400;\"> com mais acesso, mais equidade e decis\u00f5es em sa\u00fade que consideram as pessoas e suas necessidades reais.<\/span><\/p>\t\t\t\t\t\t\t\t<\/div>\n\t\t\t\t<\/div>\n\t\t\t\t<div class=\"elementor-element elementor-element-b825b28 elementor-widget elementor-widget-video\" data-id=\"b825b28\" data-element_type=\"widget\" data-e-type=\"widget\" data-settings=\"{&quot;youtube_url&quot;:&quot;https:\\\/\\\/www.youtube.com\\\/watch?v=mYdylpUEhik&quot;,&quot;video_type&quot;:&quot;youtube&quot;,&quot;controls&quot;:&quot;yes&quot;}\" data-widget_type=\"video.default\">\n\t\t\t\t<div class=\"elementor-widget-container\">\n\t\t\t\t\t\t\t<div class=\"elementor-wrapper elementor-open-inline\">\n\t\t\t<div class=\"elementor-video\"><\/div>\t\t<\/div>\n\t\t\t\t\t\t<\/div>\n\t\t\t\t<\/div>\n\t\t\t\t\t<\/div>\n\t\t\t\t<\/div>\n\t\t<div class=\"elementor-element elementor-element-922a90f e-flex e-con-boxed e-con e-parent\" data-id=\"922a90f\" data-element_type=\"container\" data-e-type=\"container\" data-settings=\"{&quot;background_background&quot;:&quot;classic&quot;,&quot;jet_parallax_layout_list&quot;:[]}\">\n\t\t\t\t\t<div class=\"e-con-inner\">\n\t\t\t\t<div class=\"elementor-element elementor-element-82c7372 elementor-widget elementor-widget-heading\" data-id=\"82c7372\" data-element_type=\"widget\" data-e-type=\"widget\" data-widget_type=\"heading.default\">\n\t\t\t\t<div class=\"elementor-widget-container\">\n\t\t\t\t\t<h2 class=\"elementor-heading-title elementor-size-default\">MEDICINA DE PRECIS\u00c3O: UM IMPORTANTE PASSO RUMO A ATEN\u00c7\u00c3O INDIVIDUALIZADA\t<\/h2>\t\t\t\t<\/div>\n\t\t\t\t<\/div>\n\t\t\t\t<div class=\"elementor-element elementor-element-cbc5c60 elementor-widget elementor-widget-text-editor\" data-id=\"cbc5c60\" data-element_type=\"widget\" data-e-type=\"widget\" data-widget_type=\"text-editor.default\">\n\t\t\t\t<div class=\"elementor-widget-container\">\n\t\t\t\t\t\t\t\t\t<p><span style=\"font-weight: 400;\">A Medicina de Precis\u00e3o \u00e9 fundamental para o avan\u00e7o da preven\u00e7\u00e3o e controle do c\u00e2ncer. Ao considerar fatores gen\u00e9ticos e biol\u00f3gicos, ela permite diagn\u00f3sticos mais assertivos, tratamentos mais eficazes e decis\u00f5es que evitam interven\u00e7\u00f5es desnecess\u00e1rias, especialmente em casos de c\u00e2nceres heredit\u00e1rios.<\/span><\/p>\t\t\t\t\t\t\t\t<\/div>\n\t\t\t\t<\/div>\n\t\t\t\t\t<\/div>\n\t\t\t\t<\/div>\n\t\t<div class=\"elementor-element elementor-element-274604d e-flex e-con-boxed e-con e-parent\" data-id=\"274604d\" data-element_type=\"container\" data-e-type=\"container\" data-settings=\"{&quot;background_background&quot;:&quot;classic&quot;,&quot;jet_parallax_layout_list&quot;:[]}\">\n\t\t\t\t\t<div class=\"e-con-inner\">\n\t\t\t\t<div class=\"elementor-element elementor-element-d8694af elementor-widget elementor-widget-heading\" data-id=\"d8694af\" data-element_type=\"widget\" data-e-type=\"widget\" data-widget_type=\"heading.default\">\n\t\t\t\t<div class=\"elementor-widget-container\">\n\t\t\t\t\t<h2 class=\"elementor-heading-title elementor-size-default\">SUA VOZ PODE SER DECISIVA PARA O ACESSO AOS TESTES GEN\u00c9TICOS NO SUS<\/h2>\t\t\t\t<\/div>\n\t\t\t\t<\/div>\n\t\t\t\t<div class=\"elementor-element elementor-element-008283f elementor-widget elementor-widget-text-editor\" data-id=\"008283f\" data-element_type=\"widget\" data-e-type=\"widget\" data-widget_type=\"text-editor.default\">\n\t\t\t\t<div class=\"elementor-widget-container\">\n\t\t\t\t\t\t\t\t\t<p>No in\u00edcio da campanha, mobilizamos a participa\u00e7\u00e3o da sociedade na <strong><span style=\"color: #ff6600;\">Consulta P\u00fablica n\u00ba 3\/2026<\/span><\/strong>, que avalia a incorpora\u00e7\u00e3o dos testes gen\u00e9ticos BRCA1 e BRCA2 para c\u00e2ncer de mama no SUS. O parecer inicial foi desfavor\u00e1vel e a participa\u00e7\u00e3o da sociedade pode ser decisiva para reverter essa primeira avalia\u00e7\u00e3o e garantir o acesso a essa tecnologia essencial. A Consulta P\u00fablica n\u00ba 3\/2026 esteve aberta para participa\u00e7\u00e3o at\u00e9 o dia 2 de fevereiro e recebeu mais de 4 mil contribui\u00e7\u00f5es. Agradecemos a todas as pessoas que somaram esfor\u00e7os conosco e seguimos acompanhando a tramita\u00e7\u00e3o deste processo com esperan\u00e7a de que o acesso aos testes gen\u00e9ticos para c\u00e2ncer de mama no SUS deixe de ser um privil\u00e9gio de poucas e possa ser uma estrat\u00e9gia de preven\u00e7\u00e3o, controle e orienta\u00e7\u00e3o de tratamento para todas as pessoas eleg\u00edveis.<\/p>\t\t\t\t\t\t\t\t<\/div>\n\t\t\t\t<\/div>\n\t\t\t\t\t<\/div>\n\t\t\t\t<\/div>\n\t\t<div class=\"elementor-element elementor-element-ffe782e e-flex e-con-boxed e-con e-parent\" data-id=\"ffe782e\" data-element_type=\"container\" data-e-type=\"container\" data-settings=\"{&quot;background_background&quot;:&quot;classic&quot;,&quot;jet_parallax_layout_list&quot;:[]}\">\n\t\t\t\t\t<div class=\"e-con-inner\">\n\t\t\t\t<div class=\"elementor-element elementor-element-fc6ef34 elementor-widget elementor-widget-image\" data-id=\"fc6ef34\" data-element_type=\"widget\" data-e-type=\"widget\" data-widget_type=\"image.default\">\n\t\t\t\t<div class=\"elementor-widget-container\">\n\t\t\t\t\t\t\t\t\t\t\t\t\t\t\t\t<a href=\"https:\/\/femama.org.br\/site\/wp-content\/uploads\/2026\/02\/Artigo272-2.pdf\" target=\"_blank\">\n\t\t\t\t\t\t\t<img decoding=\"async\" width=\"800\" height=\"240\" src=\"https:\/\/femama.org.br\/site\/wp-content\/uploads\/2026\/02\/BANNER-COMUNICADOS-1024x307.jpeg\" class=\"attachment-large size-large wp-image-28645\" alt=\"\" srcset=\"https:\/\/femama.org.br\/site\/wp-content\/uploads\/2026\/02\/BANNER-COMUNICADOS-1024x307.jpeg 1024w, https:\/\/femama.org.br\/site\/wp-content\/uploads\/2026\/02\/BANNER-COMUNICADOS-300x90.jpeg 300w, https:\/\/femama.org.br\/site\/wp-content\/uploads\/2026\/02\/BANNER-COMUNICADOS-768x230.jpeg 768w, https:\/\/femama.org.br\/site\/wp-content\/uploads\/2026\/02\/BANNER-COMUNICADOS-1536x461.jpeg 1536w, https:\/\/femama.org.br\/site\/wp-content\/uploads\/2026\/02\/BANNER-COMUNICADOS.jpeg 2000w\" sizes=\"(max-width: 800px) 100vw, 800px\" \/>\t\t\t\t\t\t\t\t<\/a>\n\t\t\t\t\t\t\t\t\t\t\t\t\t\t\t<\/div>\n\t\t\t\t<\/div>\n\t\t\t\t\t<\/div>\n\t\t\t\t<\/div>\n\t\t<div class=\"elementor-element elementor-element-f1d53e5 e-flex e-con-boxed e-con e-parent\" data-id=\"f1d53e5\" data-element_type=\"container\" data-e-type=\"container\" data-settings=\"{&quot;background_background&quot;:&quot;classic&quot;,&quot;jet_parallax_layout_list&quot;:[]}\">\n\t\t\t\t\t<div class=\"e-con-inner\">\n\t\t\t\t<div class=\"elementor-element elementor-element-cec4119 elementor-widget elementor-widget-image\" data-id=\"cec4119\" data-element_type=\"widget\" data-e-type=\"widget\" data-widget_type=\"image.default\">\n\t\t\t\t<div class=\"elementor-widget-container\">\n\t\t\t\t\t\t\t\t\t\t\t\t\t\t\t<img decoding=\"async\" width=\"1800\" height=\"570\" src=\"https:\/\/femama.org.br\/site\/wp-content\/uploads\/2026\/01\/FEMAMA-Banner-Sua-Historia_Site.jpeg\" class=\"attachment-full size-full wp-image-28610\" alt=\"\" srcset=\"https:\/\/femama.org.br\/site\/wp-content\/uploads\/2026\/01\/FEMAMA-Banner-Sua-Historia_Site.jpeg 1800w, https:\/\/femama.org.br\/site\/wp-content\/uploads\/2026\/01\/FEMAMA-Banner-Sua-Historia_Site-300x95.jpeg 300w, https:\/\/femama.org.br\/site\/wp-content\/uploads\/2026\/01\/FEMAMA-Banner-Sua-Historia_Site-1024x324.jpeg 1024w, https:\/\/femama.org.br\/site\/wp-content\/uploads\/2026\/01\/FEMAMA-Banner-Sua-Historia_Site-768x243.jpeg 768w, https:\/\/femama.org.br\/site\/wp-content\/uploads\/2026\/01\/FEMAMA-Banner-Sua-Historia_Site-1536x486.jpeg 1536w\" sizes=\"(max-width: 1800px) 100vw, 1800px\" \/>\t\t\t\t\t\t\t\t\t\t\t\t\t\t\t<\/div>\n\t\t\t\t<\/div>\n\t\t\t\t\t<\/div>\n\t\t\t\t<\/div>\n\t\t<div class=\"elementor-element elementor-element-94f27ac e-flex e-con-boxed e-con e-parent\" data-id=\"94f27ac\" data-element_type=\"container\" data-e-type=\"container\" data-settings=\"{&quot;background_background&quot;:&quot;classic&quot;,&quot;jet_parallax_layout_list&quot;:[]}\">\n\t\t\t\t\t<div class=\"e-con-inner\">\n\t\t\t\t<div class=\"elementor-element elementor-element-9eea2d0 elementor-widget elementor-widget-image\" data-id=\"9eea2d0\" data-element_type=\"widget\" data-e-type=\"widget\" data-widget_type=\"image.default\">\n\t\t\t\t<div class=\"elementor-widget-container\">\n\t\t\t\t\t\t\t\t\t\t\t\t\t\t\t<img loading=\"lazy\" decoding=\"async\" width=\"1800\" height=\"232\" src=\"https:\/\/femama.org.br\/site\/wp-content\/uploads\/2026\/01\/FEMAMA-Banner-Sua-Historia_rodape.jpeg\" class=\"attachment-full size-full wp-image-28607\" alt=\"\" srcset=\"https:\/\/femama.org.br\/site\/wp-content\/uploads\/2026\/01\/FEMAMA-Banner-Sua-Historia_rodape.jpeg 1800w, https:\/\/femama.org.br\/site\/wp-content\/uploads\/2026\/01\/FEMAMA-Banner-Sua-Historia_rodape-300x39.jpeg 300w, https:\/\/femama.org.br\/site\/wp-content\/uploads\/2026\/01\/FEMAMA-Banner-Sua-Historia_rodape-1024x132.jpeg 1024w, https:\/\/femama.org.br\/site\/wp-content\/uploads\/2026\/01\/FEMAMA-Banner-Sua-Historia_rodape-768x99.jpeg 768w, https:\/\/femama.org.br\/site\/wp-content\/uploads\/2026\/01\/FEMAMA-Banner-Sua-Historia_rodape-1536x198.jpeg 1536w\" sizes=\"(max-width: 1800px) 100vw, 1800px\" \/>\t\t\t\t\t\t\t\t\t\t\t\t\t\t\t<\/div>\n\t\t\t\t<\/div>\n\t\t\t\t\t<\/div>\n\t\t\t\t<\/div>\n\t\t\t\t<\/div>\n\t\t","protected":false},"excerpt":{"rendered":"<p>Anualmente, a Uni\u00e3o Internacional do C\u00e2ncer (UICC) mobiliza pa\u00edses em uma campanha global para celebrar o Dia Mundial do C\u00e2ncer, ampliar o acesso \u00e0 informa\u00e7\u00e3o de qualidade e a visibilidade ao que precisa avan\u00e7ar no cuidado oncol\u00f3gico. Com a campanha Unidos pelo \u00danico, ressaltamos que cada pessoa \u00e9 \u00fanica, cada tumor \u00e9 \u00fanico e defendemos [&hellip;]<\/p>\n","protected":false},"author":7,"featured_media":0,"parent":0,"menu_order":0,"comment_status":"closed","ping_status":"closed","template":"","meta":{"_acf_changed":false,"footnotes":""},"class_list":["post-28592","page","type-page","status-publish","hentry"],"acf":[],"yoast_head":"<!-- This site is optimized with the Yoast SEO plugin v27.5 - https:\/\/yoast.com\/product\/yoast-seo-wordpress\/ -->\n<title>WCD 2026 | FEMAMA<\/title>\n<meta name=\"robots\" content=\"index, follow, max-snippet:-1, max-image-preview:large, max-video-preview:-1\" \/>\n<link rel=\"canonical\" href=\"https:\/\/femama.org.br\/site\/wcd-2026\/\" \/>\n<meta property=\"og:locale\" content=\"pt_BR\" \/>\n<meta property=\"og:type\" content=\"article\" \/>\n<meta property=\"og:title\" content=\"WCD 2026 | FEMAMA\" \/>\n<meta property=\"og:description\" content=\"Anualmente, a Uni\u00e3o Internacional do C\u00e2ncer (UICC) mobiliza pa\u00edses em uma campanha global para celebrar o Dia Mundial do C\u00e2ncer, ampliar o acesso \u00e0 informa\u00e7\u00e3o de qualidade e a visibilidade ao que precisa avan\u00e7ar no cuidado oncol\u00f3gico. Com a campanha Unidos pelo \u00danico, ressaltamos que cada pessoa \u00e9 \u00fanica, cada tumor \u00e9 \u00fanico e defendemos [&hellip;]\" \/>\n<meta property=\"og:url\" content=\"https:\/\/femama.org.br\/site\/wcd-2026\/\" \/>\n<meta property=\"og:site_name\" content=\"FEMAMA\" \/>\n<meta property=\"article:publisher\" content=\"https:\/\/www.facebook.com\/femamabrasil\" \/>\n<meta property=\"article:modified_time\" content=\"2026-02-04T19:31:22+00:00\" \/>\n<meta property=\"og:image\" content=\"https:\/\/femama.org.br\/site\/wp-content\/uploads\/2026\/01\/FEMAMA-Banner-Site-WCD.png\" \/>\n\t<meta property=\"og:image:width\" content=\"1800\" \/>\n\t<meta property=\"og:image:height\" content=\"500\" \/>\n\t<meta property=\"og:image:type\" content=\"image\/png\" \/>\n<meta name=\"twitter:card\" content=\"summary_large_image\" \/>\n<meta name=\"twitter:site\" content=\"@femama_\" \/>\n<meta name=\"twitter:label1\" content=\"Est. tempo de leitura\" \/>\n\t<meta name=\"twitter:data1\" content=\"3 minutos\" \/>\n<script type=\"application\/ld+json\" class=\"yoast-schema-graph\">{\"@context\":\"https:\\\/\\\/schema.org\",\"@graph\":[{\"@type\":\"WebPage\",\"@id\":\"https:\\\/\\\/femama.org.br\\\/site\\\/wcd-2026\\\/\",\"url\":\"https:\\\/\\\/femama.org.br\\\/site\\\/wcd-2026\\\/\",\"name\":\"WCD 2026 | FEMAMA\",\"isPartOf\":{\"@id\":\"https:\\\/\\\/femama.org.br\\\/site\\\/#website\"},\"primaryImageOfPage\":{\"@id\":\"https:\\\/\\\/femama.org.br\\\/site\\\/wcd-2026\\\/#primaryimage\"},\"image\":{\"@id\":\"https:\\\/\\\/femama.org.br\\\/site\\\/wcd-2026\\\/#primaryimage\"},\"thumbnailUrl\":\"https:\\\/\\\/femama.org.br\\\/site\\\/wp-content\\\/uploads\\\/2026\\\/01\\\/FEMAMA-Banner-Site-WCD.png\",\"datePublished\":\"2026-01-26T19:19:35+00:00\",\"dateModified\":\"2026-02-04T19:31:22+00:00\",\"breadcrumb\":{\"@id\":\"https:\\\/\\\/femama.org.br\\\/site\\\/wcd-2026\\\/#breadcrumb\"},\"inLanguage\":\"pt-BR\",\"potentialAction\":[{\"@type\":\"ReadAction\",\"target\":[\"https:\\\/\\\/femama.org.br\\\/site\\\/wcd-2026\\\/\"]}]},{\"@type\":\"ImageObject\",\"inLanguage\":\"pt-BR\",\"@id\":\"https:\\\/\\\/femama.org.br\\\/site\\\/wcd-2026\\\/#primaryimage\",\"url\":\"https:\\\/\\\/femama.org.br\\\/site\\\/wp-content\\\/uploads\\\/2026\\\/01\\\/FEMAMA-Banner-Site-WCD.png\",\"contentUrl\":\"https:\\\/\\\/femama.org.br\\\/site\\\/wp-content\\\/uploads\\\/2026\\\/01\\\/FEMAMA-Banner-Site-WCD.png\",\"width\":1800,\"height\":500},{\"@type\":\"BreadcrumbList\",\"@id\":\"https:\\\/\\\/femama.org.br\\\/site\\\/wcd-2026\\\/#breadcrumb\",\"itemListElement\":[{\"@type\":\"ListItem\",\"position\":1,\"name\":\"In\u00edcio\",\"item\":\"https:\\\/\\\/femama.org.br\\\/site\\\/\"},{\"@type\":\"ListItem\",\"position\":2,\"name\":\"WCD 2026\"}]},{\"@type\":\"WebSite\",\"@id\":\"https:\\\/\\\/femama.org.br\\\/site\\\/#website\",\"url\":\"https:\\\/\\\/femama.org.br\\\/site\\\/\",\"name\":\"FEMAMA\",\"description\":\"Federa\u00e7\u00e3o Brasileira de Institui\u00e7\u00f5es Filantr\u00f3picas de Apoio \u00e0 Sa\u00fade da Mama | C\u00e2ncer de mama\",\"publisher\":{\"@id\":\"https:\\\/\\\/femama.org.br\\\/site\\\/#organization\"},\"potentialAction\":[{\"@type\":\"SearchAction\",\"target\":{\"@type\":\"EntryPoint\",\"urlTemplate\":\"https:\\\/\\\/femama.org.br\\\/site\\\/?s={search_term_string}\"},\"query-input\":{\"@type\":\"PropertyValueSpecification\",\"valueRequired\":true,\"valueName\":\"search_term_string\"}}],\"inLanguage\":\"pt-BR\"},{\"@type\":\"Organization\",\"@id\":\"https:\\\/\\\/femama.org.br\\\/site\\\/#organization\",\"name\":\"Femama | Federa\u00e7\u00e3o Brasileira de Institui\u00e7\u00f5es Filantr\u00f3picas de Apoio \u00e0 Sa\u00fade da Mama | C\u00e2ncer de mama\",\"url\":\"https:\\\/\\\/femama.org.br\\\/site\\\/\",\"logo\":{\"@type\":\"ImageObject\",\"inLanguage\":\"pt-BR\",\"@id\":\"https:\\\/\\\/femama.org.br\\\/site\\\/#\\\/schema\\\/logo\\\/image\\\/\",\"url\":\"https:\\\/\\\/femama.org.br\\\/site\\\/wp-content\\\/uploads\\\/2021\\\/12\\\/logotipo-femama-horizontal.png\",\"contentUrl\":\"https:\\\/\\\/femama.org.br\\\/site\\\/wp-content\\\/uploads\\\/2021\\\/12\\\/logotipo-femama-horizontal.png\",\"width\":300,\"height\":92,\"caption\":\"Femama | Federa\u00e7\u00e3o Brasileira de Institui\u00e7\u00f5es Filantr\u00f3picas de Apoio \u00e0 Sa\u00fade da Mama | C\u00e2ncer de mama\"},\"image\":{\"@id\":\"https:\\\/\\\/femama.org.br\\\/site\\\/#\\\/schema\\\/logo\\\/image\\\/\"},\"sameAs\":[\"https:\\\/\\\/www.facebook.com\\\/femamabrasil\",\"https:\\\/\\\/x.com\\\/femama_\",\"https:\\\/\\\/www.instagram.com\\\/femama.brasil\\\/\",\"https:\\\/\\\/www.youtube.com\\\/user\\\/femamaorg\"]}]}<\/script>\n<!-- \/ Yoast SEO plugin. -->","yoast_head_json":{"title":"WCD 2026 | FEMAMA","robots":{"index":"index","follow":"follow","max-snippet":"max-snippet:-1","max-image-preview":"max-image-preview:large","max-video-preview":"max-video-preview:-1"},"canonical":"https:\/\/femama.org.br\/site\/wcd-2026\/","og_locale":"pt_BR","og_type":"article","og_title":"WCD 2026 | FEMAMA","og_description":"Anualmente, a Uni\u00e3o Internacional do C\u00e2ncer (UICC) mobiliza pa\u00edses em uma campanha global para celebrar o Dia Mundial do C\u00e2ncer, ampliar o acesso \u00e0 informa\u00e7\u00e3o de qualidade e a visibilidade ao que precisa avan\u00e7ar no cuidado oncol\u00f3gico. Com a campanha Unidos pelo \u00danico, ressaltamos que cada pessoa \u00e9 \u00fanica, cada tumor \u00e9 \u00fanico e defendemos [&hellip;]","og_url":"https:\/\/femama.org.br\/site\/wcd-2026\/","og_site_name":"FEMAMA","article_publisher":"https:\/\/www.facebook.com\/femamabrasil","article_modified_time":"2026-02-04T19:31:22+00:00","og_image":[{"width":1800,"height":500,"url":"https:\/\/femama.org.br\/site\/wp-content\/uploads\/2026\/01\/FEMAMA-Banner-Site-WCD.png","type":"image\/png"}],"twitter_card":"summary_large_image","twitter_site":"@femama_","twitter_misc":{"Est. tempo de leitura":"3 minutos"},"schema":{"@context":"https:\/\/schema.org","@graph":[{"@type":"WebPage","@id":"https:\/\/femama.org.br\/site\/wcd-2026\/","url":"https:\/\/femama.org.br\/site\/wcd-2026\/","name":"WCD 2026 | FEMAMA","isPartOf":{"@id":"https:\/\/femama.org.br\/site\/#website"},"primaryImageOfPage":{"@id":"https:\/\/femama.org.br\/site\/wcd-2026\/#primaryimage"},"image":{"@id":"https:\/\/femama.org.br\/site\/wcd-2026\/#primaryimage"},"thumbnailUrl":"https:\/\/femama.org.br\/site\/wp-content\/uploads\/2026\/01\/FEMAMA-Banner-Site-WCD.png","datePublished":"2026-01-26T19:19:35+00:00","dateModified":"2026-02-04T19:31:22+00:00","breadcrumb":{"@id":"https:\/\/femama.org.br\/site\/wcd-2026\/#breadcrumb"},"inLanguage":"pt-BR","potentialAction":[{"@type":"ReadAction","target":["https:\/\/femama.org.br\/site\/wcd-2026\/"]}]},{"@type":"ImageObject","inLanguage":"pt-BR","@id":"https:\/\/femama.org.br\/site\/wcd-2026\/#primaryimage","url":"https:\/\/femama.org.br\/site\/wp-content\/uploads\/2026\/01\/FEMAMA-Banner-Site-WCD.png","contentUrl":"https:\/\/femama.org.br\/site\/wp-content\/uploads\/2026\/01\/FEMAMA-Banner-Site-WCD.png","width":1800,"height":500},{"@type":"BreadcrumbList","@id":"https:\/\/femama.org.br\/site\/wcd-2026\/#breadcrumb","itemListElement":[{"@type":"ListItem","position":1,"name":"In\u00edcio","item":"https:\/\/femama.org.br\/site\/"},{"@type":"ListItem","position":2,"name":"WCD 2026"}]},{"@type":"WebSite","@id":"https:\/\/femama.org.br\/site\/#website","url":"https:\/\/femama.org.br\/site\/","name":"FEMAMA","description":"Federa\u00e7\u00e3o Brasileira de Institui\u00e7\u00f5es Filantr\u00f3picas de Apoio \u00e0 Sa\u00fade da Mama | C\u00e2ncer de mama","publisher":{"@id":"https:\/\/femama.org.br\/site\/#organization"},"potentialAction":[{"@type":"SearchAction","target":{"@type":"EntryPoint","urlTemplate":"https:\/\/femama.org.br\/site\/?s={search_term_string}"},"query-input":{"@type":"PropertyValueSpecification","valueRequired":true,"valueName":"search_term_string"}}],"inLanguage":"pt-BR"},{"@type":"Organization","@id":"https:\/\/femama.org.br\/site\/#organization","name":"Femama | Federa\u00e7\u00e3o Brasileira de Institui\u00e7\u00f5es Filantr\u00f3picas de Apoio \u00e0 Sa\u00fade da Mama | C\u00e2ncer de mama","url":"https:\/\/femama.org.br\/site\/","logo":{"@type":"ImageObject","inLanguage":"pt-BR","@id":"https:\/\/femama.org.br\/site\/#\/schema\/logo\/image\/","url":"https:\/\/femama.org.br\/site\/wp-content\/uploads\/2021\/12\/logotipo-femama-horizontal.png","contentUrl":"https:\/\/femama.org.br\/site\/wp-content\/uploads\/2021\/12\/logotipo-femama-horizontal.png","width":300,"height":92,"caption":"Femama | Federa\u00e7\u00e3o Brasileira de Institui\u00e7\u00f5es Filantr\u00f3picas de Apoio \u00e0 Sa\u00fade da Mama | C\u00e2ncer de mama"},"image":{"@id":"https:\/\/femama.org.br\/site\/#\/schema\/logo\/image\/"},"sameAs":["https:\/\/www.facebook.com\/femamabrasil","https:\/\/x.com\/femama_","https:\/\/www.instagram.com\/femama.brasil\/","https:\/\/www.youtube.com\/user\/femamaorg"]}]}},"_links":{"self":[{"href":"https:\/\/femama.org.br\/site\/wp-json\/wp\/v2\/pages\/28592","targetHints":{"allow":["GET"]}}],"collection":[{"href":"https:\/\/femama.org.br\/site\/wp-json\/wp\/v2\/pages"}],"about":[{"href":"https:\/\/femama.org.br\/site\/wp-json\/wp\/v2\/types\/page"}],"author":[{"embeddable":true,"href":"https:\/\/femama.org.br\/site\/wp-json\/wp\/v2\/users\/7"}],"replies":[{"embeddable":true,"href":"https:\/\/femama.org.br\/site\/wp-json\/wp\/v2\/comments?post=28592"}],"version-history":[{"count":25,"href":"https:\/\/femama.org.br\/site\/wp-json\/wp\/v2\/pages\/28592\/revisions"}],"predecessor-version":[{"id":28656,"href":"https:\/\/femama.org.br\/site\/wp-json\/wp\/v2\/pages\/28592\/revisions\/28656"}],"wp:attachment":[{"href":"https:\/\/femama.org.br\/site\/wp-json\/wp\/v2\/media?parent=28592"}],"curies":[{"name":"wp","href":"https:\/\/api.w.org\/{rel}","templated":true}]}}